{"id":5,"date":"2011-06-21T08:41:19","date_gmt":"2011-06-21T09:41:19","guid":{"rendered":"http:\/\/santamariaazores.com\/web\/?page_id=5"},"modified":"2012-07-06T19:31:28","modified_gmt":"2012-07-06T20:31:28","slug":"santa-maria","status":"publish","type":"page","link":"http:\/\/santamariaazores.com\/web\/santa-maria\/","title":{"rendered":"Santa Maria"},"content":{"rendered":"<p>A\u00a0<strong>ilha de Santa Maria<\/strong> situa-se no extremo sudeste do\u00a0<a title=\"Arquip\u00e9lago dos A\u00e7ores\" href=\"http:\/\/pt.wikipedia.org\/wiki\/Arquip%C3%A9lago_dos_A%C3%A7ores\">arquip\u00e9lago dos A\u00e7ores<\/a>, de que integra o Grupo Oriental. Tem uma superf\u00edcie de 97,4\u00a0<a title=\"Quil\u00f3metro quadrado\" href=\"http:\/\/pt.wikipedia.org\/wiki\/Quil%C3%B3metro_quadrado\">km\u00b2<\/a> e uma popula\u00e7\u00e3o residente (gent\u00edlico:<em>marienses<\/em>) de 5578 habitantes (2001), distribu\u00edda pelas cinco\u00a0<a title=\"Freguesia\" href=\"http:\/\/pt.wikipedia.org\/wiki\/Freguesia\">freguesias<\/a> que comp\u00f5em o\u00a0<a title=\"Concelho\" href=\"http:\/\/pt.wikipedia.org\/wiki\/Concelho\">concelho<\/a> de\u00a0<a title=\"Vila do Porto\" href=\"http:\/\/pt.wikipedia.org\/wiki\/Vila_do_Porto\">Vila do Porto<\/a>, o \u00fanico da ilha.<\/p>\n<p>Ter\u00e1 sido a primeira ilha dos A\u00e7ores a ser avistada, por volta de\u00a0<a title=\"1427\" href=\"http:\/\/pt.wikipedia.org\/wiki\/1427\">1427<\/a>, pelo navegador portugu\u00eas\u00a0<a title=\"Diogo de Silves\" href=\"http:\/\/pt.wikipedia.org\/wiki\/Diogo_de_Silves\">Diogo de Silves<\/a>. Posteriormentem em Fevereiro de\u00a0<a title=\"1493\" href=\"http:\/\/pt.wikipedia.org\/wiki\/1493\">1493<\/a>,<a title=\"Crist\u00f3v\u00e3o Colombo\" href=\"http:\/\/pt.wikipedia.org\/wiki\/Crist%C3%B3v%C3%A3o_Colombo\">Crist\u00f3v\u00e3o Colombo<\/a> escalou na ilha no regresso da sua primeira viagem \u00e0\u00a0<a title=\"Am\u00e9rica\" href=\"http:\/\/pt.wikipedia.org\/wiki\/Am%C3%A9rica\">Am\u00e9rica<\/a>.<\/p>\n<p>Em nossos dias, o principal pilar de sustenta\u00e7\u00e3o da economia da ilha \u00e9 a actividade<a title=\"Aeron\u00e1utica\" href=\"http:\/\/pt.wikipedia.org\/wiki\/Aeron%C3%A1utica\">aeron\u00e1utica<\/a>, com o\u00a0<a title=\"Aeroporto de Santa Maria (A\u00e7ores)\" href=\"http:\/\/pt.wikipedia.org\/wiki\/Aeroporto_de_Santa_Maria_(A%C3%A7ores)\">Aeroporto de Santa Maria<\/a> e o Centro de Controlo A\u00e9reo do Atl\u00e2ntico, o qual administra a\u00a0<a title=\"FIR Oce\u00e2nica de Santa Maria\" href=\"http:\/\/pt.wikipedia.org\/wiki\/FIR_Oce%C3%A2nica_de_Santa_Maria\">FIR Oce\u00e2nica de Santa Maria<\/a>, uma das maiores e mais importantes\u00a0<a title=\"Regi\u00e3o de informa\u00e7\u00e3o de voo\" href=\"http:\/\/pt.wikipedia.org\/wiki\/Regi%C3%A3o_de_informa%C3%A7%C3%A3o_de_voo\">regi\u00f5es de informa\u00e7\u00e3o de voo<\/a> do mundo.<\/p>\n<p>&nbsp;<\/p>\n<h2>Geografia<\/h2>\n<div>\n<div>\n<p><a href=\"http:\/\/pt.wikipedia.org\/wiki\/Ficheiro:Disj_prism_ribeira_maloes.jpg\"><img decoding=\"async\" loading=\"lazy\" src=\"http:\/\/upload.wikimedia.org\/wikipedia\/commons\/thumb\/9\/9f\/Disj_prism_ribeira_maloes.jpg\/220px-Disj_prism_ribeira_maloes.jpg\" alt=\"\" width=\"220\" height=\"164\" \/><\/a><\/p>\n<div>Panor\u00e2mica da forma\u00e7\u00e3o\u00a0<a title=\"Geologia\" href=\"http:\/\/pt.wikipedia.org\/wiki\/Geologia\">geol\u00f3gica<\/a>(disjun\u00e7\u00e3o prism\u00e1tica) da <a title=\"Geos\u00edtios A\u00e7ores\" href=\"http:\/\/santamariaazores.com\/web\/2011\/07\/14\/ribeira-de-maloas-integra-57-geositios-dos-acores\/\" target=\"_blank\">Ribeira de Malo\u00e1s<\/a>.<\/div>\n<\/div>\n<\/div>\n<div>\n<div>\n<p><a href=\"http:\/\/pt.wikipedia.org\/wiki\/Ficheiro:S_maria_geologia_1.JPG\"><img decoding=\"async\" loading=\"lazy\" src=\"http:\/\/upload.wikimedia.org\/wikipedia\/commons\/thumb\/f\/fc\/S_maria_geologia_1.JPG\/220px-S_maria_geologia_1.JPG\" alt=\"\" width=\"220\" height=\"165\" \/><\/a><\/p>\n<div>Detalhe da forma\u00e7\u00e3o\u00a0<a title=\"Geologia\" href=\"http:\/\/pt.wikipedia.org\/wiki\/Geologia\">geol\u00f3gica<\/a>(almofadas e disjun\u00e7\u00f5es prism\u00e1ticas de\u00a0<a title=\"Basalto\" href=\"http:\/\/pt.wikipedia.org\/wiki\/Basalto\">basalto<\/a>) na ponta do Castelo.<\/div>\n<\/div>\n<\/div>\n<div>\n<div>\n<p><a href=\"http:\/\/pt.wikipedia.org\/wiki\/Ficheiro:S_maria_geologia_2.JPG\"><img decoding=\"async\" loading=\"lazy\" src=\"http:\/\/upload.wikimedia.org\/wikipedia\/commons\/thumb\/c\/c0\/S_maria_geologia_2.JPG\/220px-S_maria_geologia_2.JPG\" alt=\"\" width=\"220\" height=\"165\" \/><\/a><\/p>\n<div>Detalhe da disjun\u00e7\u00e3o prism\u00e1tica na ponta do Castelo.<\/div>\n<\/div>\n<\/div>\n<div>\n<div>\n<p><a href=\"http:\/\/pt.wikipedia.org\/wiki\/Ficheiro:Barreiro_da_faneca_2.JPG\"><img decoding=\"async\" loading=\"lazy\" src=\"http:\/\/upload.wikimedia.org\/wikipedia\/commons\/thumb\/5\/5e\/Barreiro_da_faneca_2.JPG\/220px-Barreiro_da_faneca_2.JPG\" alt=\"\" width=\"220\" height=\"165\" \/><\/a><\/p>\n<div>Aspecto do barreiro da Faneca.<\/div>\n<\/div>\n<\/div>\n<div>\n<div>\n<p><a href=\"http:\/\/pt.wikipedia.org\/wiki\/Ficheiro:S_louren%C3%A7o_055.jpg\"><img decoding=\"async\" loading=\"lazy\" src=\"http:\/\/upload.wikimedia.org\/wikipedia\/commons\/thumb\/5\/57\/S_louren%C3%A7o_055.jpg\/220px-S_louren%C3%A7o_055.jpg\" alt=\"\" width=\"220\" height=\"165\" \/><\/a><\/p>\n<div>Ilh\u00e9u do Romeiro, ba\u00eda de S\u00e3o Louren\u00e7o.<\/div>\n<\/div>\n<\/div>\n<p>Localizada a cerca de 100\u00a0<a title=\"Quil\u00f3metro\" href=\"http:\/\/pt.wikipedia.org\/wiki\/Quil%C3%B3metro\">km<\/a> ao sul da\u00a0<a title=\"Ilha de S\u00e3o Miguel\" href=\"http:\/\/pt.wikipedia.org\/wiki\/Ilha_de_S%C3%A3o_Miguel\">ilha de S\u00e3o Miguel<\/a> e a cerca de 600\u00a0km da\u00a0<a title=\"Ilha das Flores\" href=\"http:\/\/pt.wikipedia.org\/wiki\/Ilha_das_Flores\">ilha das Flores<\/a>, Santa Maria \u00e9 a\u00a0<a title=\"Ilha\" href=\"http:\/\/pt.wikipedia.org\/wiki\/Ilha\">ilha<\/a> mais oriental e a mais meridional do\u00a0<a title=\"Arquip\u00e9lago\" href=\"http:\/\/pt.wikipedia.org\/wiki\/Arquip%C3%A9lago\">arquip\u00e9lago<\/a>. Fica compreendida entre os paralelos 36\u00ba 55&#8242; N e 37\u00ba 01&#8242; N e os meridianos 25\u00ba00&#8242; W e 25\u00ba 11&#8242; W. O seu formato \u00e9 sensivelmente quadrangular e, sendo o comprimento m\u00e1ximo da respectiva diagonal de cerca de 15,5 quil\u00f3metros, entre a ponta do Castelo e a Sudeste e a ponta da Restinga, a Noroeste.<sup id=\"cite_ref-0\"><a href=\"http:\/\/pt.wikipedia.org\/wiki\/Ilha_de_Santa_Maria#cite_note-0\">[1]<\/a><\/sup><\/p>\n<p><a title=\"Geologia\" href=\"http:\/\/pt.wikipedia.org\/wiki\/Geologia\">Geologicamente<\/a> \u00e9 a mais antiga dos A\u00e7ores, com forma\u00e7\u00f5es que ultrapassam os 8,12 milh\u00f5es de anos de idade,<sup id=\"cite_ref-1\"><a href=\"http:\/\/pt.wikipedia.org\/wiki\/Ilha_de_Santa_Maria#cite_note-1\">[2]<\/a><\/sup> sendo por isso a de\u00a0<a title=\"Vulc\u00e3o\" href=\"http:\/\/pt.wikipedia.org\/wiki\/Vulc%C3%A3o\">vulcanismo<\/a> mais remoto. Esta idade comparativamente avan\u00e7ada confere maturidade ao\u00a0<a title=\"Relevo\" href=\"http:\/\/pt.wikipedia.org\/wiki\/Relevo\">relevo<\/a> e explica a presen\u00e7a de extensas forma\u00e7\u00f5es de origem sedimentar onde se podem encontrar\u00a0<a title=\"F\u00f3ssil\" href=\"http:\/\/pt.wikipedia.org\/wiki\/F%C3%B3ssil\">f\u00f3sseis<\/a> marinhos.<sup id=\"cite_ref-2\"><a href=\"http:\/\/pt.wikipedia.org\/wiki\/Ilha_de_Santa_Maria#cite_note-2\">[3]<\/a><\/sup><\/p>\n<p>Embora seja a \u00fanica no arquip\u00e9lago que n\u00e3o apresenta actividade vulc\u00e2nica recente, tamb\u00e9m est\u00e1 sujeita a\u00a0<a title=\"Sismo\" href=\"http:\/\/pt.wikipedia.org\/wiki\/Sismo\">sismicidade<\/a> relativamente elevada dada a sua proximidade ao tro\u00e7o final da\u00a0<a title=\"Falha Gl\u00f3ria (p\u00e1gina n\u00e3o existe)\" href=\"http:\/\/pt.wikipedia.org\/w\/index.php?title=Falha_Gl%C3%B3ria&amp;action=edit&amp;redlink=1\">Falha Gl\u00f3ria<\/a>(zona de fractura A\u00e7ores-Gibraltar). Demonstram-no, por exemplo, os fortes sismos de Novembro de\u00a0<a title=\"1937\" href=\"http:\/\/pt.wikipedia.org\/wiki\/1937\">1937<\/a> e de Maio de\u00a0<a title=\"1939\" href=\"http:\/\/pt.wikipedia.org\/wiki\/1939\">1939<\/a>, e a recente crise s\u00edsmica de Mar\u00e7o de\u00a0<a title=\"2007\" href=\"http:\/\/pt.wikipedia.org\/wiki\/2007\">2007<\/a>.<\/p>\n<p>Com apenas 97,4\u00a0km\u00b2 de \u00e1rea emersa, apresenta forma grosseiramente\u00a0<a title=\"Oval\" href=\"http:\/\/pt.wikipedia.org\/wiki\/Oval\">oval<\/a>, com um<a title=\"Comprimento\" href=\"http:\/\/pt.wikipedia.org\/wiki\/Comprimento\">comprimento<\/a> m\u00e1ximo no sentido noroeste-sudeste de 16,8\u00a0km, a ilha est\u00e1 dividida em duas regi\u00f5es com aspecto geomorfol\u00f3gico nitidamente contrastante:<\/p>\n<ul>\n<li>Uma extensa regi\u00e3o aplanada e baixa, ocupando os dois ter\u00e7os ocidentais da ilha, com uma<a title=\"Altitude\" href=\"http:\/\/pt.wikipedia.org\/wiki\/Altitude\">altitude<\/a> m\u00e1xima de 277\u00a0<a title=\"Metro\" href=\"http:\/\/pt.wikipedia.org\/wiki\/Metro\">metros<\/a> acima do\u00a0<a title=\"N\u00edvel do mar\" href=\"http:\/\/pt.wikipedia.org\/wiki\/N%C3%ADvel_do_mar\">n\u00edvel do mar<\/a> nos Piquinhos, com\u00a0<a title=\"Solo\" href=\"http:\/\/pt.wikipedia.org\/wiki\/Solo\">solos<\/a> <a title=\"Argila\" href=\"http:\/\/pt.wikipedia.org\/wiki\/Argila\">argilosos<\/a>. A baixa altitude n\u00e3o permite a intercep\u00e7\u00e3o da humidade\u00a0<a title=\"Atmosfera\" href=\"http:\/\/pt.wikipedia.org\/wiki\/Atmosfera\">atmosf\u00e9rica<\/a>, gerando um\u00a0<a title=\"Clima\" href=\"http:\/\/pt.wikipedia.org\/wiki\/Clima\">clima<\/a> seco, que d\u00e1 a esta regi\u00e3o da ilha um car\u00e1cter distintamente mediterr\u00e2nico, em forte contraste com o resto do arquip\u00e9lago. No extremo sudoeste desta zona aplainada situa-se\u00a0<a title=\"Vila do Porto\" href=\"http:\/\/pt.wikipedia.org\/wiki\/Vila_do_Porto\">Vila do Porto<\/a>, a maior povoa\u00e7\u00e3o da ilha (com cerca de 65% da popula\u00e7\u00e3o residente) e as freguesias de\u00a0<a title=\"S\u00e3o Pedro (Vila do Porto)\" href=\"http:\/\/pt.wikipedia.org\/wiki\/S%C3%A3o_Pedro_(Vila_do_Porto)\">S\u00e3o Pedro<\/a> e de\u00a0<a title=\"Almagreira\" href=\"http:\/\/pt.wikipedia.org\/wiki\/Almagreira\">Almagreira<\/a>. O\u00a0<a title=\"Aeroporto de Santa Maria (A\u00e7ores)\" href=\"http:\/\/pt.wikipedia.org\/wiki\/Aeroporto_de_Santa_Maria_(A%C3%A7ores)\">aeroporto de Santa Maria<\/a> ocupa toda a faixa litoral oeste da ilha, aproveitando a paisagem naturalmente plana do local e a aus\u00eancia de obst\u00e1culos nas suas zonas de aproxima\u00e7\u00e3o. Na costa sudoeste, na\u00a0<a title=\"Foz\" href=\"http:\/\/pt.wikipedia.org\/wiki\/Foz\">foz<\/a> das duas ribeiras que ali confluem, encontra-se uma profunda\u00a0<a title=\"Enseada\" href=\"http:\/\/pt.wikipedia.org\/wiki\/Enseada\">enseada<\/a> onde se localiza o porto da Vila do Porto. Uma larga\u00a0<a title=\"Ba\u00eda\" href=\"http:\/\/pt.wikipedia.org\/wiki\/Ba%C3%ADa\">ba\u00eda<\/a> a norte, abriga o porto dos Anjos, o povoado mais antigo da ilha, e o local de desembarque dos marinheiros de\u00a0<a title=\"Crist\u00f3v\u00e3o Colombo\" href=\"http:\/\/pt.wikipedia.org\/wiki\/Crist%C3%B3v%C3%A3o_Colombo\">Crist\u00f3v\u00e3o Colombo<\/a>.<\/li>\n<\/ul>\n<ul>\n<li>O ter\u00e7o oriental da ilha \u00e9 constitu\u00eddo por terras altas, muito acidentadas e esculpidas pela<a title=\"Eros\u00e3o\" href=\"http:\/\/pt.wikipedia.org\/wiki\/Eros%C3%A3o\">eros\u00e3o<\/a>. Nesta zona situa-se o ponto mais elevado da ilha, o\u00a0<a title=\"Pico Alto (Vila do Porto)\" href=\"http:\/\/pt.wikipedia.org\/wiki\/Pico_Alto_(Vila_do_Porto)\">Pico Alto<\/a>, com 590 metros de altitude, e os picos das Cavacas (491 m) e Caldeira (481 m). A intercep\u00e7\u00e3o da humidade dos ventos leva \u00e0 forma\u00e7\u00e3o de\u00a0<a title=\"Nuvem\" href=\"http:\/\/pt.wikipedia.org\/wiki\/Nuvem\">nuvens<\/a> orogr\u00e1ficas em torno do pico, propiciando abundante<a title=\"Precipita\u00e7\u00e3o oculta\" href=\"http:\/\/pt.wikipedia.org\/wiki\/Precipita%C3%A7%C3%A3o_oculta\">precipita\u00e7\u00e3o oculta<\/a> e dando \u00e0 \u00e1rea condi\u00e7\u00f5es para a exist\u00eancia de uma\u00a0<a title=\"Vegeta\u00e7\u00e3o\" href=\"http:\/\/pt.wikipedia.org\/wiki\/Vegeta%C3%A7%C3%A3o\">vegeta\u00e7\u00e3o<\/a> rica e de alguma\u00a0<a title=\"Agricultura\" href=\"http:\/\/pt.wikipedia.org\/wiki\/Agricultura\">agricultura<\/a>. Nesta regi\u00e3o situam-se as freguesias de\u00a0<a title=\"Santa B\u00e1rbara (Vila do Porto)\" href=\"http:\/\/pt.wikipedia.org\/wiki\/Santa_B%C3%A1rbara_(Vila_do_Porto)\">Santa B\u00e1rbara<\/a> e de\u00a0<a title=\"Santo Esp\u00edrito\" href=\"http:\/\/pt.wikipedia.org\/wiki\/Santo_Esp%C3%ADrito\">Santo Esp\u00edrito<\/a>, as mais f\u00e9rteis da ilha.<\/li>\n<\/ul>\n<p>A geologia da ilha caracteriza-se pela presen\u00e7a de um substrato\u00a0<a title=\"Basalto\" href=\"http:\/\/pt.wikipedia.org\/wiki\/Basalto\">bas\u00e1ltico<\/a> deformado por fracturas que seguem uma orienta\u00e7\u00e3o preferencial NW-SW, no qual est\u00e1 intercalada uma densa rede<a title=\"Fil\u00e3o\" href=\"http:\/\/pt.wikipedia.org\/wiki\/Fil%C3%A3o\">filoniana<\/a> com a mesma orienta\u00e7\u00e3o. Intercalados nos basaltos encontram-se algumas forma\u00e7\u00f5es de car\u00e1cter traquibas\u00e1ltico. Sobre estes materiais encontram-se extensos dep\u00f3sitos fossil\u00edferos, incrustados em dep\u00f3sitos\u00a0<a title=\"Calc\u00e1rio\" href=\"http:\/\/pt.wikipedia.org\/wiki\/Calc%C3%A1rio\">calc\u00e1rios<\/a> de origem marinha, formados num per\u00edodo de transgress\u00e3o em que o oceano se encontraria a cerca de 40 metros acima do actual\u00a0<a title=\"N\u00edvel m\u00e9dio do mar\" href=\"http:\/\/pt.wikipedia.org\/wiki\/N%C3%ADvel_m%C3%A9dio_do_mar\">n\u00edvel m\u00e9dio do mar<\/a>. A presen\u00e7a destes dep\u00f3sitos, \u00fanicos nos A\u00e7ores, originou na ilha uma ind\u00fastria de extrac\u00e7\u00e3o de calc\u00e1rio e fabrico de\u00a0<a title=\"Cal\" href=\"http:\/\/pt.wikipedia.org\/wiki\/Cal\">cal<\/a>, que atingiu o seu auge no princ\u00edpio do\u00a0<a title=\"S\u00e9culo XX\" href=\"http:\/\/pt.wikipedia.org\/wiki\/S%C3%A9culo_XX\">s\u00e9culo XX<\/a>, encontrando-se extinta.<\/p>\n<p>Os dep\u00f3sitos fossil\u00edferos de Santa Maria despertaram grande interesse da comunidade cient\u00edfica, levando a numerosos estudos\u00a0<a title=\"Paleontologia\" href=\"http:\/\/pt.wikipedia.org\/wiki\/Paleontologia\">paleontol\u00f3gicos<\/a>, desenvolvidos a partir do terceiro quartel do\u00a0<a title=\"S\u00e9culo XIX\" href=\"http:\/\/pt.wikipedia.org\/wiki\/S%C3%A9culo_XIX\">s\u00e9culo XIX<\/a>. Publicaram estudos sobre os f\u00f3sseis da ilha, entre outros,\u00a0<a title=\"Georg Hartung\" href=\"http:\/\/pt.wikipedia.org\/wiki\/Georg_Hartung\">Georg Hartung<\/a> (1860),<sup id=\"cite_ref-3\"><a href=\"http:\/\/pt.wikipedia.org\/wiki\/Ilha_de_Santa_Maria#cite_note-3\">[4]<\/a><\/sup> Reiss (1862),<sup id=\"cite_ref-4\"><a href=\"http:\/\/pt.wikipedia.org\/wiki\/Ilha_de_Santa_Maria#cite_note-4\">[5]<\/a><\/sup> Bronn (1860), Mayer (1864), Friedlander (1929) e\u00a0<a title=\"Jos\u00e9 Agostinho\" href=\"http:\/\/pt.wikipedia.org\/wiki\/Jos%C3%A9_Agostinho\">Jos\u00e9 Agostinho<\/a> (1937). A import\u00e2ncia cient\u00edfica dos dep\u00f3sitos fossil\u00edferos levou \u00e0 cria\u00e7\u00e3o, pelo\u00a0<a href=\"http:\/\/dre.pt\/pdf1s\/2005\/05\/093A00\/33513355.pdf\" rel=\"nofollow\">Decreto Legislativo Regional n.\u00ba 5\/2005\/A, de 13 de Maio<\/a>, da\u00a0<a title=\"Reserva Natural Regional do Figueiral e Prainha (p\u00e1gina n\u00e3o existe)\" href=\"http:\/\/pt.wikipedia.org\/w\/index.php?title=Reserva_Natural_Regional_do_Figueiral_e_Prainha&amp;action=edit&amp;redlink=1\">Reserva Natural Regional do Figueiral e Prainha<\/a>, incluindo o<a title=\"Monumento Natural da Pedreira do Campo (p\u00e1gina n\u00e3o existe)\" href=\"http:\/\/pt.wikipedia.org\/w\/index.php?title=Monumento_Natural_da_Pedreira_do_Campo&amp;action=edit&amp;redlink=1\">Monumento Natural da Pedreira do Campo<\/a>, uma zona de particular interesse geol\u00f3gico.<\/p>\n<p>A regi\u00e3o ocidental da ilha est\u00e1 recoberta por um solo\u00a0<a title=\"Argila\" href=\"http:\/\/pt.wikipedia.org\/wiki\/Argila\">argiloso<\/a> de cor avermelhada, resultante da profunda altera\u00e7\u00e3o de\u00a0<a title=\"Piroclasto\" href=\"http:\/\/pt.wikipedia.org\/wiki\/Piroclasto\">piroclastos<\/a> de idade\u00a0<a title=\"Plioceno\" href=\"http:\/\/pt.wikipedia.org\/wiki\/Plioceno\">plioc\u00e9nica<\/a>, formados quando o clima da ilha era muito mais quente e h\u00famido do que o actual e o n\u00edvel m\u00e9dio do mar se situaria cerca de 100 metros abaixo do actual.<sup id=\"cite_ref-5\"><a href=\"http:\/\/pt.wikipedia.org\/wiki\/Ilha_de_Santa_Maria#cite_note-5\">[6]<\/a><\/sup> Nas imedia\u00e7\u00f5es de Vila do Porto, aparecem espessos dep\u00f3sitos de\u00a0<a title=\"Barro\" href=\"http:\/\/pt.wikipedia.org\/wiki\/Barro\">barro<\/a>vermelho que deram origem a uma importante ind\u00fastria de\u00a0<a title=\"Olaria\" href=\"http:\/\/pt.wikipedia.org\/wiki\/Olaria\">olaria<\/a>, hoje desaparecida, e \u00e0 exporta\u00e7\u00e3o de bolas de barro para\u00a0<a title=\"Vila Franca do Campo\" href=\"http:\/\/pt.wikipedia.org\/wiki\/Vila_Franca_do_Campo\">Vila Franca do Campo<\/a> e\u00a0<a title=\"Lagoa (A\u00e7ores)\" href=\"http:\/\/pt.wikipedia.org\/wiki\/Lagoa_(A%C3%A7ores)\">Lagoa<\/a>, constituindo assim a principal mat\u00e9ria-prima da olaria tradicional micaelense.<\/p>\n<p>A costa da ilha \u00e9 em geral escarpada, atingindo os 340 metros de altura nas arribas do lugar da Rocha Alta. A ilha tem um conjunto de pontas muito pronunciadas (Ponta do Marv\u00e3o, Ponta do Castelo e Ponta do Norte), demarcando algumas ba\u00edas abrigadas onde aparecem praias de areias brancas (<a title=\"Reserva Natural da Ba\u00eda de S\u00e3o Louren\u00e7o\" href=\"http:\/\/pt.wikipedia.org\/wiki\/Reserva_Natural_da_Ba%C3%ADa_de_S%C3%A3o_Louren%C3%A7o\">Ba\u00eda de S\u00e3o Louren\u00e7o<\/a> e\u00a0<a title=\"Praia Formosa\" href=\"http:\/\/pt.wikipedia.org\/wiki\/Praia_Formosa\">Praia Formosa<\/a>). Ao longo das costas de Santa Maria existem alguns ilh\u00e9us e rochedos de dimens\u00e3o apreci\u00e1vel, com destaque para o ilh\u00e9u do Romeiro (S\u00e3o Louren\u00e7o), o ilh\u00e9u da Vila e o ilh\u00e9u das Lago\u00ednhas.<\/p>\n<p>Dada \u00e0 sua baixa altitude, vegeta\u00e7\u00e3o menos abundante e sua localiza\u00e7\u00e3o a Suste do arquip\u00e9lago, a maior dist\u00e2ncia dos centros de baixa press\u00e3o que se deslocam nesta regi\u00e3o do oceano Atl\u00e2ntico, &#8211; em geral de Sudeste para Nordeste, e determinantes da quase totalidade da precipita\u00e7\u00e3o nas ilhas a\u00e7orianas -, a ilha tem um\u00a0<a title=\"Clima oce\u00e2nico\" href=\"http:\/\/pt.wikipedia.org\/wiki\/Clima_oce%C3%A2nico\">clima oce\u00e2nico<\/a> menos acentuado do que as demais ilhas do arquip\u00e9lago, ameno e com grande\u00a0<a title=\"Insola\u00e7\u00e3o\" href=\"http:\/\/pt.wikipedia.org\/wiki\/Insola%C3%A7%C3%A3o\">insola\u00e7\u00e3o<\/a>, aproximando-se das caracter\u00edsticas do\u00a0<a title=\"Clima mediterr\u00e2nico\" href=\"http:\/\/pt.wikipedia.org\/wiki\/Clima_mediterr%C3%A2nico\">clima mediterr\u00e2nico<\/a>, com um\u00a0<a title=\"Ver\u00e3o\" href=\"http:\/\/pt.wikipedia.org\/wiki\/Ver%C3%A3o\">Ver\u00e3o<\/a> seco e quente, bem marcado, e um\u00a0<a title=\"Inverno\" href=\"http:\/\/pt.wikipedia.org\/wiki\/Inverno\">Inverno<\/a>suave e pouco chuvoso. As temperaturas m\u00e9dias do ar oscilam entre os 14\u00a0\u00b0C e os 22\u00a0\u00b0C.<\/p>\n<p>O povoamento \u00e9 disperso, com as casas espalhadas por toda a ilha, formando pequenos n\u00facleos ao longo das zonas mais ricas em \u00e1gua da parte ocidental e aninhadas nos vales da parte oriental. O maior povoado \u00e9 Vila do Porto, \u00e0 qual est\u00e1 ligado o complexo habitacional e c\u00edvico que nasceu em torno do aeroporto, restos da estrutura urbana da antiga base a\u00e9rea americana dos tempos da\u00a0<a title=\"Segunda Guerra Mundial\" href=\"http:\/\/pt.wikipedia.org\/wiki\/Segunda_Guerra_Mundial\">Segunda Guerra Mundial<\/a>. A habita\u00e7\u00e3o tradicional \u00e9 em\u00a0<a title=\"Alvenaria\" href=\"http:\/\/pt.wikipedia.org\/wiki\/Alvenaria\">alvenaria<\/a> de pedra, com rebocos pintados de branco, barras coloridas em torno das\u00a0<a title=\"Porta\" href=\"http:\/\/pt.wikipedia.org\/wiki\/Porta\">portas<\/a> e\u00a0<a title=\"Janela\" href=\"http:\/\/pt.wikipedia.org\/wiki\/Janela\">janelas<\/a> e grandes\u00a0<a title=\"Chamin\u00e9\" href=\"http:\/\/pt.wikipedia.org\/wiki\/Chamin%C3%A9\">chamin\u00e9s<\/a> cil\u00edndricas, fazendo lembrar as casas\u00a0<a title=\"Alentejo\" href=\"http:\/\/pt.wikipedia.org\/wiki\/Alentejo\">alentejanas<\/a> e\u00a0<a title=\"Algarve\" href=\"http:\/\/pt.wikipedia.org\/wiki\/Algarve\">algarvias<\/a>.<\/p>\n<p>O relevo e a riqueza de contrastes entre a terra e o mar, a que se associa o equil\u00edbrio\u00a0<a title=\"Arquitectura\" href=\"http:\/\/pt.wikipedia.org\/wiki\/Arquitectura\">arquitect\u00f3nico<\/a> dos povoados, conferem grande beleza \u00e0 paisagem mariense.<\/p>\n<p>O territ\u00f3rio da ilha constitui um \u00fanico concelho, o de\u00a0<a title=\"Vila do Porto\" href=\"http:\/\/pt.wikipedia.org\/wiki\/Vila_do_Porto\">Vila do Porto<\/a>, com uma popula\u00e7\u00e3o residente de 5\u00a0578 habitantes (2001), dividido em cinco freguesias:<\/p>\n<ul>\n<li><a title=\"Vila do Porto (freguesia)\" href=\"http:\/\/pt.wikipedia.org\/wiki\/Vila_do_Porto_(freguesia)\">Vila do Porto<\/a>, incluindo o Aeroporto e os lugares de Anjos e Rosa Alta, com 2\u00a0997 habitantes (2001);<\/li>\n<li><a title=\"S\u00e3o Pedro (Vila do Porto)\" href=\"http:\/\/pt.wikipedia.org\/wiki\/S%C3%A3o_Pedro_(Vila_do_Porto)\">S\u00e3o Pedro<\/a>, com 841 habitantes (2001);<\/li>\n<li><a title=\"Almagreira (Vila do Porto)\" href=\"http:\/\/pt.wikipedia.org\/wiki\/Almagreira_(Vila_do_Porto)\">Almagreira<\/a>, com 537 habitantes (2001);<\/li>\n<li><a title=\"Santo Esp\u00edrito\" href=\"http:\/\/pt.wikipedia.org\/wiki\/Santo_Esp%C3%ADrito\">Santo Esp\u00edrito<\/a>, com 723 habitantes (2001);<\/li>\n<li><a title=\"Santa B\u00e1rbara (Vila do Porto)\" href=\"http:\/\/pt.wikipedia.org\/wiki\/Santa_B%C3%A1rbara_(Vila_do_Porto)\">Santa B\u00e1rbara<\/a>, com 480 habitantes (2001).<\/li>\n<\/ul>\n<h2>Hist\u00f3ria<\/h2>\n<h3>Antecedentes<\/h3>\n<dl>\n<dd>\n<div><img decoding=\"async\" loading=\"lazy\" src=\"http:\/\/upload.wikimedia.org\/wikipedia\/commons\/thumb\/e\/ef\/Crystal_Clear_app_xmag.png\/17px-Crystal_Clear_app_xmag.png\" alt=\"\" width=\"17\" height=\"17\" \/>Ver artigo principal:\u00a0<a title=\"Hist\u00f3ria dos A\u00e7ores\" href=\"http:\/\/pt.wikipedia.org\/wiki\/Hist%C3%B3ria_dos_A%C3%A7ores\">Hist\u00f3ria dos A\u00e7ores<\/a><\/div>\n<\/dd>\n<\/dl>\n<h3>A descoberta, denomina\u00e7\u00e3o e povoamento inicial da ilha<\/h3>\n<div>\n<div>\n<p><a href=\"http:\/\/pt.wikipedia.org\/wiki\/Ficheiro:Mon_desc_s_maria.JPG\"><img decoding=\"async\" loading=\"lazy\" src=\"http:\/\/upload.wikimedia.org\/wikipedia\/commons\/thumb\/c\/cb\/Mon_desc_s_maria.JPG\/220px-Mon_desc_s_maria.JPG\" alt=\"\" width=\"220\" height=\"293\" \/><\/a><\/p>\n<div>Monumento comemorativo do V Centen\u00e1rio da descoberta dos A\u00e7ores, inaugurado em\u00a0<a title=\"15 de Agosto\" href=\"http:\/\/pt.wikipedia.org\/wiki\/15_de_Agosto\">15 de Agosto<\/a> de\u00a0<a title=\"1932\" href=\"http:\/\/pt.wikipedia.org\/wiki\/1932\">1932<\/a>, em Vila do Porto. Posteriormente, em\u00a0<a title=\"11 de Julho\" href=\"http:\/\/pt.wikipedia.org\/wiki\/11_de_Julho\">11 de Julho<\/a> de\u00a0<a title=\"1960\" href=\"http:\/\/pt.wikipedia.org\/wiki\/1960\">1960<\/a>, colocou-se-lhe uma Palma de Bronze, s\u00edmbolo das comemora\u00e7\u00f5es henriquinas.<\/div>\n<\/div>\n<\/div>\n<div>\n<div>\n<p><a href=\"http:\/\/pt.wikipedia.org\/wiki\/Ficheiro:Convento_de_cristo_tomar.jpg\"><img decoding=\"async\" loading=\"lazy\" src=\"http:\/\/upload.wikimedia.org\/wikipedia\/commons\/thumb\/5\/58\/Convento_de_cristo_tomar.jpg\/220px-Convento_de_cristo_tomar.jpg\" alt=\"\" width=\"220\" height=\"294\" \/><\/a><\/p>\n<div>Convento de Cristo, Tomar: sede da Ordem da Cristo, a cujos quadros pertencia Gon\u00e7alo Velho.<\/div>\n<\/div>\n<\/div>\n<p>N\u00e3o estando identificada a sequ\u00eancia ou a cronologia do descobrimento das ilhas por\u00a0<a title=\"Diogo de Silves\" href=\"http:\/\/pt.wikipedia.org\/wiki\/Diogo_de_Silves\">Diogo de Silves<\/a> em\u00a0<a title=\"1427\" href=\"http:\/\/pt.wikipedia.org\/wiki\/1427\">1427<\/a>, a\u00a0<a title=\"Historiografia\" href=\"http:\/\/pt.wikipedia.org\/wiki\/Historiografia\">historiografia<\/a> cl\u00e1ssica em\u00a0<a title=\"Hist\u00f3ria dos A\u00e7ores\" href=\"http:\/\/pt.wikipedia.org\/wiki\/Hist%C3%B3ria_dos_A%C3%A7ores\">Hist\u00f3ria dos A\u00e7ores<\/a> refere que, no\u00a0<a title=\"Ver\u00e3o\" href=\"http:\/\/pt.wikipedia.org\/wiki\/Ver%C3%A3o\">Ver\u00e3o<\/a> de\u00a0<a title=\"1431\" href=\"http:\/\/pt.wikipedia.org\/wiki\/1431\">1431<\/a><a title=\"Gon\u00e7alo Velho Cabral\" href=\"http:\/\/pt.wikipedia.org\/wiki\/Gon%C3%A7alo_Velho_Cabral\">Gon\u00e7alo Velho Cabral<\/a> ter\u00e1 descoberto os\u00a0<a title=\"Ilh\u00e9us das Formigas\" href=\"http:\/\/pt.wikipedia.org\/wiki\/Ilh%C3%A9us_das_Formigas\">ilh\u00e9us das Formigas<\/a> e, no ano seguinte (<a title=\"1432\" href=\"http:\/\/pt.wikipedia.org\/wiki\/1432\">1432<\/a>) as ilhas de Santa Maria e de\u00a0<a title=\"Ilha de S\u00e3o Miguel\" href=\"http:\/\/pt.wikipedia.org\/wiki\/Ilha_de_S%C3%A3o_Miguel\">S\u00e3o Miguel<\/a>:<\/p>\n<dl>\n<dd>&#8220;<em>Pelas informa\u00e7\u00f5es e not\u00edcia que o\u00a0<a title=\"Infante D. Henrique\" href=\"http:\/\/pt.wikipedia.org\/wiki\/Infante_D._Henrique\">Infante D. Henrique<\/a> tinha destas ilhas dos A\u00e7ores, tendo o dito Infante em sua casa um nobre e esfor\u00e7ado cavaleiro, chamado Frei Gon\u00e7alo Velho Cabral, comendador do\u00a0<a title=\"Castelo de Almourol\" href=\"http:\/\/pt.wikipedia.org\/wiki\/Castelo_de_Almourol\">Castelo de Almourol<\/a>, que est\u00e1 sobre o\u00a0<a title=\"Rio Tejo\" href=\"http:\/\/pt.wikipedia.org\/wiki\/Rio_Tejo\">rio Tejo<\/a>, o mandou descobrir destas ilhas dos A\u00e7ores a ilha de Santa Maria.<\/em>&#8220;<sup id=\"cite_ref-6\"><a href=\"http:\/\/pt.wikipedia.org\/wiki\/Ilha_de_Santa_Maria#cite_note-6\">[7]<\/a><\/sup><\/dd>\n<\/dl>\n<p>O dia, m\u00eas e ano do descobrimento s\u00e3o referidos, do mesmo modo:<\/p>\n<dl>\n<dd>&#8220;<em>Vindo a estas Formigas, Frei Gon\u00e7alo Velho no novo descobrimento (\u2026), n\u00e3o achando a Ilha fructuosa e fresca, sen\u00e3o est\u00e9reis e feios penedos, cuidando e suspeitando ele e a sua companhia que o Infante seu senhor se enganara, julgando aquela pobre penedia uma rica ilha, se tornaram desgostosos ao\u00a0<a title=\"Algarve\" href=\"http:\/\/pt.wikipedia.org\/wiki\/Algarve\">Algarve<\/a>, donde partiram (\u2026) e dando esta nova ao Infante D. Henrique, juntamente dizendo seu parecer, que n\u00e3o havia por este mar outras terras (\u2026). Como na alta mente do Infante estava posta e entendida outra cousa (\u2026) no ano seguinte [(1432)] tornou [o Infante] com rogos e com promessas (como alguns dizem) a mandar o mesmo Frei Gon\u00e7alo Velho a descobrir o que dantes n\u00e3o achara, dando-lhe por Regimento que passasse avante das Formigas. O qual Gon\u00e7alo Velho, tornando a fazer esta viagem (\u2026) houve vista da ilha no dia da Assun\u00e7\u00e3o de Nossa Senhora, quinze dias d&#8217;Agosto do anno do Senhor, uns dizem de\u00a0<a title=\"1430\" href=\"http:\/\/pt.wikipedia.org\/wiki\/1430\">1430<\/a>, outros de\u00a0<a title=\"1456\" href=\"http:\/\/pt.wikipedia.org\/wiki\/1456\">1456<\/a>; mas isto n\u00e3o pode ser porque comumentte se disse e afirmou sempre, e assim se acha em algumas lembran\u00e7as de homens graves desta ilha de S. Miguel, que foi achada depois da Ilha de Santa Maria ser descoberta doze anos, e se achou na era de 1444, como depois direi tratando dela; pois se esta Ilha de S. Miguel se nesta era de 444 e a Ilha de Santa Maria foi achada primeiro que ela doze anos, como todos dizem, e nunca caiu isto na mem\u00f3ria dos homens, quem de 1444 tira doze ficam 1432, que \u00e9 o ano em que se achou a Ilha de Santa Maria.<\/em>&#8221; (Gaspar Frutuoso.\u00a0<em>Saudades da Terra<\/em>, livro III, p. 2-6).<\/dd>\n<\/dl>\n<p>Mais pr\u00f3ximo da \u00e9poca da descoberta, o cronista\u00a0<a title=\"Diogo Gomes\" href=\"http:\/\/pt.wikipedia.org\/wiki\/Diogo_Gomes\">Diogo Gomes de Sintra<\/a>, em\u00a0<a title=\"1460\" href=\"http:\/\/pt.wikipedia.org\/wiki\/1460\">1460<\/a>, referiu a ilha simplesmente como\u00a0<strong>Ilha de Gon\u00e7alo Velho<\/strong> (&#8220;<em>De inventione insularum de A\u00e7ores<\/em>&#8220;, no<a title=\"Manuscrito Valentim Fernandes\" href=\"http:\/\/pt.wikipedia.org\/wiki\/Manuscrito_Valentim_Fernandes\">Manuscrito Valentim Fernandes<\/a>):<\/p>\n<dl>\n<dd>&#8220;<em>A mais chegada ylha dos A\u00e7ores se chama Sancta Maria he ylha pequena e redonda. E tem huas baixas quasi em meo que se cham\u00f5 as\u00a0<a title=\"Ilh\u00e9us das Formigas\" href=\"http:\/\/pt.wikipedia.org\/wiki\/Ilh%C3%A9us_das_Formigas\">Formigas<\/a> por q s\u00f5 oyto bicos penedos sobre agoa.<\/em><\/dd>\n<\/dl>\n<dl>\n<dd><em>Jaz esta ylha norte sull c\u00f5 a ylha de S\u00e3 Miguel e ha no traues 12 legoas e as Formigas quasi no meo.<\/em><\/dd>\n<\/dl>\n<dl>\n<dd><em>Anno de 1444 m\u00e3dou ho Iff\u00e3te Dom Anrrique por capit\u00e3 huu caualleyro chamado Gon\u00e7alo Velho com\u00eadador da Ord\u00ea de Christus a pouorar esta ylha e outras, e pos a esta seu nome. s. ylha de Gon\u00e7alo Velho e despois da sua morte lhe poser\u00f5 nome ylha de Sancta Maria. Este capit\u00e3 lan\u00e7ou nella porcos e vacas e ouelhas e cabras. E viueo nesta ylha alguns \u00e3nos.<\/em>&#8220;<sup id=\"cite_ref-7\"><a href=\"http:\/\/pt.wikipedia.org\/wiki\/Ilha_de_Santa_Maria#cite_note-7\">[8]<\/a><\/sup><\/dd>\n<\/dl>\n<p>O arranque oficial da coloniza\u00e7\u00e3o do arquip\u00e9lago foi determinado por carta r\u00e9gia de\u00a0<a title=\"Pedro, Infante de Portugal\" href=\"http:\/\/pt.wikipedia.org\/wiki\/Pedro,_Infante_de_Portugal\">D. Pedro<\/a> (regente durante a menoridade de\u00a0<a title=\"Afonso V de Portugal\" href=\"http:\/\/pt.wikipedia.org\/wiki\/Afonso_V_de_Portugal\">D. Afonso V<\/a>) passada em\u00a0<a title=\"2 de Julho\" href=\"http:\/\/pt.wikipedia.org\/wiki\/2_de_Julho\">2 de Julho<\/a> de\u00a0<a title=\"1439\" href=\"http:\/\/pt.wikipedia.org\/wiki\/1439\">1439<\/a>, ao mesmo Gon\u00e7alo Velho, que deveria povoar as sete ilhas ent\u00e3o conhecidas, onde j\u00e1 anteriormente mandara lan\u00e7ar gado:<\/p>\n<dl>\n<dd>&#8220;<em>A quantos esta carta virem fazemos saber que o infante D. Henrique, meu tio, nos enviou dizer que ele mandara lan\u00e7ar\u00a0<a title=\"Ovelha\" href=\"http:\/\/pt.wikipedia.org\/wiki\/Ovelha\">ovelhas<\/a> nas sete ilhas dos A\u00e7ores e que, se nos aprouvesse, que as mandaria povoar. E porque a n\u00f3s isso apraz, lhe damos lugar e licen\u00e7a que as mande povoar.<\/em>&#8220;<sup id=\"cite_ref-8\"><a href=\"http:\/\/pt.wikipedia.org\/wiki\/Ilha_de_Santa_Maria#cite_note-8\">[9]<\/a><\/sup><\/dd>\n<\/dl>\n<p>O povoamento iniciou-se naquele mesmo ano pela ilha de Santa Maria, seguida pela de S\u00e3o Miguel, com fam\u00edlias oriundas do\u00a0<a title=\"Alentejo\" href=\"http:\/\/pt.wikipedia.org\/wiki\/Alentejo\">Alentejo<\/a> e do<a title=\"Algarve\" href=\"http:\/\/pt.wikipedia.org\/wiki\/Algarve\">Algarve<\/a>. Contaria ainda com portugueses de outras partes do reino, assim como\u00a0<a title=\"Isl\u00e3o\" href=\"http:\/\/pt.wikipedia.org\/wiki\/Isl%C3%A3o\">mouros<\/a>,\u00a0<a title=\"Juda\u00edsmo\" href=\"http:\/\/pt.wikipedia.org\/wiki\/Juda%C3%ADsmo\">judeus<\/a> e tamb\u00e9m\u00a0<a title=\"Pa\u00edses Baixos\" href=\"http:\/\/pt.wikipedia.org\/wiki\/Pa%C3%ADses_Baixos\">flamengos<\/a>, estes \u00faltimos por influ\u00eancia de\u00a0<a title=\"Isabel de Portugal, Duquesa da Borgonha\" href=\"http:\/\/pt.wikipedia.org\/wiki\/Isabel_de_Portugal,_Duquesa_da_Borgonha\">D. Isabel<\/a> (esposa de\u00a0<a title=\"Filipe III, Duque de Borgonha\" href=\"http:\/\/pt.wikipedia.org\/wiki\/Filipe_III,_Duque_de_Borgonha\">Filipe III, Duque de Borgonha<\/a> e\u00a0<a title=\"Conde de Flandres\" href=\"http:\/\/pt.wikipedia.org\/wiki\/Conde_de_Flandres\">condessa de Flandres<\/a>), irm\u00e3 do infante D. Henrique.<\/p>\n<p>Para incentiv\u00e1-lo, a carta de\u00a0<a title=\"5 de Abril\" href=\"http:\/\/pt.wikipedia.org\/wiki\/5_de_Abril\">5 de Abril<\/a> de\u00a0<a title=\"1443\" href=\"http:\/\/pt.wikipedia.org\/wiki\/1443\">1443<\/a> concedeu a Gon\u00e7alo Velho, comendador do arquip\u00e9lago, e aos moradores e povoadores das ilhas a isen\u00e7\u00e3o do pagamento da d\u00edzima e portagens &#8220;<em>de todas as coisas que delas trouxerem ao reino<\/em>&#8220;.<\/p>\n<p>Quanto ao local do primeiro povoamento, a vers\u00e3o mais aceite \u00e9 a de que ter\u00e1 ocorrido &#8220;<em>(\u2026) da banda Oeste, em uma curta praia de uma abra que se faz entre a ponta de terra, que se chama a praia dos Lobos e outra ponta que se chama o Cabrestante.<\/em>&#8220;,<sup id=\"cite_ref-9\"><a href=\"http:\/\/pt.wikipedia.org\/wiki\/Ilha_de_Santa_Maria#cite_note-9\">[10]<\/a><\/sup> junto da ribeira do Capit\u00e3o<sup id=\"cite_ref-10\"><a href=\"http:\/\/pt.wikipedia.org\/wiki\/Ilha_de_Santa_Maria#cite_note-10\">[11]<\/a><\/sup> (hoje ribeira de Santana), numa lomba onde se abriram covas de guardar\u00a0<a title=\"Trigo\" href=\"http:\/\/pt.wikipedia.org\/wiki\/Trigo\">trigo<\/a>. Por outro lado, Frei\u00a0<a title=\"Agostinho de Monte Alverne\" href=\"http:\/\/pt.wikipedia.org\/wiki\/Agostinho_de_Monte_Alverne\">Agostinho de Monte Alverne<\/a>referiu que esse primeiro desembarque de colonos se teria dado na ponta do Marv\u00e3o, a pequena dist\u00e2ncia da atual Vila do Porto\u00a0<sup id=\"cite_ref-11\"><a href=\"http:\/\/pt.wikipedia.org\/wiki\/Ilha_de_Santa_Maria#cite_note-11\">[12]<\/a><\/sup> e depois em S\u00e3o Miguel (<a title=\"1444\" href=\"http:\/\/pt.wikipedia.org\/wiki\/1444\">1444<\/a>).<\/p>\n<p>Nesta primeira povoa\u00e7\u00e3o ter\u00e1 sido erguida ainda uma igreja cuja invoca\u00e7\u00e3o a tradi\u00e7\u00e3o n\u00e3o guardou. Com os povoadores vieram frades franciscanos que, j\u00e1 em\u00a0<a title=\"1446\" href=\"http:\/\/pt.wikipedia.org\/wiki\/1446\">1446<\/a> tinham um pequeno orat\u00f3rio com observ\u00e2ncia, obtendo licen\u00e7a da Santa S\u00e9 Apost\u00f3lica por bula do\u00a0<a title=\"Papa Nicolau V\" href=\"http:\/\/pt.wikipedia.org\/wiki\/Papa_Nicolau_V\">papa Nicolau V<\/a>, de\u00a0<a title=\"28 de abril\" href=\"http:\/\/pt.wikipedia.org\/wiki\/28_de_abril\">28 de abril<\/a> de\u00a0<a title=\"1450\" href=\"http:\/\/pt.wikipedia.org\/wiki\/1450\">1450<\/a>. Dos nomes desses primitivos povoadores guardaram-se os de Gon\u00e7alo Anes de Semaden\u00e7a, Nuno Velho e Pedro Velho (sobrinhos de Gon\u00e7alo Velho e filhos de Diogo Gon\u00e7alves de Travassos e de D. Maria \u00c1lvares Cabral, irm\u00e3 do descobridor), Pedro \u00c1lvares de Sernache (filho ou neto de \u00c1lvaro Anes de Sernache?), Estev\u00e3o Lopes, e mestre Ant\u00f3nio Catal\u00e3o, pai de Genes e de Francisco Curvelo Catal\u00e3o, que veio para as ilhas ensinar o cultivo e a ind\u00fastria das\u00a0<a title=\"Cana-de-a\u00e7\u00facar\" href=\"http:\/\/pt.wikipedia.org\/wiki\/Cana-de-a%C3%A7%C3%BAcar\">canas de a\u00e7\u00facar<\/a>.<\/p>\n<p>Novas levas significativas de povoadores para a ilha registaram-se, ainda no\u00a0<a title=\"S\u00e9culo XV\" href=\"http:\/\/pt.wikipedia.org\/wiki\/S%C3%A9culo_XV\">s\u00e9culo XV<\/a>, entre\u00a0<a title=\"1443\" href=\"http:\/\/pt.wikipedia.org\/wiki\/1443\">1443<\/a> e\u00a0<a title=\"1445\" href=\"http:\/\/pt.wikipedia.org\/wiki\/1445\">1445<\/a> e no ano de\u00a0<a title=\"1474\" href=\"http:\/\/pt.wikipedia.org\/wiki\/1474\">1474<\/a>. \u00c9 seguro que estes primeiros povoadores foram portugueses oriundos principalmente do\u00a0<a title=\"Baixo Alentejo (prov\u00edncia)\" href=\"http:\/\/pt.wikipedia.org\/wiki\/Baixo_Alentejo_(prov%C3%ADncia)\">Baixo Alentejo<\/a>. A\u00a0<a title=\"Patron\u00edmica\" href=\"http:\/\/pt.wikipedia.org\/wiki\/Patron%C3%ADmica\">patron\u00edmica<\/a> das fam\u00edlias marienses, a<a title=\"Arquitectura\" href=\"http:\/\/pt.wikipedia.org\/wiki\/Arquitectura\">arquitectura<\/a> e a estrutura do povoamento, embora este ditado pela\u00a0<a title=\"Topografia\" href=\"http:\/\/pt.wikipedia.org\/wiki\/Topografia\">topografia<\/a>, parecem confirmar esta tese. Tamb\u00e9m \u00e9 seguro que Vila do Porto foi a primeira vila a\u00e7oriana a receber\u00a0<a title=\"Foral\" href=\"http:\/\/pt.wikipedia.org\/wiki\/Foral\">Carta de Foral<\/a>, o qual data de\u00a0<a title=\"1470\" href=\"http:\/\/pt.wikipedia.org\/wiki\/1470\">1470<\/a>, constituindo-se no primeiro\u00a0<a title=\"Munic\u00edpio\" href=\"http:\/\/pt.wikipedia.org\/wiki\/Munic%C3%ADpio\">munic\u00edpio<\/a> dos A\u00e7ores.<\/p>\n<p>Grandes parcelas da floresta nativa foram derrubadas para dar lugar a terras agr\u00edcolas, nomeadamente na grande plan\u00edcie ocidental (onde se localiza hoje o Aeroporto), para o plantio do trigo, exportado para o continente e para as pra\u00e7as portuguesas no Norte d&#8217;\u00c1frica. Em paralelo, desenvolveu-se a horticultura, a fruticultura (figueiras, macieiras, marmeleiros, amoreiras e outras), enquanto que a vinha encontrava abrigo nas faj\u00e3s \u00e0 beira mar, nos lugares de S\u00e3o Louren\u00e7o, da Maia, no Castelo, no Sul, na Rocha alta, em Larache, na Praia e outros.<\/p>\n<p>No\u00a0<a title=\"S\u00e9culo XVI\" href=\"http:\/\/pt.wikipedia.org\/wiki\/S%C3%A9culo_XVI\">s\u00e9culo XVI<\/a>, Santa Maria j\u00e1 se dividia em tr\u00eas freguesias: Nossa Senhora da Assun\u00e7\u00e3o (Vila do Porto), Santa B\u00e1rbara e Santo Esp\u00edrito, rendendo anualmente cerca de 2.500 cruzados, na forma de\u00a0<a title=\"Siza\" href=\"http:\/\/pt.wikipedia.org\/wiki\/Siza\">sizas<\/a>, d\u00edzimos e vintenas. Inicia-se a extra\u00e7\u00e3o do\u00a0<a title=\"Barro\" href=\"http:\/\/pt.wikipedia.org\/wiki\/Barro\">barro<\/a> e a produ\u00e7\u00e3o de\u00a0<a title=\"Cal\" href=\"http:\/\/pt.wikipedia.org\/wiki\/Cal\">cal<\/a>,<a title=\"Lou\u00e7a\" href=\"http:\/\/pt.wikipedia.org\/wiki\/Lou%C3%A7a\">lou\u00e7a<\/a> e\u00a0<a title=\"Telha\" href=\"http:\/\/pt.wikipedia.org\/wiki\/Telha\">telha<\/a>, exportados para as demais ilhas do arquip\u00e9lago, conforme o testemunho de\u00a0<a title=\"Gaspar Frutuoso\" href=\"http:\/\/pt.wikipedia.org\/wiki\/Gaspar_Frutuoso\">Gaspar Frutuoso<\/a>:<\/p>\n<dl>\n<dd>&#8220;<em>&#8230;h\u00e1 nesta ilha barro de que se faz lou\u00e7a vermelha, sem necessidade da de fora, e telha muito boa, que para al\u00e9m de bastar para a terra, se traz para esta ilha de S. Miguel muita dela. Tem tamb\u00e9m nela pedra de cal, e nela se faz n\u00e3o t\u00e3o alva nem forte como a de Portugal e vale a seiscentos r\u00e9is o\u00a0<a title=\"Moio\" href=\"http:\/\/pt.wikipedia.org\/wiki\/Moio\">moio<\/a>, pelo pre\u00e7o mais caro. Tamb\u00e9m h\u00e1\u00a0<a title=\"Greda\" href=\"http:\/\/pt.wikipedia.org\/wiki\/Greda\">greda<\/a>,\u00a0<a title=\"Cr\u00e9\" href=\"http:\/\/pt.wikipedia.org\/wiki\/Cr%C3%A9\">cr\u00e9<\/a>,\u00a0<a title=\"Almagre\" href=\"http:\/\/pt.wikipedia.org\/wiki\/Almagre\">almagra<\/a> e\u00a0<a title=\"Areia\" href=\"http:\/\/pt.wikipedia.org\/wiki\/Areia\">areia<\/a> branca com que se costuma arear e lavar o\u00a0<a title=\"Estanho\" href=\"http:\/\/pt.wikipedia.org\/wiki\/Estanho\">estanho<\/a>.<\/em>&#8221; (Saudades da Terra).<\/dd>\n<\/dl>\n<p>\u00c9 testemunho desta prosperidade a exist\u00eancia, desde meados do s\u00e9culo, de\u00a0<a title=\"Santa Casa de Miseric\u00f3rdia\" href=\"http:\/\/pt.wikipedia.org\/wiki\/Santa_Casa_de_Miseric%C3%B3rdia\">Santa Casa de Miseric\u00f3rdia<\/a>, estabelecida em Vila do Porto.<\/p>\n<p>Durante a grande fome de\u00a0<a title=\"1579\" href=\"http:\/\/pt.wikipedia.org\/wiki\/1579\">1579<\/a> partiram de Santa Maria emigrantes em dire\u00e7\u00e3o ao\u00a0<a title=\"Brasil\" href=\"http:\/\/pt.wikipedia.org\/wiki\/Brasil\">Brasil<\/a>.<\/p>\n<dl>\n<dd>\n<div><img decoding=\"async\" loading=\"lazy\" src=\"http:\/\/upload.wikimedia.org\/wikipedia\/commons\/thumb\/e\/ef\/Crystal_Clear_app_xmag.png\/17px-Crystal_Clear_app_xmag.png\" alt=\"\" width=\"17\" height=\"17\" \/>Ver artigo principal:\u00a0<a title=\"Lagar de Diogo Santos Faleiro\" href=\"http:\/\/pt.wikipedia.org\/wiki\/Lagar_de_Diogo_Santos_Faleiro\">Lagar de Diogo Santos Faleiro<\/a><\/div>\n<\/dd>\n<\/dl>\n<h3>Governadores e administradores da Ilha<\/h3>\n<dl>\n<dd>\n<div><img decoding=\"async\" loading=\"lazy\" src=\"http:\/\/upload.wikimedia.org\/wikipedia\/commons\/thumb\/d\/d0\/Postscript-viewer-blue.svg\/18px-Postscript-viewer-blue.svg.png\" alt=\"\" width=\"18\" height=\"18\" \/> <em>Ver p\u00e1gina anexa:\u00a0<a title=\"Anexo:Lista de governantes dos A\u00e7ores\" href=\"http:\/\/pt.wikipedia.org\/wiki\/Anexo:Lista_de_governantes_dos_A%C3%A7ores\">Lista de governantes dos A\u00e7ores<\/a><\/em><\/div>\n<\/dd>\n<\/dl>\n<p>A ilha constitu\u00eda uma Donataria, vital\u00edcia e heredit\u00e1ria, regida por uma Carta de Doa\u00e7\u00e3o e por um\u00a0<a title=\"Foral\" href=\"http:\/\/pt.wikipedia.org\/wiki\/Foral\">Foral<\/a>,<sup id=\"cite_ref-12\"><a href=\"http:\/\/pt.wikipedia.org\/wiki\/Ilha_de_Santa_Maria#cite_note-12\">[13]<\/a><\/sup> onde eram estabelecidos os poderes do Donat\u00e1rio:<\/p>\n<ul>\n<li>obriga\u00e7\u00e3o de doar\u00a0<a title=\"Sesmaria\" href=\"http:\/\/pt.wikipedia.org\/wiki\/Sesmaria\">sesmarias<\/a> que, caso n\u00e3o fossem arroteadas ou cultivadas em cinco anos, revertiam para o donat\u00e1rio;<\/li>\n<li>poder de coutar terrenos (para incentivar o povoamento);<\/li>\n<li>exclusivo dos\u00a0<a title=\"Forno\" href=\"http:\/\/pt.wikipedia.org\/wiki\/Forno\">fornos<\/a> de\u00a0<a title=\"P\u00e3o\" href=\"http:\/\/pt.wikipedia.org\/wiki\/P%C3%A3o\">p\u00e3o<\/a>,\u00a0<a title=\"Moinho\" href=\"http:\/\/pt.wikipedia.org\/wiki\/Moinho\">moinhos<\/a> e\u00a0<a title=\"Atafona\" href=\"http:\/\/pt.wikipedia.org\/wiki\/Atafona\">atafonas<\/a>;<\/li>\n<li><a title=\"Estanco\" href=\"http:\/\/pt.wikipedia.org\/wiki\/Estanco\">estanco<\/a> do\u00a0<a title=\"Sal\" href=\"http:\/\/pt.wikipedia.org\/wiki\/Sal\">sal<\/a> marinho<\/li>\n<li>nomea\u00e7\u00e3o de magistrados<\/li>\n<li>arrecada\u00e7\u00e3o de d\u00edzimos das rendas da capitania (o capit\u00e3o auferia as red\u00edzimas dessas rendas)<\/li>\n<li>al\u00e7ada de at\u00e9 15 mil r\u00e9is na jurisdi\u00e7\u00e3o c\u00edvel e, no crime, podia a\u00e7oitar pessoas e condenar at\u00e9 dez anos de degredo, sem agravo nem apela\u00e7\u00e3o.<sup id=\"cite_ref-13\"><a href=\"http:\/\/pt.wikipedia.org\/wiki\/Ilha_de_Santa_Maria#cite_note-13\">[14]<\/a><\/sup><\/li>\n<\/ul>\n<p>O primeiro donat\u00e1rio das sete ilhas at\u00e9 ent\u00e3o descobertas nos A\u00e7ores foi o Infante D. Henrique, na qualidade de Mestre da Ordem de Cristo. Com a sua morte, o segundo donat\u00e1rio destas ilhas, por determina\u00e7\u00e3o de\u00a0<a title=\"Afonso V de Portugal\" href=\"http:\/\/pt.wikipedia.org\/wiki\/Afonso_V_de_Portugal\">Afonso V de Portugal<\/a>, foi o\u00a0<a title=\"Fernando de Portugal, Duque de Viseu\" href=\"http:\/\/pt.wikipedia.org\/wiki\/Fernando_de_Portugal,_Duque_de_Viseu\">Infante D. Fernando<\/a>. Por serem elementos da alta nobreza do reino, esses donat\u00e1rios institu\u00edram nas ilhas o cargo de\u00a0<a title=\"Capit\u00e3o do donat\u00e1rio\" href=\"http:\/\/pt.wikipedia.org\/wiki\/Capit%C3%A3o_do_donat%C3%A1rio\">capit\u00e3o do donat\u00e1rio<\/a>. As ilhas das Flores e do Corvo, a seu turno, foram administradas por agentes &#8211; n\u00e3o capit\u00e3es -, do donat\u00e1rio.<\/p>\n<p>O cronista\u00a0<a title=\"Gomes Eanes de Zurara\" href=\"http:\/\/pt.wikipedia.org\/wiki\/Gomes_Eanes_de_Zurara\">Gomes Eanes de Zurara<\/a> informa que o Infante D. Henrique fizera &#8220;<em>Gon\u00e7alo Velho Cabral comendador da ilha de Santa Maria e que, da ilha de S. Miguel, lhe deixara a metade dos\u00a0<a title=\"A\u00e7\u00facar\" href=\"http:\/\/pt.wikipedia.org\/wiki\/A%C3%A7%C3%BAcar\">a\u00e7\u00facarais<\/a><\/em>&#8220;, o que sugere ter sido este o primeiro capit\u00e3o do donat\u00e1rio em Santa Maria e S\u00e3o Miguel. Posteriormente, uma nota \u00e0 cr\u00f3nica de\u00a0<a title=\"Gaspar Frutuoso\" href=\"http:\/\/pt.wikipedia.org\/wiki\/Gaspar_Frutuoso\">Gaspar Frutuoso<\/a> ratifica-o:<\/p>\n<dl>\n<dd>&#8220;<em>Aceitando como aceitamos a carta do Infante D. Henrique a Gon\u00e7alo Velho como aut\u00eantica e dada provavelmente em 1460, e como nela se trata Gon\u00e7alo Velho por &#8220;<\/em>Capit\u00e3o por mim em minhas ilhas, de Santa Maria e S\u00e3o Miguel dos A\u00e7ores<em>&#8220;, teremos que o seu primeiro capit\u00e3o nelas ambas fora Gon\u00e7alo Velho, o que de resto nos \u00e9 confirmado por Frutuoso ao historiar a coloniza\u00e7\u00e3o.<\/em>&#8220;<\/dd>\n<\/dl>\n<p>O bom andamento do sistema era verificado pelos representantes do monarca, enviados a t\u00edtulo de &#8220;al\u00e7ada&#8221; ou &#8220;correi\u00e7\u00e3o&#8221;. O corregedor fazia-se acompanhar de meirinho, escriv\u00e3o e porteiro. Entre estas, destacaram-se as efetuadas no\u00a0<a title=\"S\u00e9culo XVI\" href=\"http:\/\/pt.wikipedia.org\/wiki\/S%C3%A9culo_XVI\">s\u00e9culo XVI<\/a>, pelos corregedores\u00a0<a title=\"Manuel de Macedo\" href=\"http:\/\/pt.wikipedia.org\/wiki\/Manuel_de_Macedo\">Manuel de Macedo<\/a>,\u00a0<a title=\"Francisco Toscano (p\u00e1gina n\u00e3o existe)\" href=\"http:\/\/pt.wikipedia.org\/w\/index.php?title=Francisco_Toscano&amp;action=edit&amp;redlink=1\">Francisco Toscano<\/a>,\u00a0<a title=\"Manuel \u00c1lvares\" href=\"http:\/\/pt.wikipedia.org\/wiki\/Manuel_%C3%81lvares\">Manuel \u00c1lvares<\/a> e\u00a0<a title=\"Lu\u00eds da Guarda (p\u00e1gina n\u00e3o existe)\" href=\"http:\/\/pt.wikipedia.org\/w\/index.php?title=Lu%C3%ADs_da_Guarda&amp;action=edit&amp;redlink=1\">Lu\u00eds da Guarda<\/a>.<\/p>\n<p>Ao longo do tempo, os sesmeiros passaram a contratar colonos para trabalhar as terras, mediante o pagamento de parte dos rendimentos, a chamada &#8220;dim\u00eddia&#8221;, resultando na pr\u00e1tica no estabelecimento de um v\u00ednculo. A reuni\u00e3o de v\u00e1rios v\u00ednculos constitu\u00eda um morgadio. Esse estado de coisas s\u00f3 seria revertido com as leis de desamortiza\u00e7\u00e3o: \u00e0 \u00e9poca do Marqu\u00eas de Pombal (<a title=\"1770\" href=\"http:\/\/pt.wikipedia.org\/wiki\/1770\">1770<\/a>), com a reforma de\u00a0<a title=\"Mouzinho de Albuquerque\" href=\"http:\/\/pt.wikipedia.org\/wiki\/Mouzinho_de_Albuquerque\">Mouzinho de Albuquerque<\/a> (<a title=\"1832\" href=\"http:\/\/pt.wikipedia.org\/wiki\/1832\">1832<\/a>) e com a de\u00a0<a title=\"Anselmo Jos\u00e9 Braamcamp\" href=\"http:\/\/pt.wikipedia.org\/wiki\/Anselmo_Jos%C3%A9_Braamcamp\">Anselmo Jos\u00e9 Braamcamp<\/a> (<a title=\"1863\" href=\"http:\/\/pt.wikipedia.org\/wiki\/1863\">1863<\/a>).<\/p>\n<p>Na ilha existiu ainda a Comenda de Nossa Senhora da Assun\u00e7\u00e3o (tamb\u00e9m referida como &#8220;Comenda dos A\u00e7ores&#8221;), com o respectivo h\u00e1bito, institu\u00edda para recompensar alguns fidalgos da fam\u00edlia dos Coutinho (Marialva). De acordo com o Dr.\u00a0<a title=\"Manuel Monteiro Velho Arruda\" href=\"http:\/\/pt.wikipedia.org\/wiki\/Manuel_Monteiro_Velho_Arruda\">Manuel Monteiro Velho Arruda<\/a>, os Comendadores foram os seguintes:<sup id=\"cite_ref-14\"><a href=\"http:\/\/pt.wikipedia.org\/wiki\/Ilha_de_Santa_Maria#cite_note-14\">[15]<\/a><\/sup><\/p>\n<ol>\n<li>D.\u00a0<a title=\"Lu\u00eds Coutinho\" href=\"http:\/\/pt.wikipedia.org\/wiki\/Lu%C3%ADs_Coutinho\">Lu\u00eds Coutinho<\/a>, capit\u00e3o-mor das\u00a0<a title=\"Nau\" href=\"http:\/\/pt.wikipedia.org\/wiki\/Nau\">naus<\/a> da \u00cdndia;<\/li>\n<li>D.\u00a0<a title=\"Francisco Coutinho (p\u00e1gina n\u00e3o existe)\" href=\"http:\/\/pt.wikipedia.org\/w\/index.php?title=Francisco_Coutinho&amp;action=edit&amp;redlink=1\">Francisco Coutinho<\/a>, her\u00f3i da conquista de\u00a0<a title=\"T\u00fanis\" href=\"http:\/\/pt.wikipedia.org\/wiki\/T%C3%BAnis\">T\u00fanis<\/a>;<\/li>\n<li>D. Lu\u00eds Coutinho<\/li>\n<li>D.\u00a0<a title=\"Jer\u00f3nimo Coutinho\" href=\"http:\/\/pt.wikipedia.org\/wiki\/Jer%C3%B3nimo_Coutinho\">Jer\u00f3nimo Coutinho<\/a>, defensor dos direitos de\u00a0<a title=\"Ant\u00f3nio I de Portugal\" href=\"http:\/\/pt.wikipedia.org\/wiki\/Ant%C3%B3nio_I_de_Portugal\">D. Ant\u00f3nio, prior do Crato<\/a>;<\/li>\n<li><a title=\"Br\u00e1s Soares de Sousa\" href=\"http:\/\/pt.wikipedia.org\/wiki\/Br%C3%A1s_Soares_de_Sousa\">Br\u00e1s Soares de Sousa<\/a>, por sua abnega\u00e7\u00e3o na guerra do\u00a0<a title=\"Brasil\" href=\"http:\/\/pt.wikipedia.org\/wiki\/Brasil\">Brasil<\/a>;<\/li>\n<li>D.\u00a0<a title=\"Francisco de S\u00e1\" href=\"http:\/\/pt.wikipedia.org\/wiki\/Francisco_de_S%C3%A1\">Francisco de S\u00e1<\/a>, por bravura nas lutas da\u00a0<a title=\"Flandres\" href=\"http:\/\/pt.wikipedia.org\/wiki\/Flandres\">Flandres<\/a>;<\/li>\n<li>D.\u00a0<a title=\"Joana de Meneses\" href=\"http:\/\/pt.wikipedia.org\/wiki\/Joana_de_Meneses\">Joana de Meneses<\/a>, esposa de D.\u00a0<a title=\"Jorge Martins Mascarenhas (p\u00e1gina n\u00e3o existe)\" href=\"http:\/\/pt.wikipedia.org\/w\/index.php?title=Jorge_Martins_Mascarenhas&amp;action=edit&amp;redlink=1\">Jorge Martins Mascarenhas<\/a>;<\/li>\n<li>D.\u00a0<a title=\"Branca Mascarenhas (p\u00e1gina n\u00e3o existe)\" href=\"http:\/\/pt.wikipedia.org\/w\/index.php?title=Branca_Mascarenhas&amp;action=edit&amp;redlink=1\">Branca Mascarenhas<\/a><\/li>\n<li>D.\u00a0<a title=\"Fernando Martins Mascarenhas (p\u00e1gina n\u00e3o existe)\" href=\"http:\/\/pt.wikipedia.org\/w\/index.php?title=Fernando_Martins_Mascarenhas&amp;action=edit&amp;redlink=1\">Fernando Martins Mascarenhas<\/a><\/li>\n<li><a title=\"Lu\u00eds Ant\u00f3nio de Basto Baharem\" href=\"http:\/\/pt.wikipedia.org\/wiki\/Lu%C3%ADs_Ant%C3%B3nio_de_Basto_Baharem\">Lu\u00eds Ant\u00f3nio de Basto Baharem<\/a><\/li>\n<li>D.\u00a0<a title=\"Mariana Joaquina de Basto Baharem (p\u00e1gina n\u00e3o existe)\" href=\"http:\/\/pt.wikipedia.org\/w\/index.php?title=Mariana_Joaquina_de_Basto_Baharem&amp;action=edit&amp;redlink=1\">Mariana Joaquina de Basto Baharem<\/a>, esposa de D.\u00a0<a title=\"Jo\u00e3o de Lencastre\" href=\"http:\/\/pt.wikipedia.org\/wiki\/Jo%C3%A3o_de_Lencastre\">Jo\u00e3o de Lencastre<\/a>,\u00a0<a title=\"Conde da Lous\u00e3\" href=\"http:\/\/pt.wikipedia.org\/wiki\/Conde_da_Lous%C3%A3\">conde da Lous\u00e3<\/a>;<\/li>\n<li>D.\u00a0<a title=\"Lu\u00eds Ant\u00f3nio de Lencastre de Basto Baharem (p\u00e1gina n\u00e3o existe)\" href=\"http:\/\/pt.wikipedia.org\/w\/index.php?title=Lu%C3%ADs_Ant%C3%B3nio_de_Lencastre_de_Basto_Baharem&amp;action=edit&amp;redlink=1\">Lu\u00eds Ant\u00f3nio de Lencastre de Basto Baharem<\/a>, 2\u00ba conde da Lous\u00e3;<\/li>\n<li>D.\u00a0<a title=\"Diogo Jos\u00e9 Ferreira de E\u00e7as e Menezes (p\u00e1gina n\u00e3o existe)\" href=\"http:\/\/pt.wikipedia.org\/w\/index.php?title=Diogo_Jos%C3%A9_Ferreira_de_E%C3%A7as_e_Menezes&amp;action=edit&amp;redlink=1\">Diogo Jos\u00e9 Ferreira de E\u00e7as e Menezes<\/a>, 3\u00ba conde da Lous\u00e3.<sup id=\"cite_ref-15\"><a href=\"http:\/\/pt.wikipedia.org\/wiki\/Ilha_de_Santa_Maria#cite_note-15\">[16]<\/a><\/sup><\/li>\n<\/ol>\n<p>O comendador tinha o direito de receber, por interm\u00e9dio de seus feitores, a pens\u00e3o dos tabeli\u00e3es, o d\u00edzimo dos produtos (pescarias, moendas e atafonas), e a vintena sobre o pastel e a urzela. Possu\u00eda ainda o senhorio sobre os ilh\u00e9us de S\u00e3o Louren\u00e7o e da Ribeira Seca. Em contrapartida, era seu o encargo de custear as\u00a0<a title=\"Congrua (p\u00e1gina n\u00e3o existe)\" href=\"http:\/\/pt.wikipedia.org\/w\/index.php?title=Congrua&amp;action=edit&amp;redlink=1\">congruas<\/a> dos sacerdotes e todas as demais despesas para manter o culto religioso.<\/p>\n<h3>Piratas, cors\u00e1rios e razias<\/h3>\n<div>\n<div>\n<p><a href=\"http:\/\/pt.wikipedia.org\/wiki\/Ficheiro:Mon_colombo_s_maria_(2).JPG\"><img decoding=\"async\" loading=\"lazy\" src=\"http:\/\/upload.wikimedia.org\/wikipedia\/commons\/thumb\/f\/f7\/Mon_colombo_s_maria_%282%29.JPG\/220px-Mon_colombo_s_maria_%282%29.JPG\" alt=\"\" width=\"220\" height=\"293\" \/><\/a><\/p>\n<div>Monumento dos 500 anos da passagem de Crist\u00f3v\u00e3o Colombo por Santa Maria (1493-1993).<\/div>\n<\/div>\n<\/div>\n<p>Como as demais ilhas do arquip\u00e9lago, desde cedo Santa Maria foi v\u00edtima de repetidos ataques e razias perpetrados por\u00a0<a title=\"Cors\u00e1rio\" href=\"http:\/\/pt.wikipedia.org\/wiki\/Cors%C3%A1rio\">cors\u00e1rios<\/a> e\u00a0<a title=\"Piratas da Barb\u00e1ria\" href=\"http:\/\/pt.wikipedia.org\/wiki\/Piratas_da_Barb%C3%A1ria\">piratas da Barb\u00e1ria<\/a>. J\u00e1 em\u00a0<a title=\"1480\" href=\"http:\/\/pt.wikipedia.org\/wiki\/1480\">1480<\/a>, no contexto da\u00a0<a title=\"Guerra da Beltraneja\" href=\"http:\/\/pt.wikipedia.org\/wiki\/Guerra_da_Beltraneja\">Guerra da Beltraneja<\/a>, de uma nau\u00a0<a title=\"Reino de Castela\" href=\"http:\/\/pt.wikipedia.org\/wiki\/Reino_de_Castela\">Castelhana<\/a>, desembarcaram cerca de quarenta homens, armados de<a title=\"Arcabuz\" href=\"http:\/\/pt.wikipedia.org\/wiki\/Arcabuz\">arcabuzes<\/a>, no porto da Vila. Foram recha\u00e7ados por um grupo de moradores, sob o comando do Capit\u00e3o do donat\u00e1rio,\u00a0<a title=\"Jo\u00e3o Soares de Albergaria\" href=\"http:\/\/pt.wikipedia.org\/wiki\/Jo%C3%A3o_Soares_de_Albergaria\">Jo\u00e3o Soares de Albergaria<\/a>, com tiros de pedreiro, na altura do Calhau da Roupa, afirmando-se que Jo\u00e3o Soares foi capturado e levado a ferros para Castela.<sup id=\"cite_ref-16\"><a href=\"http:\/\/pt.wikipedia.org\/wiki\/Ilha_de_Santa_Maria#cite_note-16\">[17]<\/a><\/sup><\/p>\n<p>Por essa raz\u00e3o\u00a0<a title=\"Crist\u00f3v\u00e3o Colombo\" href=\"http:\/\/pt.wikipedia.org\/wiki\/Crist%C3%B3v%C3%A3o_Colombo\">Crist\u00f3v\u00e3o Colombo<\/a>, a bordo da\u00a0<a title=\"Ni\u00f1a\" href=\"http:\/\/pt.wikipedia.org\/wiki\/Ni%C3%B1a\">Ni\u00f1a<\/a>, foi recebido de maneira hostil pela popula\u00e7\u00e3o da ba\u00eda dos Anjos, quando de regresso da viagem de\u00a0<a title=\"Descobrimento da Am\u00e9rica\" href=\"http:\/\/pt.wikipedia.org\/wiki\/Descobrimento_da_Am%C3%A9rica\">descobrimento da Am\u00e9rica<\/a>, em Fevereiro de<a title=\"1493\" href=\"http:\/\/pt.wikipedia.org\/wiki\/1493\">1493<\/a>, registando-se o aprisionamento de alguns de seus tripulantes e complexas negocia\u00e7\u00f5es que conduziram \u00e0 sua liberta\u00e7\u00e3o por\u00a0<a title=\"Jo\u00e3o da Castanheira (p\u00e1gina n\u00e3o existe)\" href=\"http:\/\/pt.wikipedia.org\/w\/index.php?title=Jo%C3%A3o_da_Castanheira&amp;action=edit&amp;redlink=1\">Jo\u00e3o da Castanheira<\/a>, lugar-tenente de Jo\u00e3o Soares, capit\u00e3o do donat\u00e1rio.<sup id=\"cite_ref-17\"><a href=\"http:\/\/pt.wikipedia.org\/wiki\/Ilha_de_Santa_Maria#cite_note-17\">[18]<\/a><\/sup><\/p>\n<p>Embora relativamente distante das rotas de navega\u00e7\u00e3o das\u00a0<a title=\"Nau\" href=\"http:\/\/pt.wikipedia.org\/wiki\/Nau\">naus<\/a> das \u00cdndias, ap\u00f3s uma tentativa de ataque por cors\u00e1rios Franceses em\u00a0<a title=\"1553\" href=\"http:\/\/pt.wikipedia.org\/wiki\/1553\">1553<\/a>,<sup id=\"cite_ref-18\"><a href=\"http:\/\/pt.wikipedia.org\/wiki\/Ilha_de_Santa_Maria#cite_note-18\">[19]<\/a><\/sup> a ilha foi assaltada por Franceses (<a title=\"1576\" href=\"http:\/\/pt.wikipedia.org\/wiki\/1576\">1576<\/a>),<sup id=\"cite_ref-19\"><a href=\"http:\/\/pt.wikipedia.org\/wiki\/Ilha_de_Santa_Maria#cite_note-19\">[20]<\/a><\/sup>Ingleses da armada do\u00a0<a title=\"Conde de Cumberland\" href=\"http:\/\/pt.wikipedia.org\/wiki\/Conde_de_Cumberland\">conde de Cumberland<\/a> (<a title=\"1589\" href=\"http:\/\/pt.wikipedia.org\/wiki\/1589\">1589<\/a>)<sup id=\"cite_ref-20\"><a href=\"http:\/\/pt.wikipedia.org\/wiki\/Ilha_de_Santa_Maria#cite_note-20\">[21]<\/a><\/sup> e piratas da Barb\u00e1ria (<a title=\"1616\" href=\"http:\/\/pt.wikipedia.org\/wiki\/1616\">1616<\/a><sup id=\"cite_ref-21\"><a href=\"http:\/\/pt.wikipedia.org\/wiki\/Ilha_de_Santa_Maria#cite_note-21\">[22]<\/a><\/sup> e\u00a0<a title=\"1675\" href=\"http:\/\/pt.wikipedia.org\/wiki\/1675\">1675<\/a>),<sup id=\"cite_ref-22\"><a href=\"http:\/\/pt.wikipedia.org\/wiki\/Ilha_de_Santa_Maria#cite_note-22\">[23]<\/a><\/sup>em busca de suprimentos e de valores, e que causaram a destrui\u00e7\u00e3o de igrejas e ermidas, levaram a que a ilha fosse cercada, a partir do\u00a0<a title=\"S\u00e9culo XVII\" href=\"http:\/\/pt.wikipedia.org\/wiki\/S%C3%A9culo_XVII\">s\u00e9culo XVII<\/a>, por um cord\u00e3o de fortifica\u00e7\u00f5es, do qual apenas subsistem o\u00a0<a title=\"Forte de S\u00e3o Br\u00e1s de Vila do Porto\" href=\"http:\/\/pt.wikipedia.org\/wiki\/Forte_de_S%C3%A3o_Br%C3%A1s_de_Vila_do_Porto\">Forte de S\u00e3o Br\u00e1s de Vila do Porto<\/a> e as ru\u00ednas do\u00a0<a title=\"Forte de S\u00e3o Jo\u00e3o Baptista da Praia Formosa\" href=\"http:\/\/pt.wikipedia.org\/wiki\/Forte_de_S%C3%A3o_Jo%C3%A3o_Baptista_da_Praia_Formosa\">Forte de S\u00e3o Jo\u00e3o Baptista da Praia Formosa<\/a>. As razias para a escraviza\u00e7\u00e3o de habitantes conduziram \u00e0 constitui\u00e7\u00e3o da\u00a0<a title=\"Confraria dos Escravos da Cadeinha\" href=\"http:\/\/pt.wikipedia.org\/wiki\/Confraria_dos_Escravos_da_Cadeinha\">Confraria dos Escravos da Cadeinha<\/a>, destinada a reunir fundos para remir os marienses em m\u00e3os dos Mu\u00e7ulmanos. A Confraria, recriada em nossos dias, mant\u00e9m v\u00e1rias actividades culturais.<\/p>\n<h3>Da Dinastia Filipina ao s\u00e9culo XVIII<\/h3>\n<p>Quando da\u00a0<a title=\"Crise de sucess\u00e3o de 1580\" href=\"http:\/\/pt.wikipedia.org\/wiki\/Crise_de_sucess%C3%A3o_de_1580\">Crise de sucess\u00e3o de 1580<\/a>, que conduziu \u00e0 instala\u00e7\u00e3o da\u00a0<a title=\"Dinastia Filipina\" href=\"http:\/\/pt.wikipedia.org\/wiki\/Dinastia_Filipina\">Dinastia Filipina<\/a> em\u00a0<a title=\"Portugal\" href=\"http:\/\/pt.wikipedia.org\/wiki\/Portugal\">Portugal<\/a>, a ilha apoiou inicialmente D.\u00a0<a title=\"Ant\u00f3nio I de Portugal\" href=\"http:\/\/pt.wikipedia.org\/wiki\/Ant%C3%B3nio_I_de_Portugal\">Ant\u00f3nio I de Portugal<\/a>, o prior do Crato, na forma de d\u00e1divas e de aux\u00edlios. Entretanto, com a press\u00e3o de\u00a0<a title=\"Filipe I de Portugal\" href=\"http:\/\/pt.wikipedia.org\/wiki\/Filipe_I_de_Portugal\">Filipe I de Portugal<\/a> sobre os A\u00e7ores, tendo o pr\u00f3prio Capit\u00e3o do Donat\u00e1rio reconhecido o novo dom\u00ednio, D. Ant\u00f3nio declinou desembarcar em Santa Maria.<sup id=\"cite_ref-23\"><a href=\"http:\/\/pt.wikipedia.org\/wiki\/Ilha_de_Santa_Maria#cite_note-23\">[24]<\/a><\/sup><\/p>\n<p>Neste per\u00edodo, a ilha passou a depender do Governador-geral dos A\u00e7ores.<\/p>\n<p>Com a\u00a0<a title=\"Restaura\u00e7\u00e3o da Independ\u00eancia\" href=\"http:\/\/pt.wikipedia.org\/wiki\/Restaura%C3%A7%C3%A3o_da_Independ%C3%AAncia\">Restaura\u00e7\u00e3o da Independ\u00eancia<\/a> (<a title=\"1640\" href=\"http:\/\/pt.wikipedia.org\/wiki\/1640\">1640<\/a>), tendo a not\u00edcia chegado \u00e0 ilha no in\u00edcio de\u00a0<a title=\"1641\" href=\"http:\/\/pt.wikipedia.org\/wiki\/1641\">1641<\/a>, a aclama\u00e7\u00e3o de\u00a0<a title=\"Jo\u00e3o IV de Portugal\" href=\"http:\/\/pt.wikipedia.org\/wiki\/Jo%C3%A3o_IV_de_Portugal\">Jo\u00e3o IV de Portugal<\/a> foi celebrada com grandes festejos, em que foram gastos grossos cabedais pelo Capit\u00e3o Br\u00e1s de Sousa.<sup id=\"cite_ref-24\"><a href=\"http:\/\/pt.wikipedia.org\/wiki\/Ilha_de_Santa_Maria#cite_note-24\">[25]<\/a><\/sup><\/p>\n<p>Em\u00a0<a title=\"1648\" href=\"http:\/\/pt.wikipedia.org\/wiki\/1648\">1648<\/a> partiram de Santa Maria cem casais, mais de seiscentas pessoas, a fim de colonizar a\u00a0<a title=\"Capitania do Maranh\u00e3o\" href=\"http:\/\/pt.wikipedia.org\/wiki\/Capitania_do_Maranh%C3%A3o\">capitania do Maranh\u00e3o<\/a>, no Brasil.<\/p>\n<p>Segundo os relatos hist\u00f3ricos, a vida \u00e0 \u00e9poca era bastante dif\u00edcil para o povo em geral. As terras pertenciam quase na totalidade aos<a title=\"Morgado\" href=\"http:\/\/pt.wikipedia.org\/wiki\/Morgado\">morgados<\/a>, contando-se na ilha, em\u00a0<a title=\"1664\" href=\"http:\/\/pt.wikipedia.org\/wiki\/1664\">1664<\/a>, dezasseis morgados para quinhentos fogos e mil e seiscentos habitantes:<\/p>\n<dl>\n<dd>&#8220;<em>A vida na pequena ilha a\u00e7oriana era dif\u00edcil e custosa. N\u00e3o havia empregos, e, portanto as soldadas n\u00e3o chegavam para o mais elementar sustento: meia d\u00fazia de rica\u00e7os possu\u00eda as terras de\u00a0<a title=\"P\u00e3o\" href=\"http:\/\/pt.wikipedia.org\/wiki\/P%C3%A3o\">p\u00e3o<\/a> e de mato, as\u00a0<a title=\"Vinha\" href=\"http:\/\/pt.wikipedia.org\/wiki\/Vinha\">vinhas<\/a> e as\u00a0<a title=\"Quinta\" href=\"http:\/\/pt.wikipedia.org\/wiki\/Quinta\">quintas<\/a>, os\u00a0<a title=\"Gado\" href=\"http:\/\/pt.wikipedia.org\/wiki\/Gado\">gados<\/a> e as alfaias:\u00a0<a title=\"Arado\" href=\"http:\/\/pt.wikipedia.org\/wiki\/Arado\">arados<\/a>,<a title=\"Carro de bois\" href=\"http:\/\/pt.wikipedia.org\/wiki\/Carro_de_bois\">carros<\/a>,\u00a0<a title=\"Moinho\" href=\"http:\/\/pt.wikipedia.org\/wiki\/Moinho\">moinhos<\/a> e\u00a0<a title=\"Lagar\" href=\"http:\/\/pt.wikipedia.org\/wiki\/Lagar\">lagares<\/a>. Um deles punha dez carros de bois ao caminho e vinte trilhos na eira da debulha. Os trigos,\u00a0<a title=\"Moio\" href=\"http:\/\/pt.wikipedia.org\/wiki\/Moio\">moios<\/a> e moios, iam por sua conta, em navios pr\u00f3prios, vender-se no mercado de Lisboa.<\/em>&#8221;\u00a0<sup id=\"cite_ref-25\"><a href=\"http:\/\/pt.wikipedia.org\/wiki\/Ilha_de_Santa_Maria#cite_note-25\">[26]<\/a><\/sup><\/dd>\n<\/dl>\n<p>Nos\u00a0<a title=\"S\u00e9culo XVII\" href=\"http:\/\/pt.wikipedia.org\/wiki\/S%C3%A9culo_XVII\">s\u00e9culos XVII<\/a> e\u00a0<a title=\"S\u00e9culo XVIII\" href=\"http:\/\/pt.wikipedia.org\/wiki\/S%C3%A9culo_XVIII\">XVIII<\/a> regista-se um decl\u00ednio na produ\u00e7\u00e3o de\u00a0<a title=\"Trigo\" href=\"http:\/\/pt.wikipedia.org\/wiki\/Trigo\">trigo<\/a> da ilha, devido em grande parte \u00e0 exaust\u00e3o dos solos. Declina tamb\u00e9m a cultura do\u00a0<a title=\"Pastel\" href=\"http:\/\/pt.wikipedia.org\/wiki\/Pastel\">pastel<\/a> e introduzem-se a do\u00a0<a title=\"Milho\" href=\"http:\/\/pt.wikipedia.org\/wiki\/Milho\">milho<\/a> e da\u00a0<a title=\"Laranja\" href=\"http:\/\/pt.wikipedia.org\/wiki\/Laranja\">laranja<\/a>. Edificaram-se ainda muitos dos templos da ilha, assim como alguns conventos. A pobreza da popula\u00e7\u00e3o continuava generalizada, vis\u00edvel nas habita\u00e7\u00f5es e na alimenta\u00e7\u00e3o deficiente, que nos piores anos resumia-se a bolos de fetos e papas de carrilhos. A emigra\u00e7\u00e3o para o Brasil prosseguiu, agora para as prov\u00edncias do Sul, de\u00a0<a title=\"Santa Catarina\" href=\"http:\/\/pt.wikipedia.org\/wiki\/Santa_Catarina\">Santa Catarina<\/a> ao\u00a0<a title=\"Rio Grande do Sul\" href=\"http:\/\/pt.wikipedia.org\/wiki\/Rio_Grande_do_Sul\">Rio Grande do Sul<\/a> e \u00e0\u00a0<a title=\"Col\u00f4nia do Sacramento\" href=\"http:\/\/pt.wikipedia.org\/wiki\/Col%C3%B4nia_do_Sacramento\">Col\u00f4nia do Sacramento<\/a>, e a ela acrescentou-se, a partir do \u00faltimo quartel do s\u00e9culo XVIII, ainda em car\u00e1cter espor\u00e1dico, um novo destino, os\u00a0<a title=\"Estados Unidos\" href=\"http:\/\/pt.wikipedia.org\/wiki\/Estados_Unidos\">Estados Unidos<\/a>.<\/p>\n<p>No interior da ilha extin\u00e7\u00e3o das \u00faltimas matas nativas, para transform\u00e1-las em terras de cultivo e em pastos, teve como consequ\u00eancia anos de grandes secas, sendo necess\u00e1rio trazer barcos com pipas de\u00a0<a title=\"\u00c1gua\" href=\"http:\/\/pt.wikipedia.org\/wiki\/%C3%81gua\">\u00e1gua<\/a> da ilha de S\u00e3o Miguel, e o\u00a0<a title=\"Trigo\" href=\"http:\/\/pt.wikipedia.org\/wiki\/Trigo\">trigo<\/a> ir a moer nas azenhas de\u00a0<a title=\"Vila Franca do Campo\" href=\"http:\/\/pt.wikipedia.org\/wiki\/Vila_Franca_do_Campo\">Vila Franca do Campo<\/a>.<\/p>\n<p>Ao final do per\u00edodo foi introduzida a cultura da\u00a0<a title=\"Batata-inglesa\" href=\"http:\/\/pt.wikipedia.org\/wiki\/Batata-inglesa\">batata-inglesa<\/a>, o que causou grande descontentamento entre a popula\u00e7\u00e3o. Continuou a exporta\u00e7\u00e3o de cal, barro e lou\u00e7a para todas as ilhas do arquip\u00e9lago.<\/p>\n<h3>As Guerras Liberais e o s\u00e9culo XIX<\/h3>\n<div>\n<div>\n<p><a href=\"http:\/\/pt.wikipedia.org\/wiki\/Ficheiro:Calhau_da_roupa.JPG\"><img decoding=\"async\" loading=\"lazy\" src=\"http:\/\/upload.wikimedia.org\/wikipedia\/commons\/thumb\/0\/0a\/Calhau_da_roupa.JPG\/220px-Calhau_da_roupa.JPG\" alt=\"\" width=\"220\" height=\"165\" \/><\/a><\/p>\n<div>Calhau da Roupa, Vila do Porto.<\/div>\n<\/div>\n<\/div>\n<p>No contexto da\u00a0<a title=\"Guerra Civil Portuguesa (1828-1834)\" href=\"http:\/\/pt.wikipedia.org\/wiki\/Guerra_Civil_Portuguesa_(1828-1834)\">Guerra Civil Portuguesa (1828-1834)<\/a>, quando da ofensiva liberal do\u00a0<a title=\"Ant\u00f3nio Jos\u00e9 Severim de Noronha, 1.\u00ba Duque da Terceira\" href=\"http:\/\/pt.wikipedia.org\/wiki\/Ant%C3%B3nio_Jos%C3%A9_Severim_de_Noronha,_1.%C2%BA_Duque_da_Terceira\">7.\u00ba conde de Vila Flor<\/a> (<a title=\"1831\" href=\"http:\/\/pt.wikipedia.org\/wiki\/1831\">1831<\/a>), setores da ilha tentaram aclamar os direitos de\u00a0<a title=\"Maria II de Portugal\" href=\"http:\/\/pt.wikipedia.org\/wiki\/Maria_II_de_Portugal\">Maria II de Portugal<\/a>, embora se receasse a rea\u00e7\u00e3o do Governador-geral miguelista, ent\u00e3o em\u00a0<a title=\"Ponta Delgada\" href=\"http:\/\/pt.wikipedia.org\/wiki\/Ponta_Delgada\">Ponta Delgada<\/a>. O Capit\u00e3o-mor de Santa Maria chegou a fretar um navio para ir buscar aux\u00edlio de armas e muni\u00e7\u00f5es \u00e0\u00a0<a title=\"Reg\u00eancia de Angra\" href=\"http:\/\/pt.wikipedia.org\/wiki\/Reg%C3%AAncia_de_Angra\">Reg\u00eancia de Angra<\/a>, na ilha\u00a0<a title=\"Terceira\" href=\"http:\/\/pt.wikipedia.org\/wiki\/Terceira\">Terceira<\/a>, mas nesse \u00ednterim, a ilha de S\u00e3o Miguel j\u00e1 havia ca\u00eddo nas m\u00e3os dos liberais e, t\u00e3o logo chegou a not\u00edcia, a rainha foi aclamada em Vila do Porto.<\/p>\n<p>No ano seguinte, daqui partiram muitos jovens para a expedi\u00e7\u00e3o que\u00a0<a title=\"Desembarque do Mindelo\" href=\"http:\/\/pt.wikipedia.org\/wiki\/Desembarque_do_Mindelo\">desembarcou no Mindelo<\/a>(Julho de\u00a0<a title=\"1832\" href=\"http:\/\/pt.wikipedia.org\/wiki\/1832\">1832<\/a>), tendo se destacado o alferes Floriano Ferreira, condecorado com a\u00a0<a title=\"Ordem Militar da Torre e Espada\" href=\"http:\/\/pt.wikipedia.org\/wiki\/Ordem_Militar_da_Torre_e_Espada\">Ordem Militar da Torre e Espada<\/a>, e o graduado Francisco Baptista, tio materno do futuro presidente\u00a0<a title=\"Te\u00f3filo Braga\" href=\"http:\/\/pt.wikipedia.org\/wiki\/Te%C3%B3filo_Braga\">Te\u00f3filo Braga<\/a>.<\/p>\n<p>No segundo quartel do s\u00e9culo XIX existiu um\u00a0<a title=\"Estaleiro\" href=\"http:\/\/pt.wikipedia.org\/wiki\/Estaleiro\">estaleiro<\/a> em Vila do Porto, no Calhau da Roupa, onde eram constru\u00eddas embarca\u00e7\u00f5es de mais de cem\u00a0<a title=\"Tonelada\" href=\"http:\/\/pt.wikipedia.org\/wiki\/Tonelada\">toneladas<\/a>,\u00a0<a title=\"Galera\" href=\"http:\/\/pt.wikipedia.org\/wiki\/Galera\">galeras<\/a>,\u00a0<a title=\"Escuna\" href=\"http:\/\/pt.wikipedia.org\/wiki\/Escuna\">escunas<\/a> e\u00a0<a title=\"Patacho\" href=\"http:\/\/pt.wikipedia.org\/wiki\/Patacho\">patachos<\/a>, empregando\u00a0<a title=\"Calafate (profiss\u00e3o)\" href=\"http:\/\/pt.wikipedia.org\/wiki\/Calafate_(profiss%C3%A3o)\">calafates<\/a> vindos de\u00a0<a title=\"Vila do Conde\" href=\"http:\/\/pt.wikipedia.org\/wiki\/Vila_do_Conde\">Vila do Conde<\/a>.<\/p>\n<p>Com o retorno dos\u00a0<a title=\"Emigra\u00e7\u00e3o\" href=\"http:\/\/pt.wikipedia.org\/wiki\/Emigra%C3%A7%C3%A3o\">emigrantes<\/a> dos Estados Unidos, com alguns recursos, os chamados &#8220;Calafonas&#8221;<sup id=\"cite_ref-26\"><a href=\"http:\/\/pt.wikipedia.org\/wiki\/Ilha_de_Santa_Maria#cite_note-26\">[27]<\/a><\/sup> o ciclo da riqueza inverteu-se. A grande propriedade agr\u00edcola come\u00e7ou a dividir-se, de tal modo que, em\u00a0<a title=\"1850\" href=\"http:\/\/pt.wikipedia.org\/wiki\/1850\">1850<\/a> existiam apenas quatro morgados para mil e cinquenta e um casais e cinco mil e seiscentos e noventa e um habitantes. Desse modo, o per\u00edodo \u00e9 marcado por algum progresso em termos de agro-pecu\u00e1ria, com a introdu\u00e7\u00e3o de novas ra\u00e7as de gado bovino, a melhoria das pastagens e a introdu\u00e7\u00e3o de novas e variadas plantas, hortenses e frut\u00edcolas, do que resultou uma nova fase de progresso e riqueza para a maioria da popula\u00e7\u00e3o.<\/p>\n<p>No tocante \u00e0 cultura da\u00a0<a title=\"Vinha\" href=\"http:\/\/pt.wikipedia.org\/wiki\/Vinha\">vinha<\/a>, cujas\u00a0<a title=\"Cepa\" href=\"http:\/\/pt.wikipedia.org\/wiki\/Cepa\">cepas<\/a> eram origin\u00e1rias da\u00a0<a title=\"Europa\" href=\"http:\/\/pt.wikipedia.org\/wiki\/Europa\">Europa<\/a> e da\u00a0<a title=\"Madeira\" href=\"http:\/\/pt.wikipedia.org\/wiki\/Madeira\">Madeira<\/a>, \u00e0 semelhan\u00e7a do que ocorreu no restante do arquip\u00e9lago, a segunda metade do s\u00e9culo foi marcada pelos ataques do\u00a0<a title=\"O\u00eddio\" href=\"http:\/\/pt.wikipedia.org\/wiki\/O%C3%ADdio\">o\u00eddio<\/a> (&#8220;<em><a title=\"Uncinula necator\" href=\"http:\/\/pt.wikipedia.org\/wiki\/Uncinula_necator\">Uncinula necator<\/a><\/em>&#8220;) e da\u00a0<a title=\"Filoxera\" href=\"http:\/\/pt.wikipedia.org\/wiki\/Filoxera\">Filoxera<\/a>, sendo necess\u00e1rio substitu\u00ed-las pela variedade americana, passando-se a produzir o chamado\u00a0<a title=\"Vinho de cheiro\" href=\"http:\/\/pt.wikipedia.org\/wiki\/Vinho_de_cheiro\">vinho de cheiro<\/a>. No plano demogr\u00e1fico, continuou a emigra\u00e7\u00e3o para o Brasil e os Estados Unidos, iniciando-se um novo fluxo, agora para as ilhas do\u00a0<a title=\"Havai\" href=\"http:\/\/pt.wikipedia.org\/wiki\/Havai\">Havai<\/a>, em viagens que duravam seis meses. Em termos urban\u00edsticos, foram abertas as principais estradas que passaram a ligar as freguesias, assim como constru\u00eddo o cais de Vila do Porto, \u00fanico porto comercial da ilha, cujas obras se iniciaram em\u00a0<a title=\"1874\" href=\"http:\/\/pt.wikipedia.org\/wiki\/1874\">1874<\/a><sup id=\"cite_ref-27\"><a href=\"http:\/\/pt.wikipedia.org\/wiki\/Ilha_de_Santa_Maria#cite_note-27\">[28]<\/a><\/sup>. \u00c0 introdu\u00e7\u00e3o de novas culturas agr\u00edcolas e \u00e0 amplia\u00e7\u00e3o da rede vi\u00e1ria na ilha liga-se o nome do morgado\u00a0<a title=\"Laureano Jorge Pinto da C\u00e2mara Falc\u00e3o (p\u00e1gina n\u00e3o existe)\" href=\"http:\/\/pt.wikipedia.org\/w\/index.php?title=Laureano_Jorge_Pinto_da_C%C3%A2mara_Falc%C3%A3o&amp;action=edit&amp;redlink=1\">Laureano Jorge Pinto da C\u00e2mara Falc\u00e3o<\/a>, enquanto deputado \u00e0s Cortes de Lisboa.<\/p>\n<p>No plano cultural, publicam-se em\u00a0<a title=\"1885\" href=\"http:\/\/pt.wikipedia.org\/wiki\/1885\">1885<\/a> os primeiros peri\u00f3dicos na ilha: o &#8220;O Mariense&#8221; (9 de Abril) e o &#8220;Corrreio Mariense&#8221; (3 de Outubro).<sup id=\"cite_ref-28\"><a href=\"http:\/\/pt.wikipedia.org\/wiki\/Ilha_de_Santa_Maria#cite_note-28\">[29]<\/a><\/sup><\/p>\n<p>Na \u00faltima d\u00e9cada do s\u00e9culo inicia-se a\u00a0<a title=\"Ca\u00e7a \u00e0 baleia\" href=\"http:\/\/pt.wikipedia.org\/wiki\/Ca%C3%A7a_%C3%A0_baleia\">ca\u00e7a \u00e0 baleia<\/a> nas \u00e1guas da ilha, com baleeiros oriundos de\u00a0<a title=\"Cabo Verde\" href=\"http:\/\/pt.wikipedia.org\/wiki\/Cabo_Verde\">Cabo Verde<\/a>.<\/p>\n<h3>O s\u00e9culo XX<\/h3>\n<div>\n<div>\n<p><a href=\"http:\/\/pt.wikipedia.org\/wiki\/Ficheiro:Pico_alto_mon_voo_1851_(4).JPG\"><img decoding=\"async\" loading=\"lazy\" src=\"http:\/\/upload.wikimedia.org\/wikipedia\/commons\/thumb\/a\/a1\/Pico_alto_mon_voo_1851_%284%29.JPG\/220px-Pico_alto_mon_voo_1851_%284%29.JPG\" alt=\"\" width=\"220\" height=\"293\" \/><\/a><\/p>\n<div>Pico Alto: monumento aos mortos do v\u00f4o 1851.<\/div>\n<\/div>\n<\/div>\n<p>Em\u00a0<a title=\"1901\" href=\"http:\/\/pt.wikipedia.org\/wiki\/1901\">1901<\/a> a ilha recebeu a visita de\u00a0<a title=\"Carlos I de Portugal\" href=\"http:\/\/pt.wikipedia.org\/wiki\/Carlos_I_de_Portugal\">Carlos I de Portugal<\/a> e sua esposa, a rainha D. Am\u00e9lia. Entretanto, gra\u00e7as \u00e0 grande propaganda do\u00a0<a title=\"Partido Republicano Portugu\u00eas\" href=\"http:\/\/pt.wikipedia.org\/wiki\/Partido_Republicano_Portugu%C3%AAs\">Partido Republicano Portugu\u00eas<\/a>, a primeira C\u00e2mara Municipal Republicana foi a de Santa Maria, eleita em\u00a0<a title=\"1908\" href=\"http:\/\/pt.wikipedia.org\/wiki\/1908\">1908<\/a>, ainda em plena\u00a0<a title=\"Monarquia\" href=\"http:\/\/pt.wikipedia.org\/wiki\/Monarquia\">Monarquia<\/a>.<\/p>\n<p>Em\u00a0<a title=\"1909\" href=\"http:\/\/pt.wikipedia.org\/wiki\/1909\">1909<\/a> foi inaugurada na ilha a\u00a0<a title=\"Telegrafia sem fios (p\u00e1gina n\u00e3o existe)\" href=\"http:\/\/pt.wikipedia.org\/w\/index.php?title=Telegrafia_sem_fios&amp;action=edit&amp;redlink=1\">telegrafia sem fios<\/a>, instalada no posto-r\u00e1dio da Faneca, na gest\u00e3o municipal de Janu\u00e1rio de Figueiredo. Ter\u00e1 sido este autarca o primeiro mariense a enviar um telegrama, saudando as autoridades em Lisboa. Segundo outras fontes, o primeiro telegrama ter\u00e1 sido enviado pelo sr. Jo\u00e3o de Morais \u00e0 sua esposa (FERREIRA, s.d.:220).<\/p>\n<p>Com a eclos\u00e3o da\u00a0<a title=\"Primeira Guerra Mundial\" href=\"http:\/\/pt.wikipedia.org\/wiki\/Primeira_Guerra_Mundial\">Primeira Guerra Mundial<\/a>, a ilha passou a acolher, j\u00e1 ao final do conflito, muitos n\u00e1ufragos, v\u00edtimas dos ataques de submarinos alem\u00e3es, com destaque para os do\u00a0<a title=\"NRP Augusto de Castilho (1915)\" href=\"http:\/\/pt.wikipedia.org\/wiki\/NRP_Augusto_de_Castilho_(1915)\">NRP Augusto de Castilho<\/a>, epis\u00f3dio recordado pelo padr\u00e3o erguido no terrapleno do forte de S\u00e3o Br\u00e1s em Vila do Porto.<\/p>\n<p>Em\u00a0<a title=\"1932\" href=\"http:\/\/pt.wikipedia.org\/wiki\/1932\">1932<\/a> foi erguido o padr\u00e3o comemorativo do &#8220;V Centen\u00e1rio do Descobrimento Oficial de Santa Maria&#8221;, na pra\u00e7a Nossa Senhora da Concei\u00e7\u00e3o, em Vila do Porto.<\/p>\n<p>A ilha recebeu a visita do presidente,\u00a0<a title=\"Marechal Carmona\" href=\"http:\/\/pt.wikipedia.org\/wiki\/Marechal_Carmona\">Marechal Carmona<\/a>, em\u00a0<a title=\"1941\" href=\"http:\/\/pt.wikipedia.org\/wiki\/1941\">1941<\/a>. O\u00a0<a title=\"Aeroporto de Santa Maria (A\u00e7ores)\" href=\"http:\/\/pt.wikipedia.org\/wiki\/Aeroporto_de_Santa_Maria_(A%C3%A7ores)\">Aeroporto de Santa Maria<\/a>, iniciado em\u00a0<a title=\"1944\" href=\"http:\/\/pt.wikipedia.org\/wiki\/1944\">1944<\/a>, ao final da\u00a0<a title=\"Segunda Guerra Mundial\" href=\"http:\/\/pt.wikipedia.org\/wiki\/Segunda_Guerra_Mundial\">Segunda Guerra Mundial<\/a>, foi inaugurado a\u00a0<a title=\"26 de Julho\" href=\"http:\/\/pt.wikipedia.org\/wiki\/26_de_Julho\">26 de Julho<\/a> de\u00a0<a title=\"1945\" href=\"http:\/\/pt.wikipedia.org\/wiki\/1945\">1945<\/a>, tendo transitado para a gest\u00e3o do Estado portugu\u00eas a\u00a0<a title=\"2 de Junho\" href=\"http:\/\/pt.wikipedia.org\/wiki\/2_de_Junho\">2 de Junho<\/a> de\u00a0<a title=\"1946\" href=\"http:\/\/pt.wikipedia.org\/wiki\/1946\">1946<\/a>. Foi tamb\u00e9m apenas na\u00a0<a title=\"D\u00e9cada de 1940\" href=\"http:\/\/pt.wikipedia.org\/wiki\/D%C3%A9cada_de_1940\">d\u00e9cada de 1940<\/a> que a ilha foi ligada por\u00a0<a title=\"Telefone\" href=\"http:\/\/pt.wikipedia.org\/wiki\/Telefone\">telefone<\/a> \u00e0 vizinha ilha de S\u00e3o Miguel.<\/p>\n<p>A\u00a0<a title=\"D\u00e9cada de 1950\" href=\"http:\/\/pt.wikipedia.org\/wiki\/D%C3%A9cada_de_1950\">d\u00e9cada de 1950<\/a> na ilha foi marcada pela trag\u00e9dia do navio de cabotagem inter-insular &#8220;<em>N. M. Arnel<\/em>&#8220;, da\u00a0<a title=\"Empresa de Navega\u00e7\u00e3o Insulana (p\u00e1gina n\u00e3o existe)\" href=\"http:\/\/pt.wikipedia.org\/w\/index.php?title=Empresa_de_Navega%C3%A7%C3%A3o_Insulana&amp;action=edit&amp;redlink=1\">Empresa de Navega\u00e7\u00e3o Insulana<\/a>. Na madrugada do dia\u00a0<a title=\"18 de Setembro\" href=\"http:\/\/pt.wikipedia.org\/wiki\/18_de_Setembro\">18 de Setembro<\/a> de\u00a0<a title=\"1958\" href=\"http:\/\/pt.wikipedia.org\/wiki\/1958\">1958<\/a>, cerca de 5:30h, a embarca\u00e7\u00e3o encalhou no baixio dos Anjos. Encontravam-se a bordo 138 passageiros e 25 tripulantes, tendo o p\u00e2nico resultante causado a morte de 14 pessoas.<sup id=\"cite_ref-29\"><a href=\"http:\/\/pt.wikipedia.org\/wiki\/Ilha_de_Santa_Maria#cite_note-29\">[30]<\/a><\/sup><\/p>\n<p>Poucos anos mais tarde, um outro acidente mar\u00edtimo marcou Santa Maria: o encalhe, na ponta do Marv\u00e3o, do\u00a0<a title=\"Petroleiro\" href=\"http:\/\/pt.wikipedia.org\/wiki\/Petroleiro\">petroleiro<\/a> <a title=\"Noruega\" href=\"http:\/\/pt.wikipedia.org\/wiki\/Noruega\">noruegu\u00eas<\/a> &#8220;Velma&#8221;. A embarca\u00e7\u00e3o, fretada pela\u00a0<a title=\"ExxonMobil\" href=\"http:\/\/pt.wikipedia.org\/wiki\/ExxonMobil\">Mobil Oil<\/a>, transportava da\u00a0<a title=\"Am\u00e9rica Central\" href=\"http:\/\/pt.wikipedia.org\/wiki\/Am%C3%A9rica_Central\">Am\u00e9rica Central<\/a> onze milh\u00f5es de litros de\u00a0<a title=\"Combust\u00edvel para avia\u00e7\u00e3o\" href=\"http:\/\/pt.wikipedia.org\/wiki\/Combust%C3%ADvel_para_avia%C3%A7%C3%A3o\">combust\u00edvel para avia\u00e7\u00e3o<\/a> (JP-1), para abastecimento do\u00a0<a title=\"Aeroporto de Santa Maria (A\u00e7ores)\" href=\"http:\/\/pt.wikipedia.org\/wiki\/Aeroporto_de_Santa_Maria_(A%C3%A7ores)\">Aeroporto de Santa Maria<\/a>. A\u00a0<a title=\"1 de fevereiro\" href=\"http:\/\/pt.wikipedia.org\/wiki\/1_de_fevereiro\">1 de fevereiro<\/a> de\u00a0<a title=\"1961\" href=\"http:\/\/pt.wikipedia.org\/wiki\/1961\">1961<\/a>, a embarca\u00e7\u00e3o encalhou num baixio \u00e0 entrada do porto de Vila do Porto, pelo lado da ponta do Marv\u00e3o. Esperou-se que com a subida da mar\u00e9 o navio viesse a soltar-se, o que n\u00e3o aconteceu, permanecendo este com a popa sobre a baixa. Dias mais tarde, a\u00a0<a title=\"18 de Fevereiro\" href=\"http:\/\/pt.wikipedia.org\/wiki\/18_de_Fevereiro\">18 de Fevereiro<\/a> de\u00a0<a title=\"1961\" href=\"http:\/\/pt.wikipedia.org\/wiki\/1961\">1961<\/a><sup id=\"cite_ref-30\"><a href=\"http:\/\/pt.wikipedia.org\/wiki\/Ilha_de_Santa_Maria#cite_note-30\">[31]<\/a><\/sup>, com mau tempo, a embarca\u00e7\u00e3o come\u00e7ou a derramar \u00f3leo no mar, vindo a partir-se em duas. A tripula\u00e7\u00e3o, de 45 homens, foi evacuada sem incidentes. Foram recuperados apenas cerca de 300 a 400 mil litros de combust\u00edvel: o restante perdeu-se no mar. Diante do risco \u00e0 navega\u00e7\u00e3o causado pelos destro\u00e7os, grande parte dos mesmos foi desmantelado e removido nos anos seguintes, por uma empresa que exportou a sucata que conseguiu recuperar.<sup id=\"cite_ref-31\"><a href=\"http:\/\/pt.wikipedia.org\/wiki\/Ilha_de_Santa_Maria#cite_note-31\">[32]<\/a><\/sup><\/p>\n<p>A ilha foi palco ainda, em\u00a0<a title=\"8 de fevereiro\" href=\"http:\/\/pt.wikipedia.org\/wiki\/8_de_fevereiro\">8 de fevereiro<\/a> de\u00a0<a title=\"1989\" href=\"http:\/\/pt.wikipedia.org\/wiki\/1989\">1989<\/a>, do maior acidente da hist\u00f3ria da avia\u00e7\u00e3o no pa\u00eds, com uma aeronave\u00a0<a title=\"Boeing 707\" href=\"http:\/\/pt.wikipedia.org\/wiki\/Boeing_707\">Boeing 707<\/a>, que se chocou contra o\u00a0<a title=\"Pico Alto (Vila do Porto)\" href=\"http:\/\/pt.wikipedia.org\/wiki\/Pico_Alto_(Vila_do_Porto)\">Pico Alto<\/a>, tendo perecido 144 pessoas, sem sobreviventes.<\/p>\n<h3>O s\u00e9culo XXI<\/h3>\n<p>Em\u00a0<a title=\"2007\" href=\"http:\/\/pt.wikipedia.org\/wiki\/2007\">2007<\/a> foi inaugurada na ilha uma base operacional da\u00a0<a title=\"Ag\u00eancia Espacial Europeia\" href=\"http:\/\/pt.wikipedia.org\/wiki\/Ag%C3%AAncia_Espacial_Europeia\">Ag\u00eancia Espacial Europeia<\/a> (ESA).<\/p>\n<h2>Economia<\/h2>\n<div>\n<div>\n<p><a href=\"http:\/\/pt.wikipedia.org\/wiki\/Ficheiro:Quonset_hut_s_maria_1.JPG\"><img decoding=\"async\" loading=\"lazy\" src=\"http:\/\/upload.wikimedia.org\/wikipedia\/commons\/thumb\/1\/16\/Quonset_hut_s_maria_1.JPG\/220px-Quonset_hut_s_maria_1.JPG\" alt=\"\" width=\"220\" height=\"165\" \/><\/a><\/p>\n<div>Antigo\u00a0<a title=\"Quonset hut\" href=\"http:\/\/pt.wikipedia.org\/wiki\/Quonset_hut\">Quonset hut<\/a>, erguido pelas for\u00e7as \u00a0dos Estados Unidos na\u00a0<a title=\"Segunda Guerra Mundial\" href=\"http:\/\/pt.wikipedia.org\/wiki\/Segunda_Guerra_Mundial\">Segunda Guerra Mundial<\/a>.<\/div>\n<\/div>\n<\/div>\n<div>\n<div>\n<p><a href=\"http:\/\/pt.wikipedia.org\/wiki\/Ficheiro:Fiat_g91_s_maria_4.JPG\"><img decoding=\"async\" loading=\"lazy\" src=\"http:\/\/upload.wikimedia.org\/wikipedia\/commons\/thumb\/d\/de\/Fiat_g91_s_maria_4.JPG\/220px-Fiat_g91_s_maria_4.JPG\" alt=\"\" width=\"220\" height=\"165\" \/><\/a><\/p>\n<div>Antigo ca\u00e7a\u00a0<a title=\"Fiat G.91\" href=\"http:\/\/pt.wikipedia.org\/wiki\/Fiat_G.91\">Fiat G.91<\/a> da FAP.<\/div>\n<\/div>\n<\/div>\n<p>Em linhas gerais, a economia da ilha seguiu os ciclos t\u00edpicos da evolu\u00e7\u00e3o da base produtiva a\u00e7oriana. Perif\u00e9rica em rela\u00e7\u00e3o ao arquip\u00e9lago e \u00e0s rotas atl\u00e2nticas da\u00a0<a title=\"Volta do largo\" href=\"http:\/\/pt.wikipedia.org\/wiki\/Volta_do_largo\">volta do largo<\/a>, a ilha esteve exclu\u00edda das grandes rotas comerciais, dedicando-se quase exclusivamente \u00e0\u00a0<a title=\"Agricultura\" href=\"http:\/\/pt.wikipedia.org\/wiki\/Agricultura\">agricultura<\/a>, inicialmente centrada no plantio de\u00a0<a title=\"Cana-de-a\u00e7\u00facar\" href=\"http:\/\/pt.wikipedia.org\/wiki\/Cana-de-a%C3%A7%C3%BAcar\">cana-de-a\u00e7\u00facar<\/a> e produ\u00e7\u00e3o de\u00a0<a title=\"A\u00e7\u00facar\" href=\"http:\/\/pt.wikipedia.org\/wiki\/A%C3%A7%C3%BAcar\">a\u00e7\u00facar<\/a>. Sem condi\u00e7\u00f5es de concorrer com os a\u00e7\u00facares do\u00a0<a title=\"Brasil\" href=\"http:\/\/pt.wikipedia.org\/wiki\/Brasil\">Brasil<\/a> a partir de meados do\u00a0<a title=\"S\u00e9culo XVI\" href=\"http:\/\/pt.wikipedia.org\/wiki\/S%C3%A9culo_XVI\">s\u00e9culo XVI<\/a>, desenvolveram-se em seguida as culturas de\u00a0<a title=\"Trigo\" href=\"http:\/\/pt.wikipedia.org\/wiki\/Trigo\">trigo<\/a> e\u00a0<a title=\"Pastel\" href=\"http:\/\/pt.wikipedia.org\/wiki\/Pastel\">pastel<\/a> at\u00e9 ao s\u00e9culo\u00a0<a title=\"XVII\" href=\"http:\/\/pt.wikipedia.org\/wiki\/XVII\">XVII<\/a>, que por sua vez deram lugar \u00e0 de\u00a0<a title=\"Milho\" href=\"http:\/\/pt.wikipedia.org\/wiki\/Milho\">milho<\/a> e de\u00a0<a title=\"Laranja\" href=\"http:\/\/pt.wikipedia.org\/wiki\/Laranja\">laranja<\/a>, que &#8211; com o fim dos morgadios &#8211; recaiu em uma\u00a0<a title=\"Agricultura de subsist\u00eancia\" href=\"http:\/\/pt.wikipedia.org\/wiki\/Agricultura_de_subsist%C3%AAncia\">agricultura de subsist\u00eancia<\/a> assente numa produ\u00e7\u00e3o cereal\u00edfera relativamente pobre, nalguns vinhedos aninhados nas zonas mais abrigadas da ilha e, naquilo em que a ilha difere do resto das demais do arquip\u00e9lago, numa importante produ\u00e7\u00e3o de\u00a0<a title=\"Cal\" href=\"http:\/\/pt.wikipedia.org\/wiki\/Cal\">cal<\/a> e extra\u00e7\u00e3o de\u00a0<a title=\"Barro\" href=\"http:\/\/pt.wikipedia.org\/wiki\/Barro\">barro<\/a>. Este \u00faltimo deu origem a uma ind\u00fastria local de olaria, al\u00e9m de abastecer as olarias de\u00a0<a title=\"Ilha de S\u00e3o Miguel\" href=\"http:\/\/pt.wikipedia.org\/wiki\/Ilha_de_S%C3%A3o_Miguel\">S\u00e3o Miguel<\/a> e outras ilhas.<\/p>\n<p>Ao contr\u00e1rio da generalidade das outras ilhas, a cria\u00e7\u00e3o de gado e a produ\u00e7\u00e3o de lactic\u00ednios nunca chegou a dominar a economia local. Ainda assim, a\u00a0<a title=\"Agropecu\u00e1ria\" href=\"http:\/\/pt.wikipedia.org\/wiki\/Agropecu%C3%A1ria\">agropecu\u00e1ria<\/a> constitui a base da economia rural do concelho, onde a \u00e1rea agr\u00edcola ocupa 47,6% do territ\u00f3rio. A actividade \u00e9 praticada em pequenas explora\u00e7\u00f5es, destacando-se as culturas forrageiras, os prados e as pastagens permanentes. Em termos de\u00a0<a title=\"Pecu\u00e1ria\" href=\"http:\/\/pt.wikipedia.org\/wiki\/Pecu%C3%A1ria\">pecu\u00e1ria<\/a> o rebanho da ilha \u00e9 essencialmente voltado para a\u00a0<a title=\"Pecu\u00e1ria de corte\" href=\"http:\/\/pt.wikipedia.org\/wiki\/Pecu%C3%A1ria_de_corte\">pecu\u00e1ria de corte<\/a>, formado pelas ra\u00e7as\u00a0<a title=\"Charolais\" href=\"http:\/\/pt.wikipedia.org\/wiki\/Charolais\">Charolais<\/a> e\u00a0<a title=\"Limousin (bovino)\" href=\"http:\/\/pt.wikipedia.org\/wiki\/Limousin_(bovino)\">Limousin<\/a>.<\/p>\n<p>A ilha apresenta uma baixa densidade florestal, com apenas 19 hectares de \u00e1rea florestada de produ\u00e7\u00e3o, salientando-se as planta\u00e7\u00f5es de\u00a0<a title=\"Criptom\u00e9ria\" href=\"http:\/\/pt.wikipedia.org\/wiki\/Criptom%C3%A9ria\">criptom\u00e9ria<\/a> nas faldas do Pico Alto. As zonas de matas s\u00e3o dominadas pelo incenso (&#8220;<em><a title=\"Pittosporum undulatum\" href=\"http:\/\/pt.wikipedia.org\/wiki\/Pittosporum_undulatum\">Pittosporum undulatum<\/a><\/em>&#8220;), zimbros (&#8220;<em><a title=\"Juniperus\" href=\"http:\/\/pt.wikipedia.org\/wiki\/Juniperus\">Juniperus<\/a><\/em>&#8220;) e\u00a0<a title=\"Loureiro\" href=\"http:\/\/pt.wikipedia.org\/wiki\/Loureiro\">loureiros<\/a>.<\/p>\n<p>A\u00a0<a title=\"Pesca\" href=\"http:\/\/pt.wikipedia.org\/wiki\/Pesca\">pesca<\/a> tamb\u00e9m \u00e9 factor importante na vida da ilha, embora claramente secund\u00e1rio em rela\u00e7\u00e3o \u00e0 actividade\u00a0<a title=\"Aeron\u00e1utica\" href=\"http:\/\/pt.wikipedia.org\/wiki\/Aeron%C3%A1utica\">aeron\u00e1utica<\/a>, ao\u00a0<a title=\"Turismo\" href=\"http:\/\/pt.wikipedia.org\/wiki\/Turismo\">turismo<\/a> e \u00e0\u00a0<a title=\"Agropecu\u00e1ria\" href=\"http:\/\/pt.wikipedia.org\/wiki\/Agropecu%C3%A1ria\">agropecu\u00e1ria<\/a>.<\/p>\n<p>Quanto ao\u00a0<a title=\"Setor secund\u00e1rio\" href=\"http:\/\/pt.wikipedia.org\/wiki\/Setor_secund%C3%A1rio\">setor secund\u00e1rio<\/a>, embora no passado tenha existido al\u00e9m de uma ind\u00fastria de<a title=\"Cer\u00e2mica\" href=\"http:\/\/pt.wikipedia.org\/wiki\/Cer%C3%A2mica\">cer\u00e2mica<\/a> utilit\u00e1ria, uma ind\u00fastria de processamento de\u00a0<a title=\"Cet\u00e1ceo\" href=\"http:\/\/pt.wikipedia.org\/wiki\/Cet%C3%A1ceo\">cet\u00e1ceos<\/a> (a\u00a0<a title=\"F\u00e1brica da Baleia do Castelo\" href=\"http:\/\/pt.wikipedia.org\/wiki\/F%C3%A1brica_da_Baleia_do_Castelo\">F\u00e1brica da Baleia do Castelo<\/a>) e outra de\u00a0<a title=\"Atum\" href=\"http:\/\/pt.wikipedia.org\/wiki\/Atum\">tun\u00eddeos<\/a> (a F\u00e1brica de Conservas Corretora), \u00e9 de referir a exist\u00eancia de algumas serra\u00e7\u00f5es de\u00a0<a title=\"Madeira\" href=\"http:\/\/pt.wikipedia.org\/wiki\/Madeira\">madeira<\/a>, fabrico de blocos e de panifica\u00e7\u00e3o.<\/p>\n<p>No\u00a0<a title=\"Setor terci\u00e1rio\" href=\"http:\/\/pt.wikipedia.org\/wiki\/Setor_terci%C3%A1rio\">setor terci\u00e1rio<\/a>, a ilha conta com artesanato, com\u00e9rcio e servi\u00e7os, embora essencialmente voltados para o\u00a0<a title=\"Turismo\" href=\"http:\/\/pt.wikipedia.org\/wiki\/Turismo\">turismo<\/a>. Neste \u00faltimo segmento, as principais actividades e atrac\u00e7\u00f5es consistem na pr\u00e1tica de desportos n\u00e1uticos, nomeadamente\u00a0<a title=\"Windsurf\" href=\"http:\/\/pt.wikipedia.org\/wiki\/Windsurf\">windsurf<\/a>,\u00a0<a title=\"Vela (desporto)\" href=\"http:\/\/pt.wikipedia.org\/wiki\/Vela_(desporto)\">vela<\/a>,\u00a0<a title=\"Esqui aqu\u00e1tico\" href=\"http:\/\/pt.wikipedia.org\/wiki\/Esqui_aqu%C3%A1tico\">esqui aqu\u00e1tico<\/a>,<a title=\"Surfe\" href=\"http:\/\/pt.wikipedia.org\/wiki\/Surfe\">surfe<\/a>,\u00a0<a title=\"Pesca recreativa\" href=\"http:\/\/pt.wikipedia.org\/wiki\/Pesca_recreativa\">pesca recreativa<\/a> e\u00a0<a title=\"Pesca desportiva\" href=\"http:\/\/pt.wikipedia.org\/wiki\/Pesca_desportiva\">desportiva<\/a>,\u00a0<a title=\"Mergulho\" href=\"http:\/\/pt.wikipedia.org\/wiki\/Mergulho\">mergulho<\/a> e\u00a0<a title=\"Ca\u00e7a submarina\" href=\"http:\/\/pt.wikipedia.org\/wiki\/Ca%C3%A7a_submarina\">ca\u00e7a submarina<\/a>. Para estes \u00faltimos, as \u00e1guas da ilha oferecem\u00a0<a title=\"Sargo-de-bei\u00e7o\" href=\"http:\/\/pt.wikipedia.org\/wiki\/Sargo-de-bei%C3%A7o\">sargos<\/a>, vejas,\u00a0<a title=\"Pargo\" href=\"http:\/\/pt.wikipedia.org\/wiki\/Pargo\">pargos<\/a>,<a title=\"Garoupa\" href=\"http:\/\/pt.wikipedia.org\/wiki\/Garoupa\">garoupas<\/a>, bodi\u00f5es,\u00a0<a title=\"Cavala\" href=\"http:\/\/pt.wikipedia.org\/wiki\/Cavala\">cavalas<\/a>,\u00a0<a title=\"Anchova\" href=\"http:\/\/pt.wikipedia.org\/wiki\/Anchova\">anchovas<\/a>, bicudas e serras. Tamb\u00e9m \u00e9 poss\u00edvel fazer praia, passeios e ca\u00e7a ao\u00a0<a title=\"Coelho\" href=\"http:\/\/pt.wikipedia.org\/wiki\/Coelho\">coelho<\/a>.<\/p>\n<p>A ilha conta com v\u00e1rias unidades\u00a0<a title=\"Hotel\" href=\"http:\/\/pt.wikipedia.org\/wiki\/Hotel\">hoteleiras<\/a>, de\u00a0<a title=\"Turismo de habita\u00e7\u00e3o\" href=\"http:\/\/pt.wikipedia.org\/wiki\/Turismo_de_habita%C3%A7%C3%A3o\">turismo de habita\u00e7\u00e3o<\/a> e de\u00a0<a title=\"Turismo rural\" href=\"http:\/\/pt.wikipedia.org\/wiki\/Turismo_rural\">turismo rural<\/a>. Os circuitos pedonais e miradouros da ilha encontram-se bem sinalizados, permitindo ao visitante usufruir tanto das paisagens naturais quanto das informa\u00e7\u00f5es sobre o\u00a0<a title=\"Meio-ambiente\" href=\"http:\/\/pt.wikipedia.org\/wiki\/Meio-ambiente\">meio-ambiente<\/a>das \u00e1reas protegidas na ilha.<\/p>\n<p>A inaugura\u00e7\u00e3o da Marina de Vila do Porto (<a title=\"2008\" href=\"http:\/\/pt.wikipedia.org\/wiki\/2008\">2008<\/a>) aumentou o potencial tur\u00edstico, nacional e internacional, da ilha.<\/p>\n<p>A recente decis\u00e3o da\u00a0<a title=\"Ag\u00eancia Espacial Europeia\" href=\"http:\/\/pt.wikipedia.org\/wiki\/Ag%C3%AAncia_Espacial_Europeia\">Ag\u00eancia Espacial Europeia<\/a> (ESA), de instalar uma esta\u00e7\u00e3o de rastreio m\u00f3vel de\u00a0<a title=\"Sat\u00e9lite artificial\" href=\"http:\/\/pt.wikipedia.org\/wiki\/Sat%C3%A9lite_artificial\">sat\u00e9lites<\/a> na ilha veio reacender o debate sobre o futuro da ilha, hoje dependente quase exclusivamente das actividades aeron\u00e1uticas.<\/p>\n<h2>Cultura e tradi\u00e7\u00f5es<\/h2>\n<div>\n<div>\n<p><a href=\"http:\/\/pt.wikipedia.org\/wiki\/Ficheiro:Santo_cristo_v_porto_2008.JPG\"><img decoding=\"async\" loading=\"lazy\" src=\"http:\/\/upload.wikimedia.org\/wikipedia\/commons\/thumb\/4\/40\/Santo_cristo_v_porto_2008.JPG\/220px-Santo_cristo_v_porto_2008.JPG\" alt=\"\" width=\"220\" height=\"286\" \/><\/a><\/p>\n<div>Imagem do Senhor Santo Cristo (Vila do Porto, 2008).<\/div>\n<\/div>\n<\/div>\n<p>Como nas demais ilhas a\u00e7orianas, uma das actividades culturais mais marcantes s\u00e3o as celebra\u00e7\u00f5es do\u00a0<a title=\"Irmandades do Divino Esp\u00edrito Santo\" href=\"http:\/\/pt.wikipedia.org\/wiki\/Irmandades_do_Divino_Esp%C3%ADrito_Santo\">Divino Esp\u00edrito Santo<\/a>, que remontam ao in\u00edcio do povoamento e ao papel de destaque que a\u00a0<a title=\"Ordem de Cristo\" href=\"http:\/\/pt.wikipedia.org\/wiki\/Ordem_de_Cristo\">Ordem de Cristo<\/a> e os\u00a0<a title=\"Ordem dos Frades Menores\" href=\"http:\/\/pt.wikipedia.org\/wiki\/Ordem_dos_Frades_Menores\">Franciscanos<\/a> tiveram na vida religiosa do arquip\u00e9lago. As festividades incluem a coroa\u00e7\u00e3o de uma ou mais crian\u00e7as, em que o &#8220;Imperador&#8221; usa um\u00a0<a title=\"Ceptro\" href=\"http:\/\/pt.wikipedia.org\/wiki\/Ceptro\">ceptro<\/a> e uma\u00a0<a title=\"Coroa\" href=\"http:\/\/pt.wikipedia.org\/wiki\/Coroa\">coroa<\/a> de\u00a0<a title=\"Prata\" href=\"http:\/\/pt.wikipedia.org\/wiki\/Prata\">prata<\/a>, s\u00edmbolos do\u00a0<a title=\"Esp\u00edrito Santo\" href=\"http:\/\/pt.wikipedia.org\/wiki\/Esp%C3%ADrito_Santo\">Esp\u00edrito Santo<\/a>, culminando com uma grande festa no s\u00e9timo domingo depois da\u00a0<a title=\"P\u00e1scoa\" href=\"http:\/\/pt.wikipedia.org\/wiki\/P%C3%A1scoa\">P\u00e1scoa<\/a>, o domingo de\u00a0<a title=\"Pentecostes\" href=\"http:\/\/pt.wikipedia.org\/wiki\/Pentecostes\">Pentecostes<\/a>. Na ocasi\u00e3o s\u00e3o realizados os &#8220;Imp\u00e9rios&#8221; em honra do Esp\u00edrito Santo, quando s\u00e3o distribu\u00eddas gratuitamente as chamadas &#8220;sopas&#8221;, cozinhadas segundo as antigas tradi\u00e7\u00f5es.<\/p>\n<p>Para al\u00e9m desta festa, celebrada em todas as freguesias, decorre em Vila do Porto a celebra\u00e7\u00e3o do Senhor Santo Cristo dos Milagres.<\/p>\n<p>A\u00a0<a title=\"15 de Agosto\" href=\"http:\/\/pt.wikipedia.org\/wiki\/15_de_Agosto\">15 de Agosto<\/a> ocorrem as festividades em homenagem \u00e0 padroeira, Nossa Senhora da Assun\u00e7\u00e3o.<\/p>\n<p>Ainda no m\u00eas de Agosto, geralmente no \u00faltimo fim-de-semana, realiza-se desde\u00a0<a title=\"1984\" href=\"http:\/\/pt.wikipedia.org\/wiki\/1984\">1984<\/a>, na praia Formosa, o\u00a0<a title=\"Festival Mar\u00e9 de Agosto\" href=\"http:\/\/pt.wikipedia.org\/wiki\/Festival_Mar%C3%A9_de_Agosto\">Festival Mar\u00e9 de Agosto<\/a>, um dos mais concorridos do arquip\u00e9lago, e que conta com atra\u00e7\u00f5es musicais nacionais e internacionais.<\/p>\n<p>No Ver\u00e3o, a praia Formosa e praia de S\u00e3o Louren\u00e7o s\u00e3o as mais concorridas n\u00e3o apenas pelos banhistas como tamb\u00e9m para a pr\u00e1tica de desportos n\u00e1uticos.<\/p>\n<p>A temporada encerra-se com a festa da\u00a0<a title=\"Confraria dos Escravos da Cadainha\" href=\"http:\/\/pt.wikipedia.org\/wiki\/Confraria_dos_Escravos_da_Cadainha\">Confraria dos Escravos da Cadainha<\/a>, nos Anjos, no m\u00eas de Setembro.<\/p>\n<p>A n\u00edvel de\u00a0<a title=\"Artesanato\" href=\"http:\/\/pt.wikipedia.org\/wiki\/Artesanato\">artesanato<\/a> destacam-se a confec\u00e7\u00e3o de\u00a0<a title=\"Lou\u00e7a\" href=\"http:\/\/pt.wikipedia.org\/wiki\/Lou%C3%A7a\">lou\u00e7a<\/a> e de outras pe\u00e7as de\u00a0<a title=\"Olaria\" href=\"http:\/\/pt.wikipedia.org\/wiki\/Olaria\">olaria<\/a> em barro vermelho (cuja tradi\u00e7\u00e3o atualmente se procura recuperar), as camisolas de\u00a0<a title=\"L\u00e3\" href=\"http:\/\/pt.wikipedia.org\/wiki\/L%C3%A3\">l\u00e3<\/a> feitas manualmente, as mantas de retalhos coloridas e os panos de\u00a0<a title=\"Linho\" href=\"http:\/\/pt.wikipedia.org\/wiki\/Linho\">linho<\/a>, os\u00a0<a title=\"Chap\u00e9u\" href=\"http:\/\/pt.wikipedia.org\/wiki\/Chap%C3%A9u\">chap\u00e9us<\/a> de\u00a0<a title=\"Palha\" href=\"http:\/\/pt.wikipedia.org\/wiki\/Palha\">palha<\/a>, os\u00a0<a title=\"Cesto\" href=\"http:\/\/pt.wikipedia.org\/wiki\/Cesto\">cestos<\/a> de<a title=\"Vime\" href=\"http:\/\/pt.wikipedia.org\/wiki\/Vime\">vime<\/a> e v\u00e1rios objectos em\u00a0<a title=\"Madeira (material)\" href=\"http:\/\/pt.wikipedia.org\/wiki\/Madeira_(material)\">madeira<\/a> e\u00a0<a title=\"Ferro\" href=\"http:\/\/pt.wikipedia.org\/wiki\/Ferro\">ferro<\/a>. Al\u00e9m de diversas\u00a0<a title=\"Cooperativa\" href=\"http:\/\/pt.wikipedia.org\/wiki\/Cooperativa\">cooperativas<\/a> de artes\u00e3os, a ilha conta com um\u00a0<a title=\"Museu\" href=\"http:\/\/pt.wikipedia.org\/wiki\/Museu\">museu<\/a> para expor o aspecto hist\u00f3rico e cultural desta produ\u00e7\u00e3o: o\u00a0<a title=\"Museu de Santa Maria\" href=\"http:\/\/pt.wikipedia.org\/wiki\/Museu_de_Santa_Maria\">Museu de Santa Maria<\/a>, localizado na freguesia de Santo Esp\u00edrito.<\/p>\n<p>A\u00a0<a title=\"Gastronomia\" href=\"http:\/\/pt.wikipedia.org\/wiki\/Gastronomia\">gastronomia<\/a> da ilha \u00e9 rica, destacando-se o caldo de\u00a0<a title=\"Nabo\" href=\"http:\/\/pt.wikipedia.org\/wiki\/Nabo\">nabos<\/a>, o bolo na panela, a ca\u00e7oila, o molho de f\u00edgado, a sopa e a caldeirada de<a title=\"Peixe\" href=\"http:\/\/pt.wikipedia.org\/wiki\/Peixe\">peixe<\/a>. Entre os\u00a0<a title=\"Marisco\" href=\"http:\/\/pt.wikipedia.org\/wiki\/Marisco\">mariscos<\/a> citam-se o cavaco, as lapas e as cracas. No campo da do\u00e7aria, citam-se os biscoitos encanelados, os de orelha, os brancos, os de aguardente e as cavacas. Entre as bebidas, o vinho de cheiro, o vinho abafado, o abafadinho, os\u00a0<a title=\"Licor\" href=\"http:\/\/pt.wikipedia.org\/wiki\/Licor\">licores<\/a> de\u00a0<a title=\"Amora\" href=\"http:\/\/pt.wikipedia.org\/wiki\/Amora\">amora<\/a>, de\u00a0<a title=\"Leite\" href=\"http:\/\/pt.wikipedia.org\/wiki\/Leite\">leite<\/a>e a\u00a0<a title=\"Aguardente\" href=\"http:\/\/pt.wikipedia.org\/wiki\/Aguardente\">aguardente<\/a>, s\u00e3o t\u00edpicos.<\/p>\n<h3>Lendas tradicionais<\/h3>\n<p>As principais\u00a0<a title=\"Lenda\" href=\"http:\/\/pt.wikipedia.org\/wiki\/Lenda\">lendas<\/a> da ilha, tradicionalmente passadas de gera\u00e7\u00e3o a gera\u00e7\u00e3o, s\u00e3o:<\/p>\n<ul>\n<li><em><a title=\"Lenda da descoberta da ilha de Santa Maria\" href=\"http:\/\/pt.wikipedia.org\/wiki\/Lenda_da_descoberta_da_ilha_de_Santa_Maria\">Lenda da descoberta da ilha de Santa Maria<\/a><\/em><\/li>\n<li><em>A Ilha Encantada<\/em> &#8211; sobre uma ilha que, de sete em sete anos, surgia no Poente, podendo-se ver detalhes como os das pessoas \u00e0s<a title=\"Janela\" href=\"http:\/\/pt.wikipedia.org\/wiki\/Janela\">janelas<\/a> das casas e as suas\u00a0<a title=\"Roupa\" href=\"http:\/\/pt.wikipedia.org\/wiki\/Roupa\">roupas<\/a> estendidas a secar.<\/li>\n<li><em>A Cruz dos Anjos<\/em> &#8211; ligada \u00e0 constru\u00e7\u00e3o da\u00a0<a title=\"Ermida de Nossa Senhora dos Anjos (Vila do Porto)\" href=\"http:\/\/pt.wikipedia.org\/wiki\/Ermida_de_Nossa_Senhora_dos_Anjos_(Vila_do_Porto)\">Ermida dos Anjos<\/a>.<\/li>\n<li><em>O Canavial dos Piratas<\/em> &#8211; tamb\u00e9m ligada \u00e0 Ermida dos Anjos: quando de um desembarque de\u00a0<a title=\"Piratas da Barb\u00e1ria\" href=\"http:\/\/pt.wikipedia.org\/wiki\/Piratas_da_Barb%C3%A1ria\">piratas mouros<\/a>, um\u00a0<a title=\"Cana de a\u00e7\u00facar\" href=\"http:\/\/pt.wikipedia.org\/wiki\/Cana_de_a%C3%A7%C3%BAcar\">canavial<\/a> brotou miraculosamente, ocultando a ermida da vista da vista deles, que desse modo foi poupada.<\/li>\n<li><em>O pirata Bei<\/em> &#8211; ligada \u00e0s incurs\u00f5es de piratas mouros \u00e0 ilha, em busca de v\u00edveres, riquezas e escravos.<\/li>\n<li>A\u00a0<em><a title=\"Lenda da Sereia da Praia\" href=\"http:\/\/pt.wikipedia.org\/wiki\/Lenda_da_Sereia_da_Praia\">Lenda da Sereia da Praia<\/a><\/em> &#8211; sobre um\u00a0<a title=\"Pesca\" href=\"http:\/\/pt.wikipedia.org\/wiki\/Pesca\">pescador<\/a> que se apaixona por uma\u00a0<a title=\"Sereia\" href=\"http:\/\/pt.wikipedia.org\/wiki\/Sereia\">sereia<\/a> na praia. Capturada, perde as\u00a0<a title=\"Guelra\" href=\"http:\/\/pt.wikipedia.org\/wiki\/Guelra\">guelras<\/a> e os atributos de sereia por meio de um esconjuro feito pelo pescador, adquirindo a forma humana e sendo ent\u00e3o por este desposada.<\/li>\n<li><em>O T\u00e1vora<\/em> &#8211; sobre um indiv\u00edduo ligado \u00e0\u00a0<a title=\"Casa dos T\u00e1voras\" href=\"http:\/\/pt.wikipedia.org\/wiki\/Casa_dos_T%C3%A1voras\">Casa dos T\u00e1voras<\/a>, na ilha refugiado \u00e0 persegui\u00e7\u00e3o do\u00a0<a title=\"Marqu\u00eas de Pombal\" href=\"http:\/\/pt.wikipedia.org\/wiki\/Marqu%C3%AAs_de_Pombal\">Marqu\u00eas de Pombal<\/a>, cujo\u00a0<a title=\"Esqueleto\" href=\"http:\/\/pt.wikipedia.org\/wiki\/Esqueleto\">esqueleto<\/a> foi encontrado entaipado em um antigo solar em Vila do Porto.<\/li>\n<li><em>O Ermit\u00e3o<\/em> &#8211; acerca de um indiv\u00edduo que teria vivido na furna de Santana, afamado por curar\u00a0<a title=\"Impingem\" href=\"http:\/\/pt.wikipedia.org\/wiki\/Impingem\">impingem<\/a> e cobrelo com benzeduras e mezinhas.<\/li>\n<li><em>O Tesouro<\/em> &#8211; que justifica a mancha cali\u00e7ada, que se avista no rochedo de Malbusca, como a\u00a0<a title=\"Porta\" href=\"http:\/\/pt.wikipedia.org\/wiki\/Porta\">porta<\/a> de um grande\u00a0<a title=\"Tesouro\" href=\"http:\/\/pt.wikipedia.org\/wiki\/Tesouro\">tesouro<\/a> ali escondido \u00e0 \u00e9poca dos\u00a0<a title=\"Dinastia Filipina\" href=\"http:\/\/pt.wikipedia.org\/wiki\/Dinastia_Filipina\">Castelhanos<\/a>.<\/li>\n<li><em>A furna do Santo Cristo<\/em> &#8211; alusiva ao achamento de uma imagem do Santo Cristo, depois conduzida em prociss\u00e3o para a Igreja da Miseric\u00f3rdia.<\/li>\n<li><em>A furna de Sant&#8217;Ana<\/em> &#8211; alusiva \u00e0 invas\u00e3o de\u00a0<a title=\"Piratas da Barb\u00e1ria\" href=\"http:\/\/pt.wikipedia.org\/wiki\/Piratas_da_Barb%C3%A1ria\">piratas da Barb\u00e1ria<\/a> em\u00a0<a title=\"1616\" href=\"http:\/\/pt.wikipedia.org\/wiki\/1616\">1616<\/a><\/li>\n<li><em><a title=\"Lenda da Donzela Encantada da ilha de Santa Maria\" href=\"http:\/\/pt.wikipedia.org\/wiki\/Lenda_da_Donzela_Encantada_da_ilha_de_Santa_Maria\">Lenda da Donzela Encantada da ilha de Santa Maria<\/a><\/em><\/li>\n<\/ul>\n<h2>Patrim\u00f3nio edificado<\/h2>\n<div>\n<div>\n<p><a href=\"http:\/\/pt.wikipedia.org\/wiki\/Ficheiro:Farol_de_Gon%C3%A7alo_Velho.JPG\"><img decoding=\"async\" loading=\"lazy\" src=\"http:\/\/upload.wikimedia.org\/wikipedia\/commons\/thumb\/f\/f5\/Farol_de_Gon%C3%A7alo_Velho.JPG\/220px-Farol_de_Gon%C3%A7alo_Velho.JPG\" alt=\"\" width=\"220\" height=\"165\" \/><\/a><\/p>\n<div><a title=\"Farol de Gon\u00e7alo Velho\" href=\"http:\/\/pt.wikipedia.org\/wiki\/Farol_de_Gon%C3%A7alo_Velho\">Farol de Gon\u00e7alo Velho<\/a> na ponta do Castelo.<\/div>\n<\/div>\n<\/div>\n<div>\n<div>\n<p><a href=\"http:\/\/pt.wikipedia.org\/wiki\/Ficheiro:Igr_n_s_purificacao.JPG\"><img decoding=\"async\" loading=\"lazy\" src=\"http:\/\/upload.wikimedia.org\/wikipedia\/commons\/thumb\/8\/8a\/Igr_n_s_purificacao.JPG\/220px-Igr_n_s_purificacao.JPG\" alt=\"\" width=\"220\" height=\"164\" \/><\/a><\/p>\n<div><a title=\"Igreja de Nossa Senhora da Purifica\u00e7\u00e3o (Santo Esp\u00edrito)\" href=\"http:\/\/pt.wikipedia.org\/wiki\/Igreja_de_Nossa_Senhora_da_Purifica%C3%A7%C3%A3o_(Santo_Esp%C3%ADrito)\">Igreja de N. Sra. da Purifica\u00e7\u00e3o<\/a> no Santo Esp\u00edrito.<\/div>\n<\/div>\n<\/div>\n<div>\n<div>\n<p><a href=\"http:\/\/pt.wikipedia.org\/wiki\/Ficheiro:Torre_conv_s_fracisco_vila_do_porto.JPG\"><img decoding=\"async\" loading=\"lazy\" src=\"http:\/\/upload.wikimedia.org\/wikipedia\/commons\/thumb\/8\/88\/Torre_conv_s_fracisco_vila_do_porto.JPG\/220px-Torre_conv_s_fracisco_vila_do_porto.JPG\" alt=\"\" width=\"220\" height=\"293\" \/><\/a><\/p>\n<div><a title=\"Convento de S\u00e3o Francisco de Vila do Porto\" href=\"http:\/\/pt.wikipedia.org\/wiki\/Convento_de_S%C3%A3o_Francisco_de_Vila_do_Porto\">Convento de S. Francisco<\/a> em Vila do Porto.<\/div>\n<\/div>\n<\/div>\n<div>\n<div>\n<p><a href=\"http:\/\/pt.wikipedia.org\/wiki\/Ficheiro:Monumento_wwi_s_bras_v_porto.JPG\"><img decoding=\"async\" loading=\"lazy\" src=\"http:\/\/upload.wikimedia.org\/wikipedia\/commons\/thumb\/4\/4f\/Monumento_wwi_s_bras_v_porto.JPG\/220px-Monumento_wwi_s_bras_v_porto.JPG\" alt=\"\" width=\"220\" height=\"294\" \/><\/a><\/p>\n<div>Monumento aos mortos da I Guerra Mundial no\u00a0<a title=\"Forte de S\u00e3o Br\u00e1s de Vila do Porto\" href=\"http:\/\/pt.wikipedia.org\/wiki\/Forte_de_S%C3%A3o_Br%C3%A1s_de_Vila_do_Porto\">Forte de S\u00e3o Br\u00e1s<\/a>.<\/div>\n<\/div>\n<\/div>\n<p>O patrim\u00f3nio edificado da ilha \u00e9 constitu\u00eddo por uma ampla varidade de exemplares, de v\u00e1rios tipos &#8211; p\u00fablicos e particulares, civis, religiosos e militares -, protegidos e valorizados por sua import\u00e2ncia hist\u00f3rico-cultural. Por ter sido a primeira ilha do arquip\u00e9lago a ser povoada, \u00e9 o local onde se encontram os mais antigos vest\u00edgios dessa ocupa\u00e7\u00e3o, usufuindo adicionalmente da vantagem de, por n\u00e3o estar t\u00e3o sujeita a sismos ou erup\u00e7\u00f5es vulc\u00e2nicas, n\u00e3o registrou ao longo dos s\u00e9culos perdas por essas causas. Entre os principais exemplares, relacionam-se:<\/p>\n<h3>Arquitetura civil<\/h3>\n<ul>\n<li>Casa do Capit\u00e3o\u00a0<a title=\"Jo\u00e3o Soares de Sousa\" href=\"http:\/\/pt.wikipedia.org\/wiki\/Jo%C3%A3o_Soares_de_Sousa\">Jo\u00e3o Soares de Sousa<\/a><\/li>\n<li><a title=\"Esta\u00e7\u00e3o LORAN de Santa Maria\" href=\"http:\/\/pt.wikipedia.org\/wiki\/Esta%C3%A7%C3%A3o_LORAN_de_Santa_Maria\">Esta\u00e7\u00e3o LORAN de Santa Maria<\/a><\/li>\n<li><a title=\"F\u00e1brica da Baleia do Castelo\" href=\"http:\/\/pt.wikipedia.org\/wiki\/F%C3%A1brica_da_Baleia_do_Castelo\">F\u00e1brica da Baleia do Castelo<\/a><\/li>\n<li><a title=\"Farol de Gon\u00e7alo Velho\" href=\"http:\/\/pt.wikipedia.org\/wiki\/Farol_de_Gon%C3%A7alo_Velho\">Farol de Gon\u00e7alo Velho<\/a> (Farol da Maia)<\/li>\n<li><a title=\"Lagar de Diogo Santos Faleiro\" href=\"http:\/\/pt.wikipedia.org\/wiki\/Lagar_de_Diogo_Santos_Faleiro\">Lagar de Diogo Santos Faleiro<\/a><\/li>\n<\/ul>\n<h3>Arquitetura militar<\/h3>\n<ul>\n<li><a title=\"Forte da Ba\u00eda de S\u00e3o Louren\u00e7o\" href=\"http:\/\/pt.wikipedia.org\/wiki\/Forte_da_Ba%C3%ADa_de_S%C3%A3o_Louren%C3%A7o\">Forte da Ba\u00eda de S\u00e3o Louren\u00e7o<\/a><\/li>\n<li><a title=\"Forte da Baixa do Vig\u00e1rio\" href=\"http:\/\/pt.wikipedia.org\/wiki\/Forte_da_Baixa_do_Vig%C3%A1rio\">Forte da Baixa do Vig\u00e1rio<\/a><\/li>\n<li><a title=\"Forte da Figueira\" href=\"http:\/\/pt.wikipedia.org\/wiki\/Forte_da_Figueira\">Forte da Figueira<\/a><\/li>\n<li><a title=\"Forte da Forca\" href=\"http:\/\/pt.wikipedia.org\/wiki\/Forte_da_Forca\">Forte da Forca<\/a><\/li>\n<li><a title=\"Forte da Laje de Vila do Porto\" href=\"http:\/\/pt.wikipedia.org\/wiki\/Forte_da_Laje_de_Vila_do_Porto\">Forte da Laje de Vila do Porto<\/a><\/li>\n<li><a title=\"Forte da Maia\" href=\"http:\/\/pt.wikipedia.org\/wiki\/Forte_da_Maia\">Forte da Maia<\/a><\/li>\n<li><a title=\"Forte da Prainha\" href=\"http:\/\/pt.wikipedia.org\/wiki\/Forte_da_Prainha\">Forte da Prainha<\/a><\/li>\n<li><a title=\"Forte de Nossa Senhora da Praia dos Anjos\" href=\"http:\/\/pt.wikipedia.org\/wiki\/Forte_de_Nossa_Senhora_da_Praia_dos_Anjos\">Forte de Nossa Senhora da Praia dos Anjos<\/a><\/li>\n<li><a title=\"Forte de S\u00e3o Br\u00e1s de Vila do Porto\" href=\"http:\/\/pt.wikipedia.org\/wiki\/Forte_de_S%C3%A3o_Br%C3%A1s_de_Vila_do_Porto\">Forte de S\u00e3o Br\u00e1s de Vila do Porto<\/a><\/li>\n<li><a title=\"Forte de S\u00e3o Jo\u00e3o Baptista da Praia Formosa\" href=\"http:\/\/pt.wikipedia.org\/wiki\/Forte_de_S%C3%A3o_Jo%C3%A3o_Baptista_da_Praia_Formosa\">Forte de S\u00e3o Jo\u00e3o Baptista da Praia Formosa<\/a><\/li>\n<li><a title=\"Forte de S\u00e3o Jo\u00e3o Evangelista\" href=\"http:\/\/pt.wikipedia.org\/wiki\/Forte_de_S%C3%A3o_Jo%C3%A3o_Evangelista\">Forte de S\u00e3o Jo\u00e3o Evangelista<\/a><\/li>\n<li><a title=\"Forte do Cabrestante\" href=\"http:\/\/pt.wikipedia.org\/wiki\/Forte_do_Cabrestante\">Forte do Cabrestante<\/a><\/li>\n<li><a title=\"Forte do Marv\u00e3o\" href=\"http:\/\/pt.wikipedia.org\/wiki\/Forte_do_Marv%C3%A3o\">Forte do Marv\u00e3o<\/a><\/li>\n<\/ul>\n<h3>Arquitetura religiosa<\/h3>\n<ul>\n<li><a title=\"Convento de S\u00e3o Francisco (Vila do Porto)\" href=\"http:\/\/pt.wikipedia.org\/wiki\/Convento_de_S%C3%A3o_Francisco_(Vila_do_Porto)\">Convento de S\u00e3o Francisco (Vila do Porto)<\/a><\/li>\n<li><a title=\"Ermida de Jesus, Maria, Jos\u00e9\" href=\"http:\/\/pt.wikipedia.org\/wiki\/Ermida_de_Jesus,_Maria,_Jos%C3%A9\">Ermida de Jesus, Maria, Jos\u00e9<\/a> (Santa B\u00e1rbara)<\/li>\n<li><a title=\"Ermida de Nossa Senhora da Boa Morte\" href=\"http:\/\/pt.wikipedia.org\/wiki\/Ermida_de_Nossa_Senhora_da_Boa_Morte\">Ermida de Nossa Senhora da Boa Morte<\/a> (Santo Esp\u00edrito)<\/li>\n<li><a title=\"Ermida de Nossa Senhora da Boa Nova\" href=\"http:\/\/pt.wikipedia.org\/wiki\/Ermida_de_Nossa_Senhora_da_Boa_Nova\">Ermida de Nossa Senhora da Boa Nova<\/a> (Vila do Porto)<\/li>\n<li><a title=\"Ermida de Nossa Senhora da Boa Viagem (Vila do Porto)\" href=\"http:\/\/pt.wikipedia.org\/wiki\/Ermida_de_Nossa_Senhora_da_Boa_Viagem_(Vila_do_Porto)\">Ermida de Nossa Senhora da Boa Viagem (Vila do Porto)<\/a><\/li>\n<li><a title=\"Ermida de Nossa Senhora da Concei\u00e7\u00e3o (Vila do Porto)\" href=\"http:\/\/pt.wikipedia.org\/wiki\/Ermida_de_Nossa_Senhora_da_Concei%C3%A7%C3%A3o_(Vila_do_Porto)\">Ermida de Nossa Senhora da Concei\u00e7\u00e3o (Vila do Porto)<\/a><\/li>\n<li><a title=\"Ermida de Nossa Senhora da Gl\u00f3ria\" href=\"http:\/\/pt.wikipedia.org\/wiki\/Ermida_de_Nossa_Senhora_da_Gl%C3%B3ria\">Ermida de Nossa Senhora da Gl\u00f3ria<\/a> (Santo Esp\u00edrito)<\/li>\n<li><a title=\"Ermida de Nossa Senhora da Gra\u00e7a\" href=\"http:\/\/pt.wikipedia.org\/wiki\/Ermida_de_Nossa_Senhora_da_Gra%C3%A7a\">Ermida de Nossa Senhora da Gra\u00e7a<\/a> (Almagreira)<\/li>\n<li><a title=\"Ermida de Nossa Senhora da Piedade (Santo Esp\u00edrito)\" href=\"http:\/\/pt.wikipedia.org\/wiki\/Ermida_de_Nossa_Senhora_da_Piedade_(Santo_Esp%C3%ADrito)\">Ermida de Nossa Senhora da Piedade (Santo Esp\u00edrito)<\/a><\/li>\n<li><a title=\"Ermida de Nossa Senhora da Sa\u00fade (S\u00e3o Pedro)\" href=\"http:\/\/pt.wikipedia.org\/wiki\/Ermida_de_Nossa_Senhora_da_Sa%C3%BAde_(S%C3%A3o_Pedro)\">Ermida de Nossa Senhora da Sa\u00fade (S\u00e3o Pedro)<\/a><\/li>\n<li><a title=\"Ermida de Nossa Senhora de F\u00e1tima (S\u00e3o Pedro)\" href=\"http:\/\/pt.wikipedia.org\/wiki\/Ermida_de_Nossa_Senhora_de_F%C3%A1tima_(S%C3%A3o_Pedro)\">Ermida de Nossa Senhora de F\u00e1tima (S\u00e3o Pedro)<\/a><\/li>\n<li><a title=\"Ermida de Nossa Senhora de Lurdes\" href=\"http:\/\/pt.wikipedia.org\/wiki\/Ermida_de_Nossa_Senhora_de_Lurdes\">Ermida de Nossa Senhora de Lurdes<\/a> (Santa B\u00e1rbara)<\/li>\n<li><a title=\"Ermida de Nossa Senhora de Monserrate (S\u00e3o Pedro)\" href=\"http:\/\/pt.wikipedia.org\/wiki\/Ermida_de_Nossa_Senhora_de_Monserrate_(S%C3%A3o_Pedro)\">Ermida de Nossa Senhora de Monserrate (S\u00e3o Pedro)<\/a><\/li>\n<li><a title=\"Ermida de Nossa Senhora do Desterro (Santa B\u00e1rbara)\" href=\"http:\/\/pt.wikipedia.org\/wiki\/Ermida_de_Nossa_Senhora_do_Desterro_(Santa_B%C3%A1rbara)\">Ermida de Nossa Senhora do Desterro (Santa B\u00e1rbara)<\/a><\/li>\n<li><a title=\"Ermida de Nossa Senhora do Livramento (Vila do Porto)\" href=\"http:\/\/pt.wikipedia.org\/wiki\/Ermida_de_Nossa_Senhora_do_Livramento_(Vila_do_Porto)\">Ermida de Nossa Senhora do Livramento (Vila do Porto)<\/a><\/li>\n<li><a title=\"Ermida de Nossa Senhora do Monte (Almagreira)\" href=\"http:\/\/pt.wikipedia.org\/wiki\/Ermida_de_Nossa_Senhora_do_Monte_(Almagreira)\">Ermida de Nossa Senhora do Monte (Almagreira)<\/a><\/li>\n<li><a title=\"Ermida de Nossa Senhora do Pilar\" href=\"http:\/\/pt.wikipedia.org\/wiki\/Ermida_de_Nossa_Senhora_do_Pilar\">Ermida de Nossa Senhora do Pilar<\/a> (S\u00e3o Pedro)<\/li>\n<li><a title=\"Ermida de Nossa Senhora dos Anjos (Vila do Porto)\" href=\"http:\/\/pt.wikipedia.org\/wiki\/Ermida_de_Nossa_Senhora_dos_Anjos_(Vila_do_Porto)\">Ermida de Nossa Senhora dos Anjos (Vila do Porto)<\/a><\/li>\n<li><a title=\"Ermida de Nossa Senhora dos Prazeres\" href=\"http:\/\/pt.wikipedia.org\/wiki\/Ermida_de_Nossa_Senhora_dos_Prazeres\">Ermida de Nossa Senhora dos Prazeres<\/a> (Santo Esp\u00edrito)<\/li>\n<li><a title=\"Ermida de Nossa Senhora dos Rem\u00e9dios (Almagreira)\" href=\"http:\/\/pt.wikipedia.org\/wiki\/Ermida_de_Nossa_Senhora_dos_Rem%C3%A9dios_(Almagreira)\">Ermida de Nossa Senhora dos Rem\u00e9dios (Almagreira)<\/a><\/li>\n<li><a title=\"Ermida de Nossa Senhora M\u00e3e de Deus (Vila do Porto)\" href=\"http:\/\/pt.wikipedia.org\/wiki\/Ermida_de_Nossa_Senhora_M%C3%A3e_de_Deus_(Vila_do_Porto)\">Ermida de Nossa Senhora M\u00e3e de Deus (Vila do Porto)<\/a><\/li>\n<li><a title=\"Ermida de Santa Rita (Almagreira)\" href=\"http:\/\/pt.wikipedia.org\/wiki\/Ermida_de_Santa_Rita_(Almagreira)\">Ermida de Santa Rita (Almagreira)<\/a><\/li>\n<li><a title=\"Ermida de Santo Ant\u00f3nio (Santo Esp\u00edrito)\" href=\"http:\/\/pt.wikipedia.org\/wiki\/Ermida_de_Santo_Ant%C3%B3nio_(Santo_Esp%C3%ADrito)\">Ermida de Santo Ant\u00f3nio (Santo Esp\u00edrito)<\/a><\/li>\n<li><a title=\"Ermida de S\u00e3o Louren\u00e7o (Vila do Porto)\" href=\"http:\/\/pt.wikipedia.org\/wiki\/Ermida_de_S%C3%A3o_Louren%C3%A7o_(Vila_do_Porto)\">Ermida de S\u00e3o Louren\u00e7o<\/a> (Santa B\u00e1rbara)<\/li>\n<li><a title=\"Ermida de S\u00e3o Pedro Gon\u00e7alves Telmo\" href=\"http:\/\/pt.wikipedia.org\/wiki\/Ermida_de_S%C3%A3o_Pedro_Gon%C3%A7alves_Telmo\">Ermida de S\u00e3o Pedro Gon\u00e7alves Telmo<\/a> ou Ermida do Corpo Santo (Vila do Porto)<\/li>\n<li><a title=\"Igreja de Nossa Senhora da Purifica\u00e7\u00e3o (Santo Esp\u00edrito)\" href=\"http:\/\/pt.wikipedia.org\/wiki\/Igreja_de_Nossa_Senhora_da_Purifica%C3%A7%C3%A3o_(Santo_Esp%C3%ADrito)\">Igreja de Nossa Senhora da Purifica\u00e7\u00e3o (Santo Esp\u00edrito)<\/a><\/li>\n<li><a title=\"Igreja de Nossa Senhora da Vit\u00f3ria (Vila do Porto)\" href=\"http:\/\/pt.wikipedia.org\/wiki\/Igreja_de_Nossa_Senhora_da_Vit%C3%B3ria_(Vila_do_Porto)\">Igreja de Nossa Senhora da Vit\u00f3ria (Vila do Porto)<\/a><\/li>\n<li><a title=\"Igreja de Nossa Senhora da Miseric\u00f3rdia (Vila do Porto)\" href=\"http:\/\/pt.wikipedia.org\/wiki\/Igreja_de_Nossa_Senhora_da_Miseric%C3%B3rdia_(Vila_do_Porto)\">Igreja de Nossa Senhora da Miseric\u00f3rdia (Vila do Porto)<\/a><\/li>\n<li><a title=\"Igreja de Nossa Senhora do Ar (Vila do Porto)\" href=\"http:\/\/pt.wikipedia.org\/wiki\/Igreja_de_Nossa_Senhora_do_Ar_(Vila_do_Porto)\">Igreja de Nossa Senhora do Ar (Vila do Porto)<\/a><\/li>\n<li><a title=\"Igreja de Nossa Senhora do Bom Despacho (Almagreira)\" href=\"http:\/\/pt.wikipedia.org\/wiki\/Igreja_de_Nossa_Senhora_do_Bom_Despacho_(Almagreira)\">Igreja de Nossa Senhora do Bom Despacho (Almagreira)<\/a><\/li>\n<li><a title=\"Igreja de Santa B\u00e1rbara (Santa B\u00e1rbara)\" href=\"http:\/\/pt.wikipedia.org\/wiki\/Igreja_de_Santa_B%C3%A1rbara_(Santa_B%C3%A1rbara)\">Igreja de Santa B\u00e1rbara (Santa B\u00e1rbara)<\/a><\/li>\n<li><a title=\"Igreja de Santo Ant\u00e3o (Vila do Porto)\" href=\"http:\/\/pt.wikipedia.org\/wiki\/Igreja_de_Santo_Ant%C3%A3o_(Vila_do_Porto)\">Igreja de Santo Ant\u00e3o (Vila do Porto)<\/a><\/li>\n<li><a title=\"Igreja de S\u00e3o Pedro (S\u00e3o Pedro)\" href=\"http:\/\/pt.wikipedia.org\/wiki\/Igreja_de_S%C3%A3o_Pedro_(S%C3%A3o_Pedro)\">Igreja de S\u00e3o Pedro (S\u00e3o Pedro)<\/a><\/li>\n<li><a title=\"Igreja do Recolhimento de Santa Maria Madalena (Vila do Porto)\" href=\"http:\/\/pt.wikipedia.org\/wiki\/Igreja_do_Recolhimento_de_Santa_Maria_Madalena_(Vila_do_Porto)\">Igreja do Recolhimento de Santa Maria Madalena (Vila do Porto)<\/a><\/li>\n<li><a title=\"Igreja do Recolhimento de Santo Ant\u00f3nio (Vila do Porto)\" href=\"http:\/\/pt.wikipedia.org\/wiki\/Igreja_do_Recolhimento_de_Santo_Ant%C3%B3nio_(Vila_do_Porto)\">Igreja do Recolhimento de Santo Ant\u00f3nio (Vila do Porto)<\/a><\/li>\n<li><a title=\"Igreja de Nossa Senhora da Assun\u00e7\u00e3o (Vila do Porto)\" href=\"http:\/\/pt.wikipedia.org\/wiki\/Igreja_de_Nossa_Senhora_da_Assun%C3%A7%C3%A3o_(Vila_do_Porto)\">Igreja Matriz de Nossa Senhora da Assun\u00e7\u00e3o (Vila do Porto)<\/a><\/li>\n<\/ul>\n<h2>Patrim\u00f3nio natural e ambiental<\/h2>\n<h3>Categoria Reserva Natural<\/h3>\n<ul>\n<li><a title=\"Reserva Natural dos Ilh\u00e9us das Formigas (p\u00e1gina n\u00e3o existe)\" href=\"http:\/\/pt.wikipedia.org\/w\/index.php?title=Reserva_Natural_dos_Ilh%C3%A9us_das_Formigas&amp;action=edit&amp;redlink=1\">Reserva Natural dos Ilh\u00e9us das Formigas<\/a><\/li>\n<li><a title=\"Reserva Natural do Ilh\u00e9u da Vila (p\u00e1gina n\u00e3o existe)\" href=\"http:\/\/pt.wikipedia.org\/w\/index.php?title=Reserva_Natural_do_Ilh%C3%A9u_da_Vila&amp;action=edit&amp;redlink=1\">Reserva Natural do Ilh\u00e9u da Vila<\/a><\/li>\n<\/ul>\n<h3>Categoria Monumento Natural<\/h3>\n<ul>\n<li><a title=\"Reserva Natural da Pedreira do Campo, do Figueiral e da Prainha\" href=\"http:\/\/pt.wikipedia.org\/wiki\/Reserva_Natural_da_Pedreira_do_Campo,_do_Figueiral_e_da_Prainha\">Reserva Natural da Pedreira do Campo, do Figueiral e da Prainha<\/a><\/li>\n<\/ul>\n<h3>Categoria \u00c1rea Protegida para a Gest\u00e3o de Habitats ou Esp\u00e9cies<\/h3>\n<ul>\n<li><a title=\"\u00c1rea Protegida para a Gest\u00e3o de Habitats ou Esp\u00e9cies da Costa Sudoeste (p\u00e1gina n\u00e3o existe)\" href=\"http:\/\/pt.wikipedia.org\/w\/index.php?title=%C3%81rea_Protegida_para_a_Gest%C3%A3o_de_Habitats_ou_Esp%C3%A9cies_da_Costa_Sudoeste&amp;action=edit&amp;redlink=1\">\u00c1rea Protegida para a Gest\u00e3o de Habitats ou Esp\u00e9cies da Costa Sudoeste<\/a><\/li>\n<li><a title=\"\u00c1rea Protegida para a Gest\u00e3o de Habitats ou Esp\u00e9cies da Ponta do Castelo (p\u00e1gina n\u00e3o existe)\" href=\"http:\/\/pt.wikipedia.org\/w\/index.php?title=%C3%81rea_Protegida_para_a_Gest%C3%A3o_de_Habitats_ou_Esp%C3%A9cies_da_Ponta_do_Castelo&amp;action=edit&amp;redlink=1\">\u00c1rea Protegida para a Gest\u00e3o de Habitats ou Esp\u00e9cies da Ponta do Castelo<\/a><\/li>\n<li><a title=\"\u00c1rea Protegida para a Gest\u00e3o de Habitats ou Esp\u00e9cies da Ba\u00eda do Cura (p\u00e1gina n\u00e3o existe)\" href=\"http:\/\/pt.wikipedia.org\/w\/index.php?title=%C3%81rea_Protegida_para_a_Gest%C3%A3o_de_Habitats_ou_Esp%C3%A9cies_da_Ba%C3%ADa_do_Cura&amp;action=edit&amp;redlink=1\">\u00c1rea Protegida para a Gest\u00e3o de Habitats ou Esp\u00e9cies da Ba\u00eda do Cura<\/a><\/li>\n<li><a title=\"\u00c1rea Protegida para a Gest\u00e3o de Habitats ou Esp\u00e9cies do Pico Alto (p\u00e1gina n\u00e3o existe)\" href=\"http:\/\/pt.wikipedia.org\/w\/index.php?title=%C3%81rea_Protegida_para_a_Gest%C3%A3o_de_Habitats_ou_Esp%C3%A9cies_do_Pico_Alto&amp;action=edit&amp;redlink=1\">\u00c1rea Protegida para a Gest\u00e3o de Habitats ou Esp\u00e9cies do Pico Alto<\/a><\/li>\n<\/ul>\n<h3>Categoria \u00c1rea de Paisagem Protegida<\/h3>\n<ul>\n<li><a title=\"\u00c1rea da Paisagem Protegida do Barreiro da Faneca (p\u00e1gina n\u00e3o existe)\" href=\"http:\/\/pt.wikipedia.org\/w\/index.php?title=%C3%81rea_da_Paisagem_Protegida_do_Barreiro_da_Faneca&amp;action=edit&amp;redlink=1\">\u00c1rea da Paisagem Protegida do Barreiro da Faneca<\/a><\/li>\n<li><a title=\"Reserva Natural da Ba\u00eda de S\u00e3o Louren\u00e7o\" href=\"http:\/\/pt.wikipedia.org\/wiki\/Reserva_Natural_da_Ba%C3%ADa_de_S%C3%A3o_Louren%C3%A7o\">\u00c1rea da Paisagem Protegida da Ba\u00eda de S\u00e3o Louren\u00e7o<\/a><\/li>\n<li><a title=\"\u00c1rea da Paisagem Protegida da Ba\u00eda da Maia\" href=\"http:\/\/pt.wikipedia.org\/wiki\/%C3%81rea_da_Paisagem_Protegida_da_Ba%C3%ADa_da_Maia\">\u00c1rea da Paisagem Protegida da Ba\u00eda da Maia<\/a><\/li>\n<\/ul>\n<h3>Categoria \u00c1rea Protegida de Gest\u00e3o de Recursos<\/h3>\n<ul>\n<li><a title=\"\u00c1rea Protegida de Gest\u00e3o de Recursos da Ba\u00eda de S\u00e3o Louren\u00e7o (p\u00e1gina n\u00e3o existe)\" href=\"http:\/\/pt.wikipedia.org\/w\/index.php?title=%C3%81rea_Protegida_de_Gest%C3%A3o_de_Recursos_da_Ba%C3%ADa_de_S%C3%A3o_Louren%C3%A7o&amp;action=edit&amp;redlink=1\">\u00c1rea Protegida de Gest\u00e3o de Recursos da Ba\u00eda de S\u00e3o Louren\u00e7o<\/a><\/li>\n<li><a title=\"\u00c1rea Protegida de Gest\u00e3o de Recursos da Costa Norte (p\u00e1gina n\u00e3o existe)\" href=\"http:\/\/pt.wikipedia.org\/w\/index.php?title=%C3%81rea_Protegida_de_Gest%C3%A3o_de_Recursos_da_Costa_Norte&amp;action=edit&amp;redlink=1\">\u00c1rea Protegida de Gest\u00e3o de Recursos da Costa Norte<\/a><\/li>\n<li><a title=\"\u00c1rea Protegida de Gest\u00e3o de Recursos da Costa Sul (p\u00e1gina n\u00e3o existe)\" href=\"http:\/\/pt.wikipedia.org\/w\/index.php?title=%C3%81rea_Protegida_de_Gest%C3%A3o_de_Recursos_da_Costa_Sul&amp;action=edit&amp;redlink=1\">\u00c1rea Protegida de Gest\u00e3o de Recursos da Costa Sul<\/a><\/li>\n<\/ul>\n<h3>Reservas Florestais de Recreio<\/h3>\n<ul>\n<li><a title=\"Reserva Florestal de Recreio das Fontinhas\" href=\"http:\/\/pt.wikipedia.org\/wiki\/Reserva_Florestal_de_Recreio_das_Fontinhas\">Reserva Florestal de Recreio das Fontinhas<\/a><\/li>\n<li><a title=\"Reserva Florestal de Recreio Mata do Alto\" href=\"http:\/\/pt.wikipedia.org\/wiki\/Reserva_Florestal_de_Recreio_Mata_do_Alto\">Reserva Florestal de Recreio Mata do Alto<\/a><\/li>\n<li><a title=\"Reserva Florestal de Recreio de Valverde\" href=\"http:\/\/pt.wikipedia.org\/wiki\/Reserva_Florestal_de_Recreio_de_Valverde\">Reserva Florestal de Recreio de Valverde<\/a><\/li>\n<\/ul>\n<h3>Outros pontos de interesse<\/h3>\n<ul>\n<li><a title=\"Baixa dos Badejos\" href=\"http:\/\/pt.wikipedia.org\/wiki\/Baixa_dos_Badejos\">Baixa dos Badejos<\/a><\/li>\n<li><a title=\"Banco Jo\u00e3o Lopes\" href=\"http:\/\/pt.wikipedia.org\/wiki\/Banco_Jo%C3%A3o_Lopes\">Banco Jo\u00e3o Lopes<\/a><\/li>\n<li><a title=\"Caverna da Maia\" href=\"http:\/\/pt.wikipedia.org\/wiki\/Caverna_da_Maia\">Caverna da Maia<\/a><\/li>\n<li><a title=\"Cov\u00e3o da Mula\" href=\"http:\/\/pt.wikipedia.org\/wiki\/Cov%C3%A3o_da_Mula\">Cov\u00e3o da Mula<\/a><\/li>\n<li><a title=\"Ilh\u00e9u do Mar da Barca\" href=\"http:\/\/pt.wikipedia.org\/wiki\/Ilh%C3%A9u_do_Mar_da_Barca\">Ilh\u00e9u do Mar da Barca<\/a><\/li>\n<li><a title=\"Monte Delgado\" href=\"http:\/\/pt.wikipedia.org\/wiki\/Monte_Delgado\">Monte Delgado<\/a><\/li>\n<li><a title=\"Monte das Flores\" href=\"http:\/\/pt.wikipedia.org\/wiki\/Monte_das_Flores\">Monte das Flores<\/a><\/li>\n<li><a title=\"Pico Alto (Vila do Porto)\" href=\"http:\/\/pt.wikipedia.org\/wiki\/Pico_Alto_(Vila_do_Porto)\">Pico Alto<\/a><\/li>\n<li><a title=\"Pico do Penedo\" href=\"http:\/\/pt.wikipedia.org\/wiki\/Pico_do_Penedo\">Pico do Penedo<\/a><\/li>\n<li><a title=\"Pico do Norte\" href=\"http:\/\/pt.wikipedia.org\/wiki\/Pico_do_Norte\">Pico do Norte<\/a><\/li>\n<li><a title=\"Praia Formosa (Santa Maria)\" href=\"http:\/\/pt.wikipedia.org\/wiki\/Praia_Formosa_(Santa_Maria)\">Praia Formosa<\/a><\/li>\n<\/ul>\n<h2>Patrim\u00f3nio Arqueol\u00f3gico Subaqu\u00e1tico (naufr\u00e1gios ao largo de Santa Maria)<\/h2>\n<ul>\n<li><a title=\"1576\" href=\"http:\/\/pt.wikipedia.org\/wiki\/1576\">1576<\/a> (<a title=\"6 de Mar\u00e7o\" href=\"http:\/\/pt.wikipedia.org\/wiki\/6_de_Mar%C3%A7o\">6 de Mar\u00e7o<\/a>) &#8211;\u00a0<a title=\"Nau\" href=\"http:\/\/pt.wikipedia.org\/wiki\/Nau\">Nau<\/a> &#8220;La Concepci\u00f3n&#8221;, em torna-viagem de Santo Domingo. O seu capit\u00e3o, Bartolome de Espinar, fez naufragar a embarca\u00e7\u00e3o para cobrar o seguro. Fonte: AGI: Contrataci\u00f3n 5105. Lisboa,\u00a0<a title=\"6 de mar\u00e7o\" href=\"http:\/\/pt.wikipedia.org\/wiki\/6_de_mar%C3%A7o\">6 de mar\u00e7o<\/a> de\u00a0<a title=\"1576\" href=\"http:\/\/pt.wikipedia.org\/wiki\/1576\">1576<\/a>.<\/li>\n<li><a title=\"1591\" href=\"http:\/\/pt.wikipedia.org\/wiki\/1591\">1591<\/a> &#8211; &#8220;La Campechana&#8221;. Fonte: AGI: Contrataci\u00f3n 2899, 5108, 5109 e 5187 Indiferente 1101 e 1969.<\/li>\n<li><a title=\"1606\" href=\"http:\/\/pt.wikipedia.org\/wiki\/1606\">1606<\/a> &#8211; &#8220;La Gracia de Dios&#8221;, em torna-viagem de Nueva Espa\u00f1a. Capit\u00e3o Alonso Valenzuela. Fonte: AGI: Indiferente 1122.<\/li>\n<li>1606 &#8211; navio de aviso espanhol.<\/li>\n<li><a title=\"1633\" href=\"http:\/\/pt.wikipedia.org\/wiki\/1633\">1633<\/a> &#8211; &#8220;S. Antonio y Buena Esperanza&#8221;, em torna-viagem de Nueva Espa\u00f1a. Capit\u00e3o Francisco de Goycoechea. AGI: Consulados, legajo 466: Sevilha,\u00a0<a title=\"5 de setembro\" href=\"http:\/\/pt.wikipedia.org\/wiki\/5_de_setembro\">5 de setembro<\/a> de\u00a0<a title=\"1633\" href=\"http:\/\/pt.wikipedia.org\/wiki\/1633\">1633<\/a>.<\/li>\n<li><a title=\"1634\" href=\"http:\/\/pt.wikipedia.org\/wiki\/1634\">1634<\/a> (<a title=\"16 de Maio\" href=\"http:\/\/pt.wikipedia.org\/wiki\/16_de_Maio\">16 de Maio<\/a>) &#8211;\u00a0<a title=\"Caravela\" href=\"http:\/\/pt.wikipedia.org\/wiki\/Caravela\">Caravela<\/a> &#8220;Santo Ant\u00f3nio&#8221; da\u00a0<a title=\"Carreira da \u00cdndia\" href=\"http:\/\/pt.wikipedia.org\/wiki\/Carreira_da_%C3%8Dndia\">Carreira da \u00cdndia<\/a>.<\/li>\n<li><a title=\"1693\" href=\"http:\/\/pt.wikipedia.org\/wiki\/1693\">1693<\/a> \u2013 Nau &#8220;Santo Christo Caravaer&#8221;.<\/li>\n<li><a title=\"1706\" href=\"http:\/\/pt.wikipedia.org\/wiki\/1706\">1706<\/a> &#8211; &#8220;Nuestro Se\u00f1or y San Jos\u00e9&#8221;, em torna-viagem de Tierra Firme. Dono o Consulado de Cargadores. 100 toneladas. AGI: Contrataci\u00f3n 2901.<\/li>\n<li><a title=\"1859\" href=\"http:\/\/pt.wikipedia.org\/wiki\/1859\">1859<\/a> (Novembro) &#8211;\u00a0<a title=\"Patacho\" href=\"http:\/\/pt.wikipedia.org\/wiki\/Patacho\">Patacho<\/a> &#8220;Falc\u00e3o&#8221;, da\u00a0<a title=\"Ilha de S\u00e3o Miguel\" href=\"http:\/\/pt.wikipedia.org\/wiki\/Ilha_de_S%C3%A3o_Miguel\">ilha de S\u00e3o Miguel<\/a>, desfaz-se de encontro aos rochedos.<\/li>\n<li><a title=\"1864\" href=\"http:\/\/pt.wikipedia.org\/wiki\/1864\">1864<\/a> (Mar\u00e7o) &#8211; embarca\u00e7\u00e3o an\u00f3nima sofre um\u00a0<a title=\"Inc\u00eandio\" href=\"http:\/\/pt.wikipedia.org\/wiki\/Inc%C3%AAndio\">inc\u00eandio<\/a>, afundando-se quase de imediato.<\/li>\n<li><a title=\"1871\" href=\"http:\/\/pt.wikipedia.org\/wiki\/1871\">1871<\/a> (<a title=\"13 de Novembro\" href=\"http:\/\/pt.wikipedia.org\/wiki\/13_de_Novembro\">13 de Novembro<\/a>) &#8211; vapor espanhol &#8220;Canarias&#8221;, encalha, incendeia-se e explode, a 50 metros da costa na ba\u00eda da Praia Formosa.<\/li>\n<li><a title=\"1888\" href=\"http:\/\/pt.wikipedia.org\/wiki\/1888\">1888<\/a> (<a title=\"29 de Janeiro\" href=\"http:\/\/pt.wikipedia.org\/wiki\/29_de_Janeiro\">29 de Janeiro<\/a>) &#8211; barca norueguesa &#8220;Saga&#8221;, provinda da\u00a0<a title=\"Jamaica\" href=\"http:\/\/pt.wikipedia.org\/wiki\/Jamaica\">Jamaica<\/a>, naufraga em Vila do Porto.<\/li>\n<li><a title=\"1958\" href=\"http:\/\/pt.wikipedia.org\/wiki\/1958\">1958<\/a> (<a title=\"19 de Setembro\" href=\"http:\/\/pt.wikipedia.org\/wiki\/19_de_Setembro\">19 de Setembro<\/a>) &#8211; navio de cabotagem inter-insular &#8220;N. M. Arnel&#8221; encalha no Baixio dos Anjos.<\/li>\n<li><a title=\"1961\" href=\"http:\/\/pt.wikipedia.org\/wiki\/1961\">1961<\/a> (<a title=\"18 de Fevereiro\" href=\"http:\/\/pt.wikipedia.org\/wiki\/18_de_Fevereiro\">18 de Fevereiro<\/a>), petroleiro noruegu\u00eas &#8220;Velma&#8221; encalha na ponta do Marv\u00e3o, partindo-se o casco, posteriormente, em dois.<\/li>\n<\/ul>\n<h2 title=\"Esta se\u00e7\u00e3o n\u00e3o \u00e9 edit\u00e1vel por raz\u00f5es t\u00e9cnicas. Edite a p\u00e1gina toda em vez disso.\">Notas<\/h2>\n<div>\n<ol>\n<li id=\"cite_note-0\"><a href=\"http:\/\/pt.wikipedia.org\/wiki\/Ilha_de_Santa_Maria#cite_ref-0\">\u2191<\/a> <em>Roteiro da Costa de Portugal: arquip\u00e9lago dos A\u00e7ores (2a. ed.)<\/em>. Lisboa: Minist\u00e9rio da Defesa Nacional; Marinha; Instituto Hidrogr\u00e1fico, 2000.<a href=\"http:\/\/pt.wikipedia.org\/wiki\/Especial:Fontes_de_livros\/972848609X\">ISBN 972-8486-09-X<\/a><\/li>\n<li id=\"cite_note-1\"><a href=\"http:\/\/pt.wikipedia.org\/wiki\/Ilha_de_Santa_Maria#cite_ref-1\">\u2191<\/a> Fran\u00e7a\u00a0<em>et al<\/em>.,\u00a0<em>Geologia dos A\u00e7ores: Uma Perspectiva Actual<\/em>. Ponta Delgada: Sociedade Afonso Chaves, 2005. p. 21.<\/li>\n<li id=\"cite_note-2\"><a href=\"http:\/\/pt.wikipedia.org\/wiki\/Ilha_de_Santa_Maria#cite_ref-2\">\u2191<\/a> Entre estes referem-se dois que pertencem \u00e0s\u00a0<a title=\"Plioc\u00e9nico\" href=\"http:\/\/pt.wikipedia.org\/wiki\/Plioc%C3%A9nico\">jazidas Plistoc\u00e9nicas<\/a>, com cerca de 117-130 mil anos, e que foram encontrados recentemente nas jazidas da Prainha e Lagoinhas. Um terceiro registo foi encontrado na\u00a0<a title=\"Ponta do Castelo (p\u00e1gina n\u00e3o existe)\" href=\"http:\/\/pt.wikipedia.org\/w\/index.php?title=Ponta_do_Castelo&amp;action=edit&amp;redlink=1\">Ponta do Castelo<\/a>, numa jazida com cerca de 5 milh\u00f5es de anos (final do\u00a0<a title=\"Mioc\u00e9nico\" href=\"http:\/\/pt.wikipedia.org\/wiki\/Mioc%C3%A9nico\">Mioc\u00e9nico<\/a> \u2013 in\u00edcio do Plioc\u00e9nico), durante a expedi\u00e7\u00e3o cient\u00edfica VI international Workshop &#8220;<em>Palaeontology in atlantic islands<\/em>&#8220;, que decorreu naquela ilha entre\u00a0<a title=\"19 de junho\" href=\"http:\/\/pt.wikipedia.org\/wiki\/19_de_junho\">19<\/a> e\u00a0<a title=\"28 de Junho\" href=\"http:\/\/pt.wikipedia.org\/wiki\/28_de_Junho\">28 de Junho<\/a> de\u00a0<a title=\"2009\" href=\"http:\/\/pt.wikipedia.org\/wiki\/2009\">2009<\/a>.<\/li>\n<li id=\"cite_note-3\"><a href=\"http:\/\/pt.wikipedia.org\/wiki\/Ilha_de_Santa_Maria#cite_ref-3\">\u2191<\/a> Hartung, Georg,\u00a0<em>Die Azoren in ihrer \u00e4usseren Erschreinung und nach ihrer geognostischen Natur geschildert<\/em>, Engelman Verlag, Leipzig, 1860.<\/li>\n<li id=\"cite_note-4\"><a href=\"http:\/\/pt.wikipedia.org\/wiki\/Ilha_de_Santa_Maria#cite_ref-4\">\u2191<\/a> Reiss, W.,\u00a0<em>Mitteilungen \u00fcber die Terti\u00e4ren Schicten von Santa Maria, der s\u00fcdlischten der Azoren, und ihre organischen Einschl\u00fcsse<\/em>,\u00a0<em>Neues Jahrgang Miner. Geogn. Geol. Petrefakt<\/em>, 1-22, 1862.<\/li>\n<li id=\"cite_note-5\"><a href=\"http:\/\/pt.wikipedia.org\/wiki\/Ilha_de_Santa_Maria#cite_ref-5\">\u2191<\/a> Fran\u00e7a\u00a0<em>et al.<\/em>,\u00a0<em>idem<\/em>, p\u00e1g. 35.<\/li>\n<li id=\"cite_note-6\"><a href=\"http:\/\/pt.wikipedia.org\/wiki\/Ilha_de_Santa_Maria#cite_ref-6\">\u2191<\/a> <a title=\"Gaspar Frutuoso\" href=\"http:\/\/pt.wikipedia.org\/wiki\/Gaspar_Frutuoso\">Gaspar Frutuoso<\/a>.\u00a0<em><a title=\"Saudades da Terra\" href=\"http:\/\/pt.wikipedia.org\/wiki\/Saudades_da_Terra\">Saudades da Terra<\/a><\/em>, livro III.<\/li>\n<li id=\"cite_note-7\"><a href=\"http:\/\/pt.wikipedia.org\/wiki\/Ilha_de_Santa_Maria#cite_ref-7\">\u2191<\/a> <a title=\"Manuscrito Valentim Fernandes\" href=\"http:\/\/pt.wikipedia.org\/wiki\/Manuscrito_Valentim_Fernandes\">Manuscrito Valentim Fernandes<\/a>.<\/li>\n<li id=\"cite_note-8\"><a href=\"http:\/\/pt.wikipedia.org\/wiki\/Ilha_de_Santa_Maria#cite_ref-8\">\u2191<\/a> ANTT. Chancelaria de D. Afonso V, Liv. 19, fl. 14.<\/li>\n<li id=\"cite_note-9\"><a href=\"http:\/\/pt.wikipedia.org\/wiki\/Ilha_de_Santa_Maria#cite_ref-9\">\u2191<\/a> Gaspar Frutuoso.\u00a0<em>Saudades da Terra<\/em>.<\/li>\n<li id=\"cite_note-10\"><a href=\"http:\/\/pt.wikipedia.org\/wiki\/Ilha_de_Santa_Maria#cite_ref-10\">\u2191<\/a> Jaime de Figueiredo.\u00a0<em>Rosas de Santa Maria<\/em>.<\/li>\n<li id=\"cite_note-11\"><a href=\"http:\/\/pt.wikipedia.org\/wiki\/Ilha_de_Santa_Maria#cite_ref-11\">\u2191<\/a> &#8220;<em><a title=\"Cr\u00f3nicas da Prov\u00edncia de S\u00e3o Jo\u00e3o Evangelista (p\u00e1gina n\u00e3o existe)\" href=\"http:\/\/pt.wikipedia.org\/w\/index.php?title=Cr%C3%B3nicas_da_Prov%C3%ADncia_de_S%C3%A3o_Jo%C3%A3o_Evangelista&amp;action=edit&amp;redlink=1\">Cr\u00f3nicas da Prov\u00edncia de S\u00e3o Jo\u00e3o Evangelista<\/a><\/em>&#8220;.<\/li>\n<li id=\"cite_note-12\"><a href=\"http:\/\/pt.wikipedia.org\/wiki\/Ilha_de_Santa_Maria#cite_ref-12\">\u2191<\/a> Ignora-se o paradeiro do foral de Santa Maria, poss\u00edvelmente perdido em um dos diversos assaltos de cors\u00e1rios a Vila do Porto, ou quando do\u00a0<a title=\"Inc\u00eandio\" href=\"http:\/\/pt.wikipedia.org\/wiki\/Inc%C3%AAndio\">inc\u00eandio<\/a> do Convento de S\u00e3o Francisco. Do mesmo modo, desconhece-se o local do\u00a0<a title=\"Pelourinho\" href=\"http:\/\/pt.wikipedia.org\/wiki\/Pelourinho\">pelourinho<\/a> da vila, geralmente uma coluna de pedra, erguida diante do edif\u00edcio da C\u00e2mara Municipal e cadeia.<\/li>\n<li id=\"cite_note-13\"><a href=\"http:\/\/pt.wikipedia.org\/wiki\/Ilha_de_Santa_Maria#cite_ref-13\">\u2191<\/a> Ao soberano reservavam-se, na al\u00e7ada c\u00edvel, certos direitos \u00e0 \u00e9poca referidos genericamente como &#8220;direitos reais&#8221; e, na criminal, a decreta\u00e7\u00e3o das penas de talhamento de membros e da de\u00a0<a title=\"Pena de morte\" href=\"http:\/\/pt.wikipedia.org\/wiki\/Pena_de_morte\">morte<\/a>.<\/li>\n<li id=\"cite_note-14\"><a href=\"http:\/\/pt.wikipedia.org\/wiki\/Ilha_de_Santa_Maria#cite_ref-14\">\u2191<\/a> VELHO ARRUDA, Manuel Monteiro.\u00a0<em>A Comenda de Santa Maria da Assun\u00e7\u00e3o da ilha de Santa Maria. Os comendadores (subs\u00eddios para a sua hist\u00f3ria)<\/em>. in Insulana, Ponta Delgada, I, 2: 1-177. 1944.<\/li>\n<li id=\"cite_note-15\"><a href=\"http:\/\/pt.wikipedia.org\/wiki\/Ilha_de_Santa_Maria#cite_ref-15\">\u2191<\/a> Este \u00faltimo, por alvar\u00e1 de\u00a0<a title=\"30 de Junho\" href=\"http:\/\/pt.wikipedia.org\/wiki\/30_de_Junho\">30 de Junho<\/a> de\u00a0<a title=\"1853\" href=\"http:\/\/pt.wikipedia.org\/wiki\/1853\">1853<\/a>, organizou e regularizou as c\u00f4ngruas dos p\u00e1rocos e necessidades dos cultos nas igrejas da Comenda, assim como ordenou a cria\u00e7\u00e3o do curato [[wikt:sufrag\u00e2neo|]] da matriz, na Almagreira (<a title=\"Igreja de Nossa Senhora do Bom Despacho (Almagreira)\" href=\"http:\/\/pt.wikipedia.org\/wiki\/Igreja_de_Nossa_Senhora_do_Bom_Despacho_(Almagreira)\">Igreja de Nossa Senhora do Bom Despacho<\/a>). Com a sua morte (<a title=\"1862\" href=\"http:\/\/pt.wikipedia.org\/wiki\/1862\">1862<\/a>), extinguiu-se a organiza\u00e7\u00e3o comendat\u00e1ria na ilha de Santa Maria.<\/li>\n<li id=\"cite_note-16\"><a href=\"http:\/\/pt.wikipedia.org\/wiki\/Ilha_de_Santa_Maria#cite_ref-16\">\u2191<\/a> FIGUEIREDO, 1990:67, 74.<\/li>\n<li id=\"cite_note-17\"><a href=\"http:\/\/pt.wikipedia.org\/wiki\/Ilha_de_Santa_Maria#cite_ref-17\">\u2191<\/a> A passagem de Colombo por Santa Maria encontra-se registada em seu Di\u00e1rio de Bordo, no per\u00edodo de\u00a0<a title=\"18 de Fevereiro\" href=\"http:\/\/pt.wikipedia.org\/wiki\/18_de_Fevereiro\">18<\/a> a\u00a0<a title=\"28 de Fevereiro\" href=\"http:\/\/pt.wikipedia.org\/wiki\/28_de_Fevereiro\">28 de Fevereiro<\/a> de 1493. Foi objeto de estudo por Jacinto Monteiro, publicado na Revista\u00a0<em>Insulana<\/em> sob o t\u00edtulo &#8220;O epis\u00f3dio colombino da Ilha de Santa Maria&#8221;.<\/li>\n<li id=\"cite_note-18\"><a href=\"http:\/\/pt.wikipedia.org\/wiki\/Ilha_de_Santa_Maria#cite_ref-18\">\u2191<\/a> Nesse ano, uma esquadra Francesa de nove embarca\u00e7\u00f5es de guerra, com muita gente de abordagem a bordo, capturou nas \u00e1guas de Santa Maria, na altura da ponta do Cabrestante, um pescador. Este conseguiu evadir-se na altura das \u00e1guas da\u00a0<a title=\"Ilha de S\u00e3o Jorge\" href=\"http:\/\/pt.wikipedia.org\/wiki\/Ilha_de_S%C3%A3o_Jorge\">Ilha de S\u00e3o Jorge<\/a>, alcan\u00e7ando terra. A not\u00edcia chegou t\u00e3o rapidamente \u00e0 Terceira, e a prepara\u00e7\u00e3o da defesa foi t\u00e3o c\u00e9lere, que a esquadra cors\u00e1ria desistiu do intento de invas\u00e3o, rumando rumo \u00e0\u00a0<a title=\"Bretanha\" href=\"http:\/\/pt.wikipedia.org\/wiki\/Bretanha\">Bretanha<\/a> (FIGUEIREDO, 1990:75)<\/li>\n<li id=\"cite_note-19\"><a href=\"http:\/\/pt.wikipedia.org\/wiki\/Ilha_de_Santa_Maria#cite_ref-19\">\u2191<\/a> A esquadra gaulesa era composta de tr\u00eas embarca\u00e7\u00f5es (um\u00a0<a title=\"Gale\u00e3o\" href=\"http:\/\/pt.wikipedia.org\/wiki\/Gale%C3%A3o\">gale\u00e3o<\/a>, uma nau e uma\u00a0<a title=\"Zabra (p\u00e1gina n\u00e3o existe)\" href=\"http:\/\/pt.wikipedia.org\/w\/index.php?title=Zabra&amp;action=edit&amp;redlink=1\">zabra<\/a>), de onde desembarcou uma for\u00e7a armada de<a title=\"Arcabuz\" href=\"http:\/\/pt.wikipedia.org\/wiki\/Arcabuz\">arcabuzes<\/a>. Ap\u00f3s travarem diversos combates com os moradores,\u00a0<a title=\"Inc\u00eandio\" href=\"http:\/\/pt.wikipedia.org\/wiki\/Inc%C3%AAndio\">incendiaram<\/a> a Vila do Porto. O\u00a0<a title=\"Capit\u00e3o do donat\u00e1rio\" href=\"http:\/\/pt.wikipedia.org\/wiki\/Capit%C3%A3o_do_donat%C3%A1rio\">capit\u00e3o do donat\u00e1rio<\/a>,\u00a0<a title=\"Pedro Soares de Sousa\" href=\"http:\/\/pt.wikipedia.org\/wiki\/Pedro_Soares_de_Sousa\">Pedro Soares de Sousa<\/a>, para refor\u00e7ar a defesa, solicitou ao cunhado, Rodrigo de Bae\u00e7a, que pedisse socorro ao capit\u00e3o de S\u00e3o Miguel, D.\u00a0<a title=\"Manuel da C\u00e2mara\" href=\"http:\/\/pt.wikipedia.org\/wiki\/Manuel_da_C%C3%A2mara\">Manuel da C\u00e2mara<\/a>, que de imediato remeteu homens e armas sob o comando do Sargento-mor Sim\u00e3o do Quental. Assim refor\u00e7ados, depois de mais alguns dias de escaramu\u00e7as, saques e destrui\u00e7\u00f5es, feriu-se o combate de Santo Ant\u00e3o, ap\u00f3s o qual os invasores reembarcaram, abandonando a ilha (FIGUEIREDO:1990:75). FERREIRA (s.d.) refere ainda que, antes do assalto, os cors\u00e1rios exigiram a Pedro Soares um pagamento de 50<a title=\"Vaca\" href=\"http:\/\/pt.wikipedia.org\/wiki\/Vaca\">vacas<\/a>, 20\u00a0<a title=\"Porco\" href=\"http:\/\/pt.wikipedia.org\/wiki\/Porco\">porcos<\/a> e 30\u00a0<a title=\"Carneiro\" href=\"http:\/\/pt.wikipedia.org\/wiki\/Carneiro\">carneiros<\/a>, para que n\u00e3o assaltassem e incendiassem a vila. Embora n\u00e3o se saiba se a exig\u00eancia foi ou n\u00e3o atendida, o assalto teve lugar e foi dos mais devastadores de que h\u00e1 not\u00edcia na hist\u00f3ria da ilha (op. cit., p. 84). O mesmo autor estima um n\u00famero dos invasores em cerca de uma centena, referindo ainda que, num dos recontros perdeu a vida, com um tiro de escopeta, Manuel de Sousa, filho de Jo\u00e3o Soares de Sousa. Matias Nuno Velho e Crist\u00f3v\u00e3o Vaz Velho foram nomeados pelo capit\u00e3o para liderar o contra-ataque mariense, fazendo recuar o inimigo que, na retirada, ia incendiando as casas. Entretanto, das embarca\u00e7\u00f5es desembarcaram mais cors\u00e1rios, assegurando-lhes a posse da Vila, o que motivou o pedido de refor\u00e7os a S\u00e3o Miguel. Em dois dias chegaram armas e muni\u00e7\u00f5es, que desembarcadas em Santana, permitiram reunir 250 homens em armas que lograram retomar a Vila. Vila do Porto havia sido saqueada durante tr\u00eas dias e incendiada. Ao terceiro dia, chegaram duzentos homens de S\u00e3o Miguel, sob o comando de Francisco Arruda da Costa, mas os cors\u00e1rios avisados da expectativa da chegada de refor\u00e7os por escravo africano fugido, j\u00e1 haviam se retirado. (op. cit., p. 111-112).<\/li>\n<li id=\"cite_note-20\"><a href=\"http:\/\/pt.wikipedia.org\/wiki\/Ilha_de_Santa_Maria#cite_ref-20\">\u2191<\/a> Os cors\u00e1rios, em duas embarca\u00e7\u00f5es, ap\u00f3s intenso fogo de\u00a0<a title=\"Artilharia\" href=\"http:\/\/pt.wikipedia.org\/wiki\/Artilharia\">artilharia<\/a>, desembarcaram no porto da Vila. T\u00e3o logo aproaram a terra, tentando a subida pela rocha da Concei\u00e7\u00e3o, foram acometidos pelo fogo dos defensores, sob o comando do capit\u00e3o do donat\u00e1rio\u00a0<a title=\"Br\u00e1s Soares de Sousa\" href=\"http:\/\/pt.wikipedia.org\/wiki\/Br%C3%A1s_Soares_de_Sousa\">Br\u00e1s Soares de Sousa<\/a> e seu ajudante Andr\u00e9 de Sousa, secundados pelo padre Manuel Curvelo Resende (instituidor do\u00a0<a title=\"Igreja do Recolhimento de Santa Maria Madalena (Vila do Porto)\" href=\"http:\/\/pt.wikipedia.org\/wiki\/Igreja_do_Recolhimento_de_Santa_Maria_Madalena_(Vila_do_Porto)\">Recolhimento de Santa Maria Madalena<\/a>), que com a imagem de N. Sra. da Concei\u00e7\u00e3o nas m\u00e3os exortava \u00e0 defesa. Narram as fontes que as perdas dos atacantes foram de tal ordem que a retirada se deu em completa desordem, com muitos feridos e afogados, deixando para tr\u00e1s barca\u00e7as, grande n\u00famero de<a title=\"Mosquete\" href=\"http:\/\/pt.wikipedia.org\/wiki\/Mosquete\">mosquetes<\/a> e\u00a0<a title=\"Alabarda\" href=\"http:\/\/pt.wikipedia.org\/wiki\/Alabarda\">alabardas<\/a>, al\u00e9m de uma\u00a0<a title=\"Trombeta\" href=\"http:\/\/pt.wikipedia.org\/wiki\/Trombeta\">trombeta<\/a>, que serviu para alardear a vit\u00f3ria dos defensores (FIGUEIREDO, 1990:75-76; FERREIRA, s.d.:112).<\/li>\n<li id=\"cite_note-21\"><a href=\"http:\/\/pt.wikipedia.org\/wiki\/Ilha_de_Santa_Maria#cite_ref-21\">\u2191<\/a> Em\u00a0<a title=\"7 de Julho\" href=\"http:\/\/pt.wikipedia.org\/wiki\/7_de_Julho\">7 de Julho<\/a> de\u00a0<a title=\"1616\" href=\"http:\/\/pt.wikipedia.org\/wiki\/1616\">1616<\/a>, um navio e dois\u00a0<a title=\"Patacho\" href=\"http:\/\/pt.wikipedia.org\/wiki\/Patacho\">patachos<\/a> transportando cerca de 500\u00a0<a title=\"Isl\u00e3o\" href=\"http:\/\/pt.wikipedia.org\/wiki\/Isl%C3%A3o\">mu\u00e7ulmanos<\/a>, partiram da costa de\u00a0<a title=\"Argel\" href=\"http:\/\/pt.wikipedia.org\/wiki\/Argel\">Argel<\/a> para atacar naus da<a title=\"Carreira da \u00cdndia\" href=\"http:\/\/pt.wikipedia.org\/wiki\/Carreira_da_%C3%8Dndia\">Carreira da \u00cdndia<\/a>. Sem sucesso, dirigiram-se \u00e0 ilha de Santa Maria, fundeando no Sul e na Praia. O nome do seu capit\u00e3o \u00e9 referido como Tabaqua-raz, um renegado\u00a0<a title=\"G\u00e9nova\" href=\"http:\/\/pt.wikipedia.org\/wiki\/G%C3%A9nova\">genov\u00eas<\/a>, que, durante uma semana saqueou e incendiou os lugares costeiros, inclusive o Convento de S\u00e3o Francisco, fazendo grande n\u00famero de prisioneiros, vendidos como\u00a0<a title=\"Escravid\u00e3o\" href=\"http:\/\/pt.wikipedia.org\/wiki\/Escravid%C3%A3o\">escravos<\/a> no Norte de \u00c1frica. Na ocasi\u00e3o, muita gente escondeu-se na furna de Santana \u00e0 espera de socorro de S\u00e3o Miguel (FIGUEIREDO, 1990:76) tendo sido destru\u00eddo o sistema de \u00e1gua da vila do Porto, conforme Provis\u00e3o R\u00e9gia de\u00a0<a title=\"1744\" href=\"http:\/\/pt.wikipedia.org\/wiki\/1744\">1744<\/a>, deferindo o pedido dos moradores para a constru\u00e7\u00e3o de uma nova fonte: &#8220;<em>Porque entrando os Mouros na dita vila [do Porto] havia mais de cem anos, destru\u00edram as arcas e condutas por onde vinha a dita \u00e1gua de sorte que nunca mais entrou na dita vila.<\/em>&#8221; Na ocasi\u00e3o ter\u00e3o sido escravizadas 202 pessoas. FERREIRA (s.d.) informa que entre os cativos destacavam-se os nomes de D. Jordoa de Sousa Faleiro (neta do 3\u00ba capit\u00e3o do donat\u00e1rio), o padre Vicente Borges de Vasconcelos (vig\u00e1rio na Matriz de Vila do Porto), o padre Belchior Barreto Homem (religioso da Igreja de Nossa Senhora da Vit\u00f3ria), frei Sebasti\u00e3o de S\u00e3o Francisco e frei Manuel de S\u00e3o Francisco, tamb\u00e9m resgatados. O padre Manuel Fernandes Velho (vig\u00e1rio de Santa B\u00e1rbara) veio a falecer no cativeiro. Ter\u00e1 sido na ocasi\u00e3o deste ataque que Pero Soares de Sousa ter\u00e1 feito o voto de erguer a\u00a0<a title=\"Ermida de Nossa Senhora do Livramento (Vila do Porto)\" href=\"http:\/\/pt.wikipedia.org\/wiki\/Ermida_de_Nossa_Senhora_do_Livramento_(Vila_do_Porto)\">Ermida de Nossa Senhora do Livramento<\/a>. (op. cit., p. 114)<\/li>\n<li id=\"cite_note-22\"><a href=\"http:\/\/pt.wikipedia.org\/wiki\/Ilha_de_Santa_Maria#cite_ref-22\">\u2191<\/a> Este assalto \u00e9 atribu\u00eddo a descuido dos sentinelas. Os mouros desembarcaram a coberto da noite, no lugar dos Anjos, tendo saqueado a<a title=\"Ermida de Nossa Senhora dos Anjos\" href=\"http:\/\/pt.wikipedia.org\/wiki\/Ermida_de_Nossa_Senhora_dos_Anjos\">Ermida de Nossa Senhora dos Anjos<\/a>, violado mulheres e feito onze cativos, entre mulheres e crian\u00e7as. (FIGUEIREDO, 1990:76) A data do assalto foi a noite de 1 para de Setembro. (FERREIRA, s.d.:114)<\/li>\n<li id=\"cite_note-23\"><a href=\"http:\/\/pt.wikipedia.org\/wiki\/Ilha_de_Santa_Maria#cite_ref-23\">\u2191<\/a> FIGUEIREDO, 1990:77. Ver ainda: RIBEIRO, Jos\u00e9 Rodrigues.\u00a0<em>Dicion\u00e1rio Corogr\u00e1fico dos A\u00e7ores<\/em>. Angra do Hero\u00edsmo (A\u00e7ores): SREC\/DRAC, 1979. 326p. tabelas. p. 268.<\/li>\n<li id=\"cite_note-24\"><a href=\"http:\/\/pt.wikipedia.org\/wiki\/Ilha_de_Santa_Maria#cite_ref-24\">\u2191<\/a> FIGUEIREDO, 1990:77.<\/li>\n<li id=\"cite_note-25\"><a href=\"http:\/\/pt.wikipedia.org\/wiki\/Ilha_de_Santa_Maria#cite_ref-25\">\u2191<\/a> FIGUEIREDO, Jaime de. Ilha de Gon\u00e7alo Velho: da descoberta at\u00e9 ao Aeroporto (2a. ed.). Vila do Porto (A\u00e7ores): C\u00e2mara Municipal de Vila do Porto, 1990. 160p. mapas, fotos, estat\u00edsticas.<\/li>\n<li id=\"cite_note-26\"><a href=\"http:\/\/pt.wikipedia.org\/wiki\/Ilha_de_Santa_Maria#cite_ref-26\">\u2191<\/a> &#8220;Calafona&#8221;, aportuguesamento da pron\u00fancia da palavra inglesa &#8220;California&#8221;, nomeadamente ap\u00f3s a\u00a0<a title=\"Corrida do ouro na Calif\u00f3rnia\" href=\"http:\/\/pt.wikipedia.org\/wiki\/Corrida_do_ouro_na_Calif%C3%B3rnia\">Corrida do ouro na Calif\u00f3rnia<\/a> de\u00a0<a title=\"1848\" href=\"http:\/\/pt.wikipedia.org\/wiki\/1848\">1848<\/a> a<a title=\"1855\" href=\"http:\/\/pt.wikipedia.org\/wiki\/1855\">1855<\/a>. Emigrantes a\u00e7orianos come\u00e7aram a dirigir-se sistematicamente para os EUA em meados do\u00a0<a title=\"S\u00e9culo XIX\" href=\"http:\/\/pt.wikipedia.org\/wiki\/S%C3%A9culo_XIX\">s\u00e9culo XIX<\/a>, onde dedicaram-se a atividades ligadas \u00e0\u00a0<a title=\"Pesca\" href=\"http:\/\/pt.wikipedia.org\/wiki\/Pesca\">pesca<\/a>, \u00e0 ind\u00fastria t\u00eaxtil, \u00e0 pecu\u00e1ria e \u00e0 pequena ind\u00fastria.<\/li>\n<li id=\"cite_note-27\"><a href=\"http:\/\/pt.wikipedia.org\/wiki\/Ilha_de_Santa_Maria#cite_ref-27\">\u2191<\/a> \u00c0 \u00e9poca, a ilha era ligada \u00e0s demais do arquip\u00e9lago e ao Continente, uma vez por m\u00eas, pelo vapor que fazia a carreira Lisboa-A\u00e7ores. Nos meses de Ver\u00e3o, semanalmente, contava com os barcos que a ligavam a\u00a0<a title=\"Vila Franca do Campo\" href=\"http:\/\/pt.wikipedia.org\/wiki\/Vila_Franca_do_Campo\">Vila Franca do Campo<\/a>.<\/li>\n<li id=\"cite_note-28\"><a href=\"http:\/\/pt.wikipedia.org\/wiki\/Ilha_de_Santa_Maria#cite_ref-28\">\u2191<\/a> SOUSA, Jos\u00e9 de. A Hist\u00f3ria da Imprensa em Santa Maria. Boletim\u00a0<em>Renovar<\/em>, Fev. 1980.<\/li>\n<li id=\"cite_note-29\"><a href=\"http:\/\/pt.wikipedia.org\/wiki\/Ilha_de_Santa_Maria#cite_ref-29\">\u2191<\/a> O &#8220;Arnel&#8221; foi constru\u00eddo em\u00a0<a title=\"1955\" href=\"http:\/\/pt.wikipedia.org\/wiki\/1955\">1955<\/a> nos\u00a0<a title=\"Estaleiros Navais de Viana do Castelo\" href=\"http:\/\/pt.wikipedia.org\/wiki\/Estaleiros_Navais_de_Viana_do_Castelo\">Estaleiros Navais de Viana do Castelo<\/a> com 57,18 metros de comprimento (boca: 10,06 m , calado: 3,66 m), tinha capacidade de acomoda\u00e7\u00e3o para 18 passageiros na classe tur\u00edstica e para 126 em 3\u00aa classe. As v\u00edtimas foram: Pe. Artur Brand\u00e3o, Maria Encarna\u00e7\u00e3o Machado, Vid\u00e1lia Maria Paiva Cabral Melo, Maria da Encarna\u00e7\u00e3o Chaves, Maria Cizaltina Costa Galego, Maria Concei\u00e7\u00e3o Sousa Bairos, Angelina Augusta Cabral, Joaquim Soares Melo, Carlos Manuel Costa Dutra, Jos\u00e9 Manuel Amaral Soares, Jos\u00e9 Joaquim (tripulante). Foram dados como desaparecidos na ocasi\u00e3o: Ant\u00f3nio Medeiros Brilhante, Manuel Sousa Borges Jos\u00e9 de Sousa e Jos\u00e9 Joaquim Pacheco. in\u00a0<a href=\"http:\/\/www.auniao.com\/noticias\/ver.php?id=14162\" rel=\"nofollow\">Quinquag\u00e9simo anivers\u00e1rio do naufr\u00e1gio do &#8220;Arnel&#8221;<\/a> Consultado em 5 Out 2010.<\/li>\n<li id=\"cite_note-30\"><a href=\"http:\/\/pt.wikipedia.org\/wiki\/Ilha_de_Santa_Maria#cite_ref-30\">\u2191<\/a> <a href=\"http:\/\/www.entrada.tv\/DB\/wrecks\/Docs\/Carta_Arqueologica_Subaquatica_dos_Acores.pdf\" rel=\"nofollow\">Carta Arqueol\u00f3gica Subaqu\u00e1tica dos A\u00e7ores<\/a> Consultado em 21 fev 2011.<\/li>\n<li id=\"cite_note-31\"><a href=\"http:\/\/pt.wikipedia.org\/wiki\/Ilha_de_Santa_Maria#cite_ref-31\">\u2191<\/a> VIEGAS, Jos\u00e9 de Chaves. Naufr\u00e1gio do navio-tanque &#8220;Velma&#8221; em Vila do Porto foi h\u00e1 50 anos.\u00a0<a title=\"O Baluarte de Santa Maria\" href=\"http:\/\/pt.wikipedia.org\/wiki\/O_Baluarte_de_Santa_Maria\">O Baluarte de Santa Maria<\/a>, ano XXXVIII &#8211; 2\u00aa S\u00e9rie, 18 de fevereiro de 2011, n\u00ba 404. p. 8.<\/li>\n<\/ol>\n<\/div>\n<h2>Bibliografia<\/h2>\n<ul>\n<li>FERREIRA, Adriano.\u00a0<em>Era uma vez&#8230; Santa Maria<\/em>. Vila do Porto (A\u00e7ores): C\u00e2mara Municipal de Vila do Porto, s.d.. 256p. fotos p\/b cor.<\/li>\n<li>FIGUEIREDO, Jaime de.\u00a0<em>Ilha de Gon\u00e7alo Velho: da descoberta at\u00e9 ao Aeroporto (2a. ed.)<\/em>. Vila do Porto (A\u00e7ores): C\u00e2mara Municipal de Vila do Porto, 1990. 160p. mapas, fotos, estat\u00edsticas.<\/li>\n<li>FIGUEIREDO, N\u00e9lia Maria Coutinho.\u00a0<em>As Ilhas do Infante: a Ilha de Santa Maria<\/em>. Terceira (A\u00e7ores): Secretaria Regional da Educa\u00e7\u00e3o e Cultura\/Direc\u00e7\u00e3o Regional da Educa\u00e7\u00e3o, 1996. 60p. fotos. ISBN 972-836-00-0<\/li>\n<li>MONTEREY, Guido de.\u00a0<em>Santa Maria e S\u00e3o Miguel (A\u00e7ores): as duas ilhas do oriente<\/em>. Porto: Ed. do Autor, 1981. 352p. fotos.<\/li>\n<\/ul>\n<h2>Ver tamb\u00e9m<\/h2>\n<ul>\n<li><a title=\"Aeroporto de Santa Maria (A\u00e7ores)\" href=\"http:\/\/pt.wikipedia.org\/wiki\/Aeroporto_de_Santa_Maria_(A%C3%A7ores)\">Aeroporto de Santa Maria<\/a><\/li>\n<li><a title=\"Canarias (vapor)\" href=\"http:\/\/pt.wikipedia.org\/wiki\/Canarias_(vapor)\">Canarias (vapor)<\/a><\/li>\n<li><a title=\"Dalberto Teixeira Pombo\" href=\"http:\/\/pt.wikipedia.org\/wiki\/Dalberto_Teixeira_Pombo\">Dalberto Teixeira Pombo<\/a><\/li>\n<li><a title=\"Manuel Monteiro Velho Arruda\" href=\"http:\/\/pt.wikipedia.org\/wiki\/Manuel_Monteiro_Velho_Arruda\">Manuel Monteiro Velho Arruda<\/a><\/li>\n<\/ul>\n<h2>Liga\u00e7\u00f5es externas<\/h2>\n<div>\n<div>\n<div><img decoding=\"async\" loading=\"lazy\" src=\"http:\/\/upload.wikimedia.org\/wikipedia\/commons\/thumb\/4\/4a\/Commons-logo.svg\/22px-Commons-logo.svg.png\" alt=\"\" width=\"22\" height=\"30\" \/><\/div>\n<\/div>\n<div>O\u00a0<a title=\"commons:P\u00e1gina principal\" href=\"http:\/\/commons.wikimedia.org\/wiki\/P%C3%A1gina_principal\">Commons<\/a> possui uma\u00a0<em>categoria<\/em>com multim\u00eddias sobre\u00a0<strong><a href=\"http:\/\/commons.wikimedia.org\/wiki\/Category:Island_of_Santa_Maria_(Azores)?uselang=pt\" rel=\"nofollow\">Ilha de Santa Maria<\/a><\/strong><\/div>\n<\/div>\n<ul>\n<li><a href=\"http:\/\/www.cm-viladoporto.pt\/\" rel=\"nofollow\">P\u00e1gina oficial da C\u00e2mara Municipal de Vila do Porto<\/a> (em\u00a0<a title=\"L\u00edngua portuguesa\" href=\"http:\/\/pt.wikipedia.org\/wiki\/L%C3%ADngua_portuguesa\">portugu\u00eas<\/a>)<\/li>\n<li><a href=\"http:\/\/cm-viladoporto.azoresdigital.pt\/\" rel=\"nofollow\">Vila do Porto no\u00a0<em>AzoresDigital<\/em><\/a> (em\u00a0<a title=\"L\u00edngua portuguesa\" href=\"http:\/\/pt.wikipedia.org\/wiki\/L%C3%ADngua_portuguesa\">portugu\u00eas<\/a>)<\/li>\n<li><a href=\"http:\/\/o-roteiro.blogspot.com\/\" rel=\"nofollow\">O Roteiro Mar\u00edtimo de Santa Maria<\/a><\/li>\n<li><a href=\"http:\/\/ajism.net\/roteiro\/descoberta.htm\" rel=\"nofollow\">Um roteiro de Santa Maria<\/a><\/li>\n<\/ul>\n<h2>Galeria de fotos<\/h2>\n<ul>\n<li>\n<div>\n<div>\n<div><a href=\"http:\/\/pt.wikipedia.org\/wiki\/Ficheiro:Igr_s_barbara_15.JPG\"><img decoding=\"async\" loading=\"lazy\" src=\"http:\/\/upload.wikimedia.org\/wikipedia\/commons\/thumb\/d\/db\/Igr_s_barbara_15.JPG\/90px-Igr_s_barbara_15.JPG\" alt=\"\" width=\"90\" height=\"120\" \/><\/a><\/div>\n<\/div>\n<div>\n<p>Divino Esp\u00edrito Santo (Santa B\u00e1rbara, 2008)<\/p>\n<\/div>\n<\/div>\n<\/li>\n<li>\n<div>\n<div>\n<div><a href=\"http:\/\/pt.wikipedia.org\/wiki\/Ficheiro:Bisc_orelha_1.JPG\"><img decoding=\"async\" loading=\"lazy\" src=\"http:\/\/upload.wikimedia.org\/wikipedia\/commons\/thumb\/9\/99\/Bisc_orelha_1.JPG\/120px-Bisc_orelha_1.JPG\" alt=\"\" width=\"120\" height=\"90\" \/><\/a><\/div>\n<\/div>\n<div>\n<p>Biscoitos de Orelha<\/p>\n<\/div>\n<\/div>\n<\/li>\n<li>\n<div>\n<div>\n<div><a href=\"http:\/\/pt.wikipedia.org\/wiki\/Ficheiro:Pao_caseiro_2.JPG\"><img decoding=\"async\" loading=\"lazy\" src=\"http:\/\/upload.wikimedia.org\/wikipedia\/commons\/thumb\/6\/6d\/Pao_caseiro_2.JPG\/120px-Pao_caseiro_2.JPG\" alt=\"\" width=\"120\" height=\"90\" \/><\/a><\/div>\n<\/div>\n<div>\n<p>P\u00e3o caseiro<\/p>\n<\/div>\n<\/div>\n<\/li>\n<li>\n<div>\n<div>\n<div><a href=\"http:\/\/pt.wikipedia.org\/wiki\/Ficheiro:Carro_de_bois_s_maria.JPG\"><img decoding=\"async\" loading=\"lazy\" src=\"http:\/\/upload.wikimedia.org\/wikipedia\/commons\/thumb\/b\/b5\/Carro_de_bois_s_maria.JPG\/90px-Carro_de_bois_s_maria.JPG\" alt=\"\" width=\"90\" height=\"120\" \/><\/a><\/div>\n<\/div>\n<div>\n<p>Antigo carro de bois<\/p>\n<\/div>\n<\/div>\n<\/li>\n<li>\n<div>\n<div>\n<div><a href=\"http:\/\/pt.wikipedia.org\/wiki\/Ficheiro:Cer%C3%A2mica_mariense_2.JPG\"><img decoding=\"async\" loading=\"lazy\" src=\"http:\/\/upload.wikimedia.org\/wikipedia\/commons\/thumb\/0\/01\/Cer%C3%A2mica_mariense_2.JPG\/120px-Cer%C3%A2mica_mariense_2.JPG\" alt=\"\" width=\"120\" height=\"90\" \/><\/a><\/div>\n<\/div>\n<div>\n<p>Talh\u00f5es<\/p>\n<\/div>\n<\/div>\n<\/li>\n<li>\n<div>\n<div>\n<div><a href=\"http:\/\/pt.wikipedia.org\/wiki\/Ficheiro:Cer%C3%A2mica_mariense_4.JPG\"><img decoding=\"async\" loading=\"lazy\" src=\"http:\/\/upload.wikimedia.org\/wikipedia\/commons\/thumb\/5\/59\/Cer%C3%A2mica_mariense_4.JPG\/90px-Cer%C3%A2mica_mariense_4.JPG\" alt=\"\" width=\"90\" height=\"120\" \/><\/a><\/div>\n<\/div>\n<div>\n<p>Talh\u00e3o<\/p>\n<\/div>\n<\/div>\n<\/li>\n<li>\n<div>\n<div>\n<div><a href=\"http:\/\/pt.wikipedia.org\/wiki\/Ficheiro:Cer%C3%A2mica_mariense_5.JPG\"><img decoding=\"async\" loading=\"lazy\" src=\"http:\/\/upload.wikimedia.org\/wikipedia\/commons\/thumb\/b\/b2\/Cer%C3%A2mica_mariense_5.JPG\/120px-Cer%C3%A2mica_mariense_5.JPG\" alt=\"\" width=\"120\" height=\"90\" \/><\/a><\/div>\n<\/div>\n<div>\n<p>Antiga cer\u00e2mica utilit\u00e1ria<\/p>\n<\/div>\n<\/div>\n<\/li>\n<li>\n<div>\n<div>\n<div><a href=\"http:\/\/pt.wikipedia.org\/wiki\/Ficheiro:Tur_habit_s_maria.JPG\"><img decoding=\"async\" loading=\"lazy\" src=\"http:\/\/upload.wikimedia.org\/wikipedia\/commons\/thumb\/0\/03\/Tur_habit_s_maria.JPG\/90px-Tur_habit_s_maria.JPG\" alt=\"\" width=\"90\" height=\"120\" \/><\/a><\/div>\n<\/div>\n<div>\n<p>Unidade de turismo de habita\u00e7\u00e3o<\/p>\n<\/div>\n<\/div>\n<\/li>\n<li>\n<div>\n<div>\n<div><a href=\"http:\/\/pt.wikipedia.org\/wiki\/Ficheiro:Marina_v_porto_4.JPG\"><img decoding=\"async\" loading=\"lazy\" src=\"http:\/\/upload.wikimedia.org\/wikipedia\/commons\/thumb\/b\/b2\/Marina_v_porto_4.JPG\/120px-Marina_v_porto_4.JPG\" alt=\"\" width=\"120\" height=\"90\" \/><\/a><\/div>\n<\/div>\n<div>\n<p>Marina de Vila do Porto (2008)<\/p>\n<\/div>\n<\/div>\n<\/li>\n<li>\n<div>\n<div>\n<div><a href=\"http:\/\/pt.wikipedia.org\/wiki\/Ficheiro:Mergulho_baia_da_praia.jpg\"><img decoding=\"async\" loading=\"lazy\" src=\"http:\/\/upload.wikimedia.org\/wikipedia\/commons\/thumb\/0\/05\/Mergulho_baia_da_praia.jpg\/120px-Mergulho_baia_da_praia.jpg\" alt=\"\" width=\"120\" height=\"90\" \/><\/a><\/div>\n<\/div>\n<div>\n<p>Mergulho na ba\u00eda da Praia<\/p>\n<p>&nbsp;<\/p>\n<p>Fonte: <a href=\"http:\/\/pt.wikipedia.org\/wiki\/Ilha_de_Santa_Maria\" target=\"_blank\">Wikip\u00e9dia<\/a><\/p>\n<\/div>\n<\/div>\n<\/li>\n<\/ul>\n<p>&nbsp;<\/p>\n","protected":false},"excerpt":{"rendered":"<p>A\u00a0ilha de Santa Maria situa-se no extremo sudeste do\u00a0arquip\u00e9lago dos A\u00e7ores, de que integra o Grupo Oriental. Tem uma superf\u00edcie de 97,4\u00a0km\u00b2 e uma popula\u00e7\u00e3o residente (gent\u00edlico:marienses) de 5578 habitantes (2001), distribu\u00edda pelas cinco\u00a0freguesias que comp\u00f5em o\u00a0concelho de\u00a0Vila do Porto, o \u00fanico da ilha. Ter\u00e1 sido a primeira ilha dos A\u00e7ores a ser avistada, por [&hellip;]<\/p>\n","protected":false},"author":1,"featured_media":6,"parent":0,"menu_order":2,"comment_status":"open","ping_status":"open","template":"","meta":[],"_links":{"self":[{"href":"http:\/\/santamariaazores.com\/web\/wp-json\/wp\/v2\/pages\/5"}],"collection":[{"href":"http:\/\/santamariaazores.com\/web\/wp-json\/wp\/v2\/pages"}],"about":[{"href":"http:\/\/santamariaazores.com\/web\/wp-json\/wp\/v2\/types\/page"}],"author":[{"embeddable":true,"href":"http:\/\/santamariaazores.com\/web\/wp-json\/wp\/v2\/users\/1"}],"replies":[{"embeddable":true,"href":"http:\/\/santamariaazores.com\/web\/wp-json\/wp\/v2\/comments?post=5"}],"version-history":[{"count":0,"href":"http:\/\/santamariaazores.com\/web\/wp-json\/wp\/v2\/pages\/5\/revisions"}],"wp:featuredmedia":[{"embeddable":true,"href":"http:\/\/santamariaazores.com\/web\/wp-json\/wp\/v2\/media\/6"}],"wp:attachment":[{"href":"http:\/\/santamariaazores.com\/web\/wp-json\/wp\/v2\/media?parent=5"}],"curies":[{"name":"wp","href":"https:\/\/api.w.org\/{rel}","templated":true}]}}